{"id":768634,"date":"2025-08-28T13:27:55","date_gmt":"2025-08-28T10:27:55","guid":{"rendered":"https:\/\/roveyayinevi.com.tr\/index.php\/urun\/cumhuriyetin-yuzuncu-yilinda-gida-sanayisinin-99-yili\/"},"modified":"2026-04-15T03:34:47","modified_gmt":"2026-04-15T00:34:47","slug":"cumhuriyetin-yuzuncu-yilinda-gida-sanayisinin-99-yili","status":"publish","type":"product","link":"https:\/\/roveyayinevi.com.tr\/index.php\/urun\/cumhuriyetin-yuzuncu-yilinda-gida-sanayisinin-99-yili\/","title":{"rendered":"Cumhuriyet\u2019in Y\u00fcz\u00fcnc\u00fc Y\u0131l\u0131nda G\u0131da Sanayisinin 99 Y\u0131l\u0131"},"content":{"rendered":"<p>Necdet Buzba\u015f Cumhuriyet\u2019in Y\u00fcz\u00fcnc\u00fc Y\u0131l\u0131nda G\u0131da Sanayisinin 99 Y\u0131l\u0131 kitab\u0131nda, Cumhuriyet\u2019in Osmanl\u0131\u2019dan devrald\u0131\u011f\u0131 mirastan y\u00fcz\u00fcnc\u00fc y\u0131l\u0131na kadar ge\u00e7en bir as\u0131rl\u0131k d\u00f6neme kadar g\u0131da sanayisinin geli\u015fimini kronolojik s\u0131raya g\u00f6re ele al\u0131yor. Cumhuriyet\u2019in kurulu\u015fundan bug\u00fcne kadar ge\u00e7en 99 y\u0131ll\u0131k s\u00fcre\u00e7te g\u0131da sanayisinin akt\u00f6rlerini ve faaliyetlerini ortaya koymaya, ya\u015fananlar\u0131 neden sonu\u00e7-ili\u015fkileri, etkileri, \u00f6nemleri ba\u011flam\u0131nda sunmaya ve durum de\u011ferlendirmesi yaparak g\u0131da sanayisinin foto\u011fraf\u0131n\u0131 \u00e7ekiyor.T\u00fcrk g\u0131da sanayisindeki b\u00fcy\u00fck resmi ortaya \u00e7\u0131karan bu \u00e7al\u0131\u015fma, ba\u015far\u0131 hik\u00e2yelerini, sekt\u00f6re ad\u0131n\u0131 yazd\u0131ran giri\u015fimcileri, giri\u015fimlerden g\u00fcn\u00fcm\u00fczde de s\u00fcrd\u00fcr\u00fclebilir olanlar\u0131, k\u00fcreselle\u015fme ile artan \u00e7e\u015fitlili\u011fi ve zenginli\u011fi ve salg\u0131n y\u0131llar\u0131nda g\u00f6sterilen performans\u0131 g\u00f6zler \u00f6n\u00fcne sererek g\u0131da sanayisinin vazge\u00e7ilmezli\u011fini vurguluyor. Bu kitap, Cumhuriyet\u2019e \u00e7ok \u015fey bor\u00e7lu olan T\u00fcrk g\u0131da sanayisinin g\u00f6rkemli hik\u00e2yesi\u2026<\/p>\n","protected":false},"excerpt":{"rendered":"<p>Necdet Buzba\u015f Cumhuriyet\u2019in Y\u00fcz\u00fcnc\u00fc Y\u0131l\u0131nda G\u0131da Sanayisinin 99 Y\u0131l\u0131 kitab\u0131nda, Cumhuriyet\u2019in Osmanl\u0131\u2019dan devrald\u0131\u011f\u0131 mirastan y\u00fcz\u00fcnc\u00fc y\u0131l\u0131na kadar ge\u00e7en bir as\u0131rl\u0131k d\u00f6neme kadar g\u0131da sanayisinin geli\u015fimini kronolojik<span class=\"excerpt-hellip\"> [\u2026]<\/span><\/p>\n","protected":false},"featured_media":0,"template":"","meta":{"_monsterinsights_skip_tracking":false,"_monsterinsights_sitenote_active":false,"_monsterinsights_sitenote_note":"","_monsterinsights_sitenote_category":0},"product_brand":[],"product_cat":[12304,13493],"product_tag":[],"class_list":{"0":"post-768634","1":"product","2":"type-product","3":"status-publish","5":"product_cat-tarih","6":"product_cat-turkiye-ve-cumhuriyet-tarihi","7":"pa_cilt-ciltsiz","8":"pa_tur-kitap","9":"pa_yayinevi-the-kitap","10":"pa_yazar-necdet-buzbas","12":"first","13":"instock","14":"sale","15":"shipping-taxable","16":"purchasable","17":"product-type-simple"},"_links":{"self":[{"href":"https:\/\/roveyayinevi.com.tr\/index.php\/wp-json\/wp\/v2\/product\/768634","targetHints":{"allow":["GET"]}}],"collection":[{"href":"https:\/\/roveyayinevi.com.tr\/index.php\/wp-json\/wp\/v2\/product"}],"about":[{"href":"https:\/\/roveyayinevi.com.tr\/index.php\/wp-json\/wp\/v2\/types\/product"}],"wp:attachment":[{"href":"https:\/\/roveyayinevi.com.tr\/index.php\/wp-json\/wp\/v2\/media?parent=768634"}],"wp:term":[{"taxonomy":"product_brand","embeddable":true,"href":"https:\/\/roveyayinevi.com.tr\/index.php\/wp-json\/wp\/v2\/product_brand?post=768634"},{"taxonomy":"product_cat","embeddable":true,"href":"https:\/\/roveyayinevi.com.tr\/index.php\/wp-json\/wp\/v2\/product_cat?post=768634"},{"taxonomy":"product_tag","embeddable":true,"href":"https:\/\/roveyayinevi.com.tr\/index.php\/wp-json\/wp\/v2\/product_tag?post=768634"}],"curies":[{"name":"wp","href":"https:\/\/api.w.org\/{rel}","templated":true}]}}