{"id":768536,"date":"2025-08-28T13:24:15","date_gmt":"2025-08-28T10:24:15","guid":{"rendered":"https:\/\/roveyayinevi.com.tr\/index.php\/urun\/bir-galatasarayli-mimarin-anilari-kavun-unutmadan\/"},"modified":"2026-04-15T03:34:11","modified_gmt":"2026-04-15T00:34:11","slug":"bir-galatasarayli-mimarin-anilari-kavun-unutmadan","status":"publish","type":"product","link":"https:\/\/roveyayinevi.com.tr\/index.php\/urun\/bir-galatasarayli-mimarin-anilari-kavun-unutmadan\/","title":{"rendered":"Bir Galatasarayl\u0131 Mimar\u0131n An\u0131lar\u0131 \u201cKavun Unutmadan\u201d"},"content":{"rendered":"<p>1960\u2019l\u0131 y\u0131llar\u0131n Galatasaray Lisesi\u2019nde tabiri caizse olduk\u00e7a \u201chaylaz\u201d bir \u00f6\u011frencilik d\u00f6nemi ge\u00e7iren Prof. Dr. A. Ayd\u0131n Kunt, kitaba ad\u0131n\u0131 veren lakab\u0131 da lise s\u0131ralar\u0131ndaki arkada\u015flar\u0131na ait: \u201cKavun\u2026\u201d Belki de \u00e7ocuklu\u011funun, \u00e7ok dilli, dinli, renkli bir k\u00fclt\u00fcr\u00fcn harmanland\u0131\u011f\u0131 \u0130stanbul\u2019un mahallelerinde ge\u00e7mesi; ya\u015fama bu kadar mizahi \u00fcslupla yakla\u015fabilmesini ve bu kadar farkl\u0131 noktalardan kesit al\u0131p bakabilmesini sa\u011flad\u0131 Ayd\u0131n Kunt\u2019a.  Ya\u015fad\u0131klar\u0131na dair ald\u0131\u011f\u0131 ilmek ilmek notlar, g\u00fcnce defterleri, onun bir nevi ya\u015fam\u0131na nas\u0131l d\u0131\u015far\u0131dan bak\u0131p, vaziyet plan\u0131n\u0131 \u00e7\u0131kard\u0131\u011f\u0131 bir enstantaneye d\u00f6n\u00fc\u015ft\u00fc\u011f\u00fc konusunda ipu\u00e7lar\u0131 veriyor.   Elinizdeki bu kitap, bir d\u00f6nemin \u0130stanbuluna yarenlik ediyor; insanc\u0131l \u00f6l\u00e7\u00fclerin kullan\u0131ld\u0131\u011f\u0131 mekanlardan, insanlar\u0131n birbirine temas etti\u011fi, esnaf\u0131ndan \u015fof\u00f6r\u00fcne birbirinin diline dinine sahip \u00e7\u0131kt\u0131\u011f\u0131 mahallelerine konuk ediyor. Hem de \u00e7ok uzak bir zaman de\u011fil, bundan yar\u0131m y\u00fczy\u0131l \u00f6ncesinin \u015ei\u015flisine, Kad\u0131k\u00f6y\u00fcne g\u00f6t\u00fcr\u00fcyor bizleri. \u00c7ocuk g\u00f6zleriyle tan\u0131k oldu\u011fu d\u00f6nemden akademide mimarl\u0131k okumaya karar verdi\u011fi d\u00f6neme kadar uzanan bu s\u00fcre\u00e7te, Kunt\u2019un \u00e7ok renkli ki\u015fili\u011fi adeta ya\u015fad\u0131\u011f\u0131 d\u00f6nemle de \u00f6rt\u00fc\u015f\u00fcyor. Mimar olduktan sonra b\u00fcy\u00fcd\u00fc\u011f\u00fc \u0130stanbul ile ku\u015fkusuz \u00e7at\u0131\u015fmalar ya\u015fayan Kunt, mozai\u011fin renkli par\u00e7alar\u0131n\u0131 bu kitapla tamamlam\u0131\u015f. Ama i\u00e7inde hep eksikli\u011fini duydu\u011fu ve belki de s\u0131rt\u0131nda ta\u015f\u0131d\u0131\u011f\u0131 a\u011f\u0131rl\u0131\u011f\u0131 bir nebze de olsa hafifletme iste\u011fiyle\u2026 Bunun i\u00e7in de, \u00e7izerken de yazarken de en yak\u0131n destek\u00e7isi oldu\u011fu kalem ka\u011f\u0131d\u0131yla bulmu\u015f derman\u0131n\u0131\u2026  \u201c(\u2026) Niye yazd\u0131m?\u201d sorusunun da birka\u00e7 yan\u0131t\u0131, bu kitab\u0131 yazmam\u0131n birka\u00e7 gerek\u00e7esi var&#8230; San\u0131r\u0131m ilk ve en \u00f6nemlisi: \u201c\u00d6l\u00fcm korkusu\u201ddur. Bu ya\u015fad\u0131klar\u0131m\u0131 kimselere aktaramadan \u00f6l\u00fcr\u00fcm diye korktum nedense, \u00f6zellikle de k\u0131z\u0131ma&#8230; \u00c7\u00fcnk\u00fc ba\u015fkalar\u0131n\u0131 belki de hi\u00e7 mi hi\u00e7 ilgilendirmeyecek olan bir\u00e7ok \u015fey, k\u0131z\u0131m i\u00e7in bilinmesi gereken \u015feylerdi kan\u0131mca(\u2026)\u201d   Prof. Dr. A. Ayd\u0131n Kunt, 2006 y\u0131l\u0131nda ilk bas\u0131m\u0131 ger\u00e7ekle\u015ftirilen \u201cKavun Unutmadan\u201d adl\u0131 kitab\u0131n\u0131, b\u00fcy\u00fcmesine tan\u0131kl\u0131k edemedi\u011fi k\u0131z\u0131 Ebru Kunt Ak\u0131n\u2019a adam\u0131\u015f.  Bu kez yeni bas\u0131mla \u201cKavun Unutmadan\u201d kitab\u0131 tekrar okuyucular\u0131na ve d\u00f6nemine kendini yeniden hat\u0131rlat\u0131yor. Kitapta ad\u0131 ge\u00e7en bir\u00e7ok ki\u015fi ne yaz\u0131k ki bug\u00fcn aram\u0131zda de\u011fil t\u0131pk\u0131 Bah\u00e7e\u015fehir \u00dcniversitesi\u2019nde mimarl\u0131k b\u00f6l\u00fcm\u00fcnde \u00f6\u011fretim \u00fcyesiyken 2012 y\u0131l\u0131nda kendisinin de aram\u0131zdan ayr\u0131l\u0131\u015f\u0131 gibi\u2026   \u0130\u00e7indekiler; Niye Yazd\u0131m? Ben de Kim?, Hat\u00e7e Sevgi\u2019li Evimiz Gaf Kad\u0131nlar\u0131m U\u00e7urtma &#8211; Okuma Kom\u015fular \u0130lkokul \u00c7i\u015f \u0130\u015fi, Sanat \u0130\u015fi Kad\u0131k\u00f6y Bahariye \u0130lkokulu Kad\u0131k\u00f6y \u00c7ar\u015f\u0131s\u0131 Yine Kad\u0131k\u00f6y Cim Bom Bom \u015ealgam Danny Kaye Beyo\u011flu Bir Et\u00fcd A\u011fbisi Oyunculuk Y\u00f6neticilik Tiyatro Galatasarayl\u0131la\u015ft\u0131rd\u0131klar\u0131m\u0131zdan m\u0131s\u0131n\u0131z? Kad\u0131k\u00f6y&#8230; \u0130lk Gen\u00e7li\u011fim Abanoz Bir Dost Timur Kuzguncuktaki Ev \u00c7ar\u015f\u0131daki Ev S\u0131n\u0131flar S\u0131n\u0131flar 11 Edebiyat Kopya Gen\u00e7lik \u0130ncileri Papaz Onlar Yine Onlar Ali Baba Galatasaray Vokal Grubu Erdek \u00c7alg\u0131c\u0131lar\u0131 Alex Vas\u0131f Efendi Hep Onlar G\u00fczel Sanatlar Akademisi Ya\u015fam Ser\u00fcvenimin Ba\u015f Akt\u00f6r\u00fc Babam Bitirirken Cumhuriyet R\u00f6portaj Se\u00e7ki; yazd\u0131klar\u0131 ve yaz\u0131lanlar&#8230; Alb\u00fcm <\/p>\n","protected":false},"excerpt":{"rendered":"<p>1960\u2019l\u0131 y\u0131llar\u0131n Galatasaray Lisesi\u2019nde tabiri caizse olduk\u00e7a \u201chaylaz\u201d bir \u00f6\u011frencilik d\u00f6nemi ge\u00e7iren Prof. Dr. A. Ayd\u0131n Kunt, kitaba ad\u0131n\u0131 veren lakab\u0131 da lise s\u0131ralar\u0131ndaki arkada\u015flar\u0131na ait:<span class=\"excerpt-hellip\"> [\u2026]<\/span><\/p>\n","protected":false},"featured_media":0,"template":"","meta":{"_monsterinsights_skip_tracking":false,"_monsterinsights_sitenote_active":false,"_monsterinsights_sitenote_note":"","_monsterinsights_sitenote_category":0},"product_brand":[],"product_cat":[13701,12291],"product_tag":[],"class_list":{"0":"post-768536","1":"product","2":"type-product","3":"status-publish","5":"product_cat-ani-mektup-gunluk","6":"product_cat-edebiyat","7":"pa_cilt-ciltsiz","8":"pa_tur-kitap","9":"pa_yayinevi-literatur-yayinevi","10":"pa_yazar-a-aydin-kunt","12":"first","13":"instock","14":"sale","15":"shipping-taxable","16":"purchasable","17":"product-type-simple"},"_links":{"self":[{"href":"https:\/\/roveyayinevi.com.tr\/index.php\/wp-json\/wp\/v2\/product\/768536","targetHints":{"allow":["GET"]}}],"collection":[{"href":"https:\/\/roveyayinevi.com.tr\/index.php\/wp-json\/wp\/v2\/product"}],"about":[{"href":"https:\/\/roveyayinevi.com.tr\/index.php\/wp-json\/wp\/v2\/types\/product"}],"wp:attachment":[{"href":"https:\/\/roveyayinevi.com.tr\/index.php\/wp-json\/wp\/v2\/media?parent=768536"}],"wp:term":[{"taxonomy":"product_brand","embeddable":true,"href":"https:\/\/roveyayinevi.com.tr\/index.php\/wp-json\/wp\/v2\/product_brand?post=768536"},{"taxonomy":"product_cat","embeddable":true,"href":"https:\/\/roveyayinevi.com.tr\/index.php\/wp-json\/wp\/v2\/product_cat?post=768536"},{"taxonomy":"product_tag","embeddable":true,"href":"https:\/\/roveyayinevi.com.tr\/index.php\/wp-json\/wp\/v2\/product_tag?post=768536"}],"curies":[{"name":"wp","href":"https:\/\/api.w.org\/{rel}","templated":true}]}}