{"id":768508,"date":"2025-08-28T13:23:12","date_gmt":"2025-08-28T10:23:12","guid":{"rendered":"https:\/\/roveyayinevi.com.tr\/index.php\/urun\/istemli-olum\/"},"modified":"2026-04-15T03:34:11","modified_gmt":"2026-04-15T00:34:11","slug":"istemli-olum","status":"publish","type":"product","link":"https:\/\/roveyayinevi.com.tr\/index.php\/urun\/istemli-olum\/","title":{"rendered":"\u0130stemli \u00d6l\u00fcm"},"content":{"rendered":"<p>Auschwitz ve Buchenwald toplama kamplar\u0131nda ya\u015fad\u0131\u011f\u0131 fiziksel ve ruhsal ac\u0131lar \u00fczerinden toplumsal riyak\u00e2rl\u0131kla y\u00fczle\u015fen Am\u00e9ry, \u0130stemli \u00d6l\u00fcm&#8217;de bireyin kendi ya\u015fam\u0131 \u00fczerindeki egemenli\u011fini tart\u0131\u015f\u0131yor ve intihara dair tabular\u0131 radikal bir \u015fekilde sorguluyor.Am\u00e9ry, intihar\u0131 bir \u00e7aresizlik eylemi olarak de\u011fil, aksine, insan\u0131n kendi varolu\u015fu \u00fczerindeki sahici egemenli\u011finin nihai ifadesi olarak de\u011ferlendiriyor. Kendi ya\u015fam\u0131n\u0131 sona erdirme karar\u0131n\u0131 \u00f6zg\u00fcrl\u00fc\u011f\u00fcn en saf \u015fekli olarak sunarken, ya\u015fam ile bireyin kendi kaderini belirleme \u00f6zg\u00fcrl\u00fc\u011f\u00fc olan istemli \u00f6l\u00fcm\u00fc mant\u0131ksal a\u00e7\u0131dan kar\u015f\u0131la\u015ft\u0131r\u0131yor.Bu ba\u015f\u0131na buyruk metni varolu\u015f\u00e7u ya da psikanalitik bir temelden de\u011ferlendirmek g\u00fc\u00e7. \u00dcstelik Am\u00e9ry&#8217;nin bu yakla\u015f\u0131mlar\u0131n intihara dair kavramsal analizlerini delik de\u015fik etti\u011fi bir durumda daha da g\u00fc\u00e7. Bu nedenle iki y\u0131l sonra ger\u00e7ekle\u015ftirece\u011fi eylemi belki de \u00e7oktan kafas\u0131na koymu\u015f bir yazar\u0131n sahicili\u011fi olarak okunmas\u0131 gereken \u0130stemli \u00d6l\u00fcm, \u00e7a\u011f\u0131m\u0131z\u0131n bireysel ve toplumsal varolu\u015f krizlerini anlama yolunda, derin bir fark\u0131ndal\u0131k sunan nadir eserlerden biri.<\/p>\n","protected":false},"excerpt":{"rendered":"<p>Auschwitz ve Buchenwald toplama kamplar\u0131nda ya\u015fad\u0131\u011f\u0131 fiziksel ve ruhsal ac\u0131lar \u00fczerinden toplumsal riyak\u00e2rl\u0131kla y\u00fczle\u015fen Am\u00e9ry, \u0130stemli \u00d6l\u00fcm&#8217;de bireyin kendi ya\u015fam\u0131 \u00fczerindeki egemenli\u011fini tart\u0131\u015f\u0131yor ve intihara dair<span class=\"excerpt-hellip\"> [\u2026]<\/span><\/p>\n","protected":false},"featured_media":0,"template":"","meta":{"_monsterinsights_skip_tracking":false,"_monsterinsights_sitenote_active":false,"_monsterinsights_sitenote_note":"","_monsterinsights_sitenote_category":0},"product_brand":[],"product_cat":[16038,12388],"product_tag":[],"class_list":{"0":"post-768508","1":"product","2":"type-product","3":"status-publish","5":"product_cat-arastirma-inceleme-referans-felsefe","6":"product_cat-felsefe","7":"pa_cilt-ciltsiz","8":"pa_tur-kitap","9":"pa_yayinevi-sel-yayincilik","10":"pa_yazar-jean-amery","12":"first","13":"instock","14":"sale","15":"shipping-taxable","16":"purchasable","17":"product-type-simple"},"_links":{"self":[{"href":"https:\/\/roveyayinevi.com.tr\/index.php\/wp-json\/wp\/v2\/product\/768508","targetHints":{"allow":["GET"]}}],"collection":[{"href":"https:\/\/roveyayinevi.com.tr\/index.php\/wp-json\/wp\/v2\/product"}],"about":[{"href":"https:\/\/roveyayinevi.com.tr\/index.php\/wp-json\/wp\/v2\/types\/product"}],"wp:attachment":[{"href":"https:\/\/roveyayinevi.com.tr\/index.php\/wp-json\/wp\/v2\/media?parent=768508"}],"wp:term":[{"taxonomy":"product_brand","embeddable":true,"href":"https:\/\/roveyayinevi.com.tr\/index.php\/wp-json\/wp\/v2\/product_brand?post=768508"},{"taxonomy":"product_cat","embeddable":true,"href":"https:\/\/roveyayinevi.com.tr\/index.php\/wp-json\/wp\/v2\/product_cat?post=768508"},{"taxonomy":"product_tag","embeddable":true,"href":"https:\/\/roveyayinevi.com.tr\/index.php\/wp-json\/wp\/v2\/product_tag?post=768508"}],"curies":[{"name":"wp","href":"https:\/\/api.w.org\/{rel}","templated":true}]}}