{"id":768425,"date":"2025-08-28T13:20:09","date_gmt":"2025-08-28T10:20:09","guid":{"rendered":"https:\/\/roveyayinevi.com.tr\/index.php\/urun\/toplumsal-hareketlerin-dijital-cercevesi-sivil-toplum-ve-sosyal-medya\/"},"modified":"2026-04-15T03:34:08","modified_gmt":"2026-04-15T00:34:08","slug":"toplumsal-hareketlerin-dijital-cercevesi-sivil-toplum-ve-sosyal-medya","status":"publish","type":"product","link":"https:\/\/roveyayinevi.com.tr\/index.php\/urun\/toplumsal-hareketlerin-dijital-cercevesi-sivil-toplum-ve-sosyal-medya\/","title":{"rendered":"Toplumsal Hareketlerin Dijital \u00c7er\u00e7evesi: Sivil Toplum ve Sosyal Medya"},"content":{"rendered":"<p>Toplumsal hareketler, sosyal ger\u00e7eklik i\u00e7inde, ya de\u011fi\u015fimi sa\u011flamak ya da de\u011fi\u015fime direnmeye y\u00f6nelik kolektif eylemlerdir. Toplumsal de\u011fi\u015fimin d\u0131\u015fa vurumu olan tepkilerin ve ho\u015fnutsuzluklar\u0131n \u00fcr\u00fcn\u00fc olarak toplumsal hareketler, bireylerin sosyal ger\u00e7ekli\u011fe y\u00f6nelik talep ve beklentilerinin ifade yollar\u0131ndan biridir. Toplumun baz\u0131 y\u00f6nlerini de\u011fi\u015ftirmek, bilin\u00e7li, uyumlu ve s\u00fcrekli \u00e7abayla m\u00fcmk\u00fcnd\u00fcr. \u00d6rg\u00fctlenme ve kolektif davran\u0131\u015f eski toplumsal hareketlerle ayn\u0131 olsa da, yeni toplumsal hareketlerde ki\u015filerin \u00f6rg\u00fctlenebilece\u011fi ortamlar reelden sanala ge\u00e7mi\u015f, sosyal medya sokaktan \u00f6nce en \u00f6nemli toplanma alan\u0131na d\u00f6n\u00fc\u015fm\u00fc\u015ft\u00fcr. Toplumsal hareketleri anlayabilmek, hareketin tan\u0131mlanma bi\u00e7imini, olaya y\u00fcklenen anlamlar\u0131, \u00fcretilen \u00e7\u00f6z\u00fcmleri ve hareketi y\u00f6nlendiren motivasyonlar\u0131 \u00e7\u00f6z\u00fcmlemekle m\u00fcmk\u00fcnd\u00fcr. \u00c7\u00fcnk\u00fc bir olay\u0131n ya da konunun sunulma bi\u00e7imi, al\u0131mlanma bi\u00e7imini de etkilemektedir. Bu ama\u00e7la, \u00e7al\u0131\u015fmada s\u00f6ylem analizi kullan\u0131larak s\u00f6ylemi olu\u015fturan a\u00e7\u0131k ve \u00f6rt\u00fck anlamlar ele al\u0131nm\u0131\u015ft\u0131r. Anlamland\u0131rma s\u00fcrecinde ise \u00e7er\u00e7eveleme ile sosyal medya metinlerinde, konunun yap\u0131land\u0131r\u0131lma bi\u00e7imini, s\u00f6ylemin yap\u0131s\u0131n\u0131, anlam\u0131n kurgulan\u0131\u015f\u0131n\u0131 ve s\u00f6ylemi olu\u015fturan ortak anlamlar a\u00e7\u0131\u011fa \u00e7\u0131kar\u0131lm\u0131\u015ft\u0131r. Bu noktadan hareketle \u00e7al\u0131\u015fma, Snow ve Benford\u2018un kolektif eylemi analiz etmek ve anlamak i\u00e7in tan\u0131mlad\u0131\u011f\u0131 \u00fc\u00e7 temel \u00e7er\u00e7eve olan; \u201cTe\u015fhis, Tedavi ve Motivasyonel\u201d s\u00f6ylem \u00e7er\u00e7eveleri etraf\u0131nda, toplumsal hareketlerin sosyal medya s\u00f6ylemlerinde nas\u0131l \u00e7er\u00e7evelendi\u011fini tespit etme amac\u0131n\u0131 ta\u015f\u0131maktad\u0131r. Bu kitap, be\u015f y\u0131ll\u0131k eme\u011fin, bilgi birikiminin ve ara\u015ft\u0131rman\u0131n sonucunda yaz\u0131lan \u201cToplumsal hareketlerin sosyal medyada \u00e7er\u00e7evelenmesi: \u00c7evre odakl\u0131 STK&#8217;lara ili\u015fkin bir s\u00f6ylem \u00e7er\u00e7evesi analizi\u201d adl\u0131 doktora tez \u00e7al\u0131\u015fmas\u0131ndan \u00fcretilmi\u015ftir. G\u00fcn\u00fcm\u00fcz dijital toplumlar\u0131nda, toplumsal hareketleri anlayabilmek ve anlamland\u0131rabilmek isteyen herkese keyifli okumalar dilerim.<\/p>\n","protected":false},"excerpt":{"rendered":"<p>Toplumsal hareketler, sosyal ger\u00e7eklik i\u00e7inde, ya de\u011fi\u015fimi sa\u011flamak ya da de\u011fi\u015fime direnmeye y\u00f6nelik kolektif eylemlerdir. Toplumsal de\u011fi\u015fimin d\u0131\u015fa vurumu olan tepkilerin ve ho\u015fnutsuzluklar\u0131n \u00fcr\u00fcn\u00fc olarak toplumsal<span class=\"excerpt-hellip\"> [\u2026]<\/span><\/p>\n","protected":false},"featured_media":0,"template":"","meta":{"_monsterinsights_skip_tracking":false,"_monsterinsights_sitenote_active":false,"_monsterinsights_sitenote_note":"","_monsterinsights_sitenote_category":0},"product_brand":[],"product_cat":[13278,12324],"product_tag":[],"class_list":{"0":"post-768425","1":"product","2":"type-product","3":"status-publish","5":"product_cat-sivil-toplum-kuruluslari","6":"product_cat-sosyoloji","7":"pa_cilt-ciltsiz","8":"pa_tur-kitap","9":"pa_yayinevi-platanus-publishing","10":"pa_yazar-habibe-akcay-bekiroglu","12":"first","13":"instock","14":"sale","15":"shipping-taxable","16":"purchasable","17":"product-type-simple"},"_links":{"self":[{"href":"https:\/\/roveyayinevi.com.tr\/index.php\/wp-json\/wp\/v2\/product\/768425","targetHints":{"allow":["GET"]}}],"collection":[{"href":"https:\/\/roveyayinevi.com.tr\/index.php\/wp-json\/wp\/v2\/product"}],"about":[{"href":"https:\/\/roveyayinevi.com.tr\/index.php\/wp-json\/wp\/v2\/types\/product"}],"wp:attachment":[{"href":"https:\/\/roveyayinevi.com.tr\/index.php\/wp-json\/wp\/v2\/media?parent=768425"}],"wp:term":[{"taxonomy":"product_brand","embeddable":true,"href":"https:\/\/roveyayinevi.com.tr\/index.php\/wp-json\/wp\/v2\/product_brand?post=768425"},{"taxonomy":"product_cat","embeddable":true,"href":"https:\/\/roveyayinevi.com.tr\/index.php\/wp-json\/wp\/v2\/product_cat?post=768425"},{"taxonomy":"product_tag","embeddable":true,"href":"https:\/\/roveyayinevi.com.tr\/index.php\/wp-json\/wp\/v2\/product_tag?post=768425"}],"curies":[{"name":"wp","href":"https:\/\/api.w.org\/{rel}","templated":true}]}}