{"id":768304,"date":"2025-08-28T13:16:12","date_gmt":"2025-08-28T10:16:12","guid":{"rendered":"https:\/\/roveyayinevi.com.tr\/index.php\/urun\/bir-devrim-yolcusu\/"},"modified":"2026-04-15T03:34:05","modified_gmt":"2026-04-15T00:34:05","slug":"bir-devrim-yolcusu","status":"publish","type":"product","link":"https:\/\/roveyayinevi.com.tr\/index.php\/urun\/bir-devrim-yolcusu\/","title":{"rendered":"Bir Devrim Yolcusu"},"content":{"rendered":"<p>68 ku\u015fa\u011f\u0131n\u0131n, Kemalizmin rahminden \u00e7\u0131karak sosyalizme y\u00f6nelmesi ve \u201ceski t\u00fcfeklerin\u201d rol\u00fc\u2026 T\u0130P\u2019ten THKP-C\u2019ye, oradan Devrimci Yol hareketine do\u011fru ilerleyen m\u00fccadele deneyimleri\u2026 T\u00d6S\u2019den T\u00d6B-DER\u2019e \u00f6\u011fretmen hareketinin d\u00f6n\u00fc\u015f\u00fcm\u00fc ve Devrimci \u00d6\u011fretmen \u00f6rg\u00fctlenmesi\u2026 12 Mart sonras\u0131 yeni \u00f6rg\u00fctler, ideolojik farkl\u0131l\u0131klar, \u00f6rg\u00fctsel in\u015falar\u2026 Dersim, Elaz\u0131\u011f, Malatya co\u011frafyas\u0131nda Devrimci Yol \u00f6rg\u00fctlenmesi\u2026 12 Eyl\u00fcl darbesi, i\u015fkenceler, direni\u015fler ve mahpusluk g\u00fcnleri\u2026 Avrupa\u2019da yeni bir ya\u015fam, m\u00fclteci kamplar\u0131, ideolojik m\u00fccadele, fikir ayr\u0131l\u0131klar\u0131 ve Devrimci \u0130\u015f\u00e7i\u2026 Tarihe bakmak, \u00e7o\u011fulculuk, yasal parti, memleketi ve d\u00fcnyay\u0131 anlama, de\u011fi\u015ftirme \u00e7abalar\u0131\u2026 1960\u2019l\u0131 y\u0131llar\u0131n son yar\u0131s\u0131nda, hen\u00fcz yirmi ya\u015f\u0131n alt\u0131ndayken ba\u015flayan elli y\u0131ld\u0131r siyasal m\u00fccadeleyle ge\u00e7mi\u015f bir ya\u015fam\u0131n u\u011fraklar\u0131\u2026 Elinizdeki kitap Mehmet Biter\u2019in m\u00fccadele ve ya\u015fam deneyiminden yola \u00e7\u0131karak T\u00fcrkiye tarihinin ve \u00f6zel olarak da T\u00fcrkiye solunun tarihinin bir d\u00f6nemine \u0131\u015f\u0131k tutuyor. <\/p>\n","protected":false},"excerpt":{"rendered":"<p>68 ku\u015fa\u011f\u0131n\u0131n, Kemalizmin rahminden \u00e7\u0131karak sosyalizme y\u00f6nelmesi ve \u201ceski t\u00fcfeklerin\u201d rol\u00fc\u2026 T\u0130P\u2019ten THKP-C\u2019ye, oradan Devrimci Yol hareketine do\u011fru ilerleyen m\u00fccadele deneyimleri\u2026 T\u00d6S\u2019den T\u00d6B-DER\u2019e \u00f6\u011fretmen hareketinin d\u00f6n\u00fc\u015f\u00fcm\u00fc<span class=\"excerpt-hellip\"> [\u2026]<\/span><\/p>\n","protected":false},"featured_media":0,"template":"","meta":{"_monsterinsights_skip_tracking":false,"_monsterinsights_sitenote_active":false,"_monsterinsights_sitenote_note":"","_monsterinsights_sitenote_category":0},"product_brand":[],"product_cat":[12337,16547],"product_tag":[],"class_list":{"0":"post-768304","1":"product","2":"type-product","3":"status-publish","5":"product_cat-politika-siyaset","6":"product_cat-sol-hareketler","7":"pa_cilt-ciltsiz","8":"pa_tur-kitap","9":"pa_yayinevi-dipnot-yayinlari","10":"pa_yazar-mehmet-biter","12":"first","13":"instock","14":"sale","15":"shipping-taxable","16":"purchasable","17":"product-type-simple"},"_links":{"self":[{"href":"https:\/\/roveyayinevi.com.tr\/index.php\/wp-json\/wp\/v2\/product\/768304","targetHints":{"allow":["GET"]}}],"collection":[{"href":"https:\/\/roveyayinevi.com.tr\/index.php\/wp-json\/wp\/v2\/product"}],"about":[{"href":"https:\/\/roveyayinevi.com.tr\/index.php\/wp-json\/wp\/v2\/types\/product"}],"wp:attachment":[{"href":"https:\/\/roveyayinevi.com.tr\/index.php\/wp-json\/wp\/v2\/media?parent=768304"}],"wp:term":[{"taxonomy":"product_brand","embeddable":true,"href":"https:\/\/roveyayinevi.com.tr\/index.php\/wp-json\/wp\/v2\/product_brand?post=768304"},{"taxonomy":"product_cat","embeddable":true,"href":"https:\/\/roveyayinevi.com.tr\/index.php\/wp-json\/wp\/v2\/product_cat?post=768304"},{"taxonomy":"product_tag","embeddable":true,"href":"https:\/\/roveyayinevi.com.tr\/index.php\/wp-json\/wp\/v2\/product_tag?post=768304"}],"curies":[{"name":"wp","href":"https:\/\/api.w.org\/{rel}","templated":true}]}}