{"id":768172,"date":"2025-08-28T13:11:36","date_gmt":"2025-08-28T10:11:36","guid":{"rendered":"https:\/\/roveyayinevi.com.tr\/index.php\/urun\/aceleci-zurafa-ile-kavram-etkinlikleri\/"},"modified":"2026-04-15T03:34:02","modified_gmt":"2026-04-15T00:34:02","slug":"aceleci-zurafa-ile-kavram-etkinlikleri","status":"publish","type":"product","link":"https:\/\/roveyayinevi.com.tr\/index.php\/urun\/aceleci-zurafa-ile-kavram-etkinlikleri\/","title":{"rendered":"Aceleci Z\u00fcrafa \u0130le Kavram Etkinlikleri"},"content":{"rendered":"<p>misin? Aceleci Z\u00fcrafa ile Kavram Etkinlikleri; okul \u00f6ncesi \u00e7ocuklar\u0131n nesne ve olaylar\u0131 anlama ve yorumlama becerisini geli\u015ftirmek i\u00e7in haz\u0131rland\u0131. MEB Okul \u00d6ncesi Program\u0131\u2019nda yer alan kavramlar \u00e7ocuklara e\u015fle\u015ftirme, ili\u015fkilendirme, gruplama, s\u0131n\u0131fland\u0131rma gibi \u00e7e\u015fitli etkinlik t\u00fcrleri i\u00e7erisinde sunuldu. \u00c7ocuklar\u0131n bili\u015fsel geli\u015fimini, ifade g\u00fcc\u00fcn\u00fc ve dil geli\u015fimini desteklemek i\u00e7in haz\u0131rlanan bu kitapla \u00f6\u011frenmek \u00e7ok e\u011flenceli! <\/p>\n","protected":false},"excerpt":{"rendered":"<p>misin? Aceleci Z\u00fcrafa ile Kavram Etkinlikleri; okul \u00f6ncesi \u00e7ocuklar\u0131n nesne ve olaylar\u0131 anlama ve yorumlama becerisini geli\u015ftirmek i\u00e7in haz\u0131rland\u0131. MEB Okul \u00d6ncesi Program\u0131\u2019nda yer alan kavramlar<span class=\"excerpt-hellip\"> [\u2026]<\/span><\/p>\n","protected":false},"featured_media":0,"template":"","meta":{"_monsterinsights_skip_tracking":false,"_monsterinsights_sitenote_active":false,"_monsterinsights_sitenote_note":"","_monsterinsights_sitenote_category":0},"product_brand":[],"product_cat":[12274,15842],"product_tag":[],"class_list":{"0":"post-768172","1":"product","2":"type-product","3":"status-publish","5":"product_cat-cocuk-ve-genclik-kitaplari","6":"product_cat-egitici-kitaplar","7":"pa_cilt-ciltsiz","8":"pa_tur-kitap","9":"pa_yayinevi-is-bankasi-kultur-yayinlari","10":"pa_yazar-bahar-karaca","12":"first","13":"instock","14":"sale","15":"shipping-taxable","16":"purchasable","17":"product-type-simple"},"_links":{"self":[{"href":"https:\/\/roveyayinevi.com.tr\/index.php\/wp-json\/wp\/v2\/product\/768172","targetHints":{"allow":["GET"]}}],"collection":[{"href":"https:\/\/roveyayinevi.com.tr\/index.php\/wp-json\/wp\/v2\/product"}],"about":[{"href":"https:\/\/roveyayinevi.com.tr\/index.php\/wp-json\/wp\/v2\/types\/product"}],"wp:attachment":[{"href":"https:\/\/roveyayinevi.com.tr\/index.php\/wp-json\/wp\/v2\/media?parent=768172"}],"wp:term":[{"taxonomy":"product_brand","embeddable":true,"href":"https:\/\/roveyayinevi.com.tr\/index.php\/wp-json\/wp\/v2\/product_brand?post=768172"},{"taxonomy":"product_cat","embeddable":true,"href":"https:\/\/roveyayinevi.com.tr\/index.php\/wp-json\/wp\/v2\/product_cat?post=768172"},{"taxonomy":"product_tag","embeddable":true,"href":"https:\/\/roveyayinevi.com.tr\/index.php\/wp-json\/wp\/v2\/product_tag?post=768172"}],"curies":[{"name":"wp","href":"https:\/\/api.w.org\/{rel}","templated":true}]}}