{"id":767961,"date":"2025-08-28T13:04:55","date_gmt":"2025-08-28T10:04:55","guid":{"rendered":"https:\/\/roveyayinevi.com.tr\/index.php\/urun\/31-mart-vakasi\/"},"modified":"2026-04-15T03:33:57","modified_gmt":"2026-04-15T00:33:57","slug":"31-mart-vakasi","status":"publish","type":"product","link":"https:\/\/roveyayinevi.com.tr\/index.php\/urun\/31-mart-vakasi\/","title":{"rendered":"31 Mart Vakas\u0131"},"content":{"rendered":"<p>31 Mart Vakas\u0131: Osmanl\u0131 Siyasi Hayat\u0131n\u0131n K\u0131r\u0131lma Noktas\u0131 Osmanl\u0131 tarihinin en karma\u015f\u0131k olaylar\u0131ndan biri olan 31 Mart Vakas\u0131\u2019n\u0131 t\u00fcm y\u00f6nleriyle okumaya haz\u0131r m\u0131s\u0131n\u0131z? Tarih\u00e7i Ender Korkmaz; ar\u015fivlerin tozlu raflar\u0131ndan \u00e7\u0131kan belgeler, d\u00f6nemin bas\u0131n\u0131 ve az bilinen tan\u0131kl\u0131klarla bu kritik s\u00fcreci yeniden ele al\u0131yor.   Enver Bey, Mustafa Kemal Bey, Mahmut \u015eevket Pa\u015fa ve d\u00f6nemin di\u011fer \u00f6nemli isimleri, bir imparatorlu\u011fun kaderini belirleyen bu olayda nas\u0131l bir rol oynad\u0131? Hareket Ordusu nas\u0131l kuruldu ve vakay\u0131 bast\u0131rmada hangi stratejiler izlendi? \u0130ttihat ve Terakki Cemiyeti, Ahrar F\u0131rkas\u0131 ve Sultan II. Abd\u00fclhamid aras\u0131ndaki dengeler, bu b\u00fcy\u00fck krizi nas\u0131l \u015fekillendirdi? 31 Mart Vakas\u0131 bir irtica hareketi miydi, yoksa \u00e7ok daha karma\u015f\u0131k siyasi ve sosyal dinamiklerin bir sonucu mu? \u0130ngilizlerin m\u00fcdahalesi ger\u00e7ek miydi, yoksa spek\u00fclasyon mu? Dervi\u015f Vahdeti ve Prens Sabahaddin gibi isimler bu olay\u0131n neresindeydi? Mustafa Kemal\u2019in Hareket Ordusundaki pozisyonu hakk\u0131nda bildiklerimiz ne kadar do\u011fru?   Ender Korkmaz, ideolojik \u00f6nyarg\u0131lardan ve komplo teorilerinden uzak, belgelere dayal\u0131 objektif bir yakla\u015f\u0131mla Osmanl\u0131 tarihinin bu kritik d\u00f6nemecini inceliyor. \u201c31 Mart Vakas\u0131: Belgeler ve Tan\u0131kl\u0131klarla\u201d, yaln\u0131zca bir tarih kitab\u0131 de\u011fil, ayn\u0131 zamanda II. Me\u015frutiyet d\u00f6neminin siyasi \u00e7at\u0131\u015fmalar\u0131n\u0131 ve toplumsal dinamiklerini anlamak i\u00e7in vazge\u00e7ilmez bir rehber. <\/p>\n","protected":false},"excerpt":{"rendered":"<p>31 Mart Vakas\u0131: Osmanl\u0131 Siyasi Hayat\u0131n\u0131n K\u0131r\u0131lma Noktas\u0131 Osmanl\u0131 tarihinin en karma\u015f\u0131k olaylar\u0131ndan biri olan 31 Mart Vakas\u0131\u2019n\u0131 t\u00fcm y\u00f6nleriyle okumaya haz\u0131r m\u0131s\u0131n\u0131z? Tarih\u00e7i Ender Korkmaz;<span class=\"excerpt-hellip\"> [\u2026]<\/span><\/p>\n","protected":false},"featured_media":0,"template":"","meta":{"_monsterinsights_skip_tracking":false,"_monsterinsights_sitenote_active":false,"_monsterinsights_sitenote_note":"","_monsterinsights_sitenote_category":0},"product_brand":[],"product_cat":[12304,13650],"product_tag":[],"class_list":{"0":"post-767961","1":"product","2":"type-product","3":"status-publish","5":"product_cat-tarih","6":"product_cat-turk-tarihi-arastirmalari","7":"pa_cilt-ciltsiz","8":"pa_tur-kitap","9":"pa_yayinevi-kronik-kitap","10":"pa_yazar-ender-korkmaz","12":"first","13":"instock","14":"sale","15":"shipping-taxable","16":"purchasable","17":"product-type-simple"},"_links":{"self":[{"href":"https:\/\/roveyayinevi.com.tr\/index.php\/wp-json\/wp\/v2\/product\/767961","targetHints":{"allow":["GET"]}}],"collection":[{"href":"https:\/\/roveyayinevi.com.tr\/index.php\/wp-json\/wp\/v2\/product"}],"about":[{"href":"https:\/\/roveyayinevi.com.tr\/index.php\/wp-json\/wp\/v2\/types\/product"}],"wp:attachment":[{"href":"https:\/\/roveyayinevi.com.tr\/index.php\/wp-json\/wp\/v2\/media?parent=767961"}],"wp:term":[{"taxonomy":"product_brand","embeddable":true,"href":"https:\/\/roveyayinevi.com.tr\/index.php\/wp-json\/wp\/v2\/product_brand?post=767961"},{"taxonomy":"product_cat","embeddable":true,"href":"https:\/\/roveyayinevi.com.tr\/index.php\/wp-json\/wp\/v2\/product_cat?post=767961"},{"taxonomy":"product_tag","embeddable":true,"href":"https:\/\/roveyayinevi.com.tr\/index.php\/wp-json\/wp\/v2\/product_tag?post=767961"}],"curies":[{"name":"wp","href":"https:\/\/api.w.org\/{rel}","templated":true}]}}