{"id":767933,"date":"2025-08-28T13:04:07","date_gmt":"2025-08-28T10:04:07","guid":{"rendered":"https:\/\/roveyayinevi.com.tr\/index.php\/urun\/istanbulun-catalca-ilcesi-uzerine-halkbilimsel-bir-arastirma\/"},"modified":"2026-04-15T03:33:36","modified_gmt":"2026-04-15T00:33:36","slug":"istanbulun-catalca-ilcesi-uzerine-halkbilimsel-bir-arastirma","status":"publish","type":"product","link":"https:\/\/roveyayinevi.com.tr\/index.php\/urun\/istanbulun-catalca-ilcesi-uzerine-halkbilimsel-bir-arastirma\/","title":{"rendered":"\u0130stanbul\u2019un \u00c7atalca \u0130l\u00e7esi \u00dczerine Halkbilimsel Bir Ara\u015ft\u0131rma"},"content":{"rendered":"<p>\u00c7atalca, \u0130stanbul\u2019un bat\u0131s\u0131nda yer alan, hem tarih\u00ee hem de tabii g\u00fczellikleriyle dikkat \u00e7eken bir il\u00e7edir. Soyluluk \u00e7i\u00e7e\u011fi erguvanla \u00f6zde\u015fle\u015fmi\u015f bir habitatt\u0131r. Renkler hen\u00fcz o kadar da end\u00fcstrile\u015fmemi\u015fken \u00c7atalca rengini erguvandan alm\u0131\u015ft\u0131r. \u0130l\u00e7ede bu t\u0131ls\u0131ml\u0131 rengin bask\u0131nl\u0131\u011f\u0131na \u015fahit olmamak nam\u00fcmk\u00fcnd\u00fcr. Bir\u00e7ok eski medeniyetlerin izlerini ta\u015f\u0131yan \u00c7atalca kadim \u0130nce\u011fiz Ma\u011faralar\u0131na ev sahipli\u011fi yapar. Hem Marmara Denizi\u2019ne hem de Karadeniz\u2019e yak\u0131nl\u0131\u011f\u0131yla stratejik \u00f6neme sahip olan il\u00e7e, sava\u015flar\u0131n ve yolcular\u0131n ge\u00e7i\u015f g\u00fczerg\u00e2h\u0131 oldu\u011fu kadar k\u00fclt\u00fcr festivallerinin, sanat\u0131n ve do\u011fal g\u00fczelliklerin de be\u015fi\u011fidir. Belki de bundand\u0131r ki ba\u011fr\u0131ndan \u00f6nemli dervi\u015fler, m\u00fczisyenler, \u015fairler ve yazarlar \u00e7\u0131kagelmi\u015ftir. Topraklar\u0131 ne kadar bereketli, efsaneleri, sanat\u0131 ve tarihi ne denli ahenkliyse, insanlar\u0131 da o derece misafirperver, nazik ve yard\u0131mseverdir. \u00c7atalca\u2019n\u0131n tarih\u00ee zenginlikleri, Bizans ve Osmanl\u0131 d\u00f6nemi kal\u0131nt\u0131lar\u0131yla ta\u00e7lan\u0131rken, \u00c7atalca\u2019n\u0131n k\u00f6yleri ve mahalleleri geleneksel halk k\u00fclt\u00fcr\u00fc ve do\u011fal g\u00fczellikleriyle \u00f6ne \u00e7\u0131kar. \u0130l\u00e7ede yer alan tarih\u00ee camiler, \u00e7e\u015fmeler, k\u00f6pr\u00fcler ve konaklar ge\u00e7mi\u015fin izlerini g\u00fcn\u00fcm\u00fcze ta\u015f\u0131r. Bu kitap, \u00c7atalca\u2019y\u0131 farkl\u0131 y\u00f6nleriyle ele al\u0131p ara\u015ft\u0131rmac\u0131lar\u0131 ve her perspektiften okuru bilgilendirmeyi ama\u00e7lamaktad\u0131r. \u00c7atalca\u2019n\u0131n tarihini, k\u00fclt\u00fcr\u00fcn\u00fc, do\u011fal zenginliklerini ve b\u00f6lgedeki ya\u015fam\u0131 derinlemesine inceleyerek hem T\u00fcrk k\u00fclt\u00fcr\u00fcne hem de g\u00fczel \u0130stanbul\u2019a ilgi duyanlar i\u00e7in keyifli bir okuma vaat ediyor. \u00c7atalca\u2019n\u0131n halk k\u00fclt\u00fcr\u00fcyle yo\u011frulmu\u015f sakl\u0131 mek\u00e2nlar\u0131ndan, antik yerle\u015fim yerlerine kadar her bir ayr\u0131nt\u0131y\u0131 ke\u015ffetmek isteyenler i\u00e7in bu eser, bir yol arkada\u015f\u0131 niteli\u011fi ta\u015f\u0131yor. <\/p>\n","protected":false},"excerpt":{"rendered":"<p>\u00c7atalca, \u0130stanbul\u2019un bat\u0131s\u0131nda yer alan, hem tarih\u00ee hem de tabii g\u00fczellikleriyle dikkat \u00e7eken bir il\u00e7edir. Soyluluk \u00e7i\u00e7e\u011fi erguvanla \u00f6zde\u015fle\u015fmi\u015f bir habitatt\u0131r. Renkler hen\u00fcz o kadar da<span class=\"excerpt-hellip\"> [\u2026]<\/span><\/p>\n","protected":false},"featured_media":0,"template":"","meta":{"_monsterinsights_skip_tracking":false,"_monsterinsights_sitenote_active":false,"_monsterinsights_sitenote_note":"","_monsterinsights_sitenote_category":0},"product_brand":[],"product_cat":[13043,14381],"product_tag":[],"class_list":{"0":"post-767933","1":"product","2":"type-product","3":"status-publish","5":"product_cat-ekonomi","6":"product_cat-isletme-muhasebe-maliye","7":"pa_cilt-ciltsiz","8":"pa_tur-kitap","9":"pa_yayinevi-astana-yayinlari","10":"pa_yazar-serdar-gurcay","12":"first","13":"instock","14":"sale","15":"shipping-taxable","16":"purchasable","17":"product-type-simple"},"_links":{"self":[{"href":"https:\/\/roveyayinevi.com.tr\/index.php\/wp-json\/wp\/v2\/product\/767933","targetHints":{"allow":["GET"]}}],"collection":[{"href":"https:\/\/roveyayinevi.com.tr\/index.php\/wp-json\/wp\/v2\/product"}],"about":[{"href":"https:\/\/roveyayinevi.com.tr\/index.php\/wp-json\/wp\/v2\/types\/product"}],"wp:attachment":[{"href":"https:\/\/roveyayinevi.com.tr\/index.php\/wp-json\/wp\/v2\/media?parent=767933"}],"wp:term":[{"taxonomy":"product_brand","embeddable":true,"href":"https:\/\/roveyayinevi.com.tr\/index.php\/wp-json\/wp\/v2\/product_brand?post=767933"},{"taxonomy":"product_cat","embeddable":true,"href":"https:\/\/roveyayinevi.com.tr\/index.php\/wp-json\/wp\/v2\/product_cat?post=767933"},{"taxonomy":"product_tag","embeddable":true,"href":"https:\/\/roveyayinevi.com.tr\/index.php\/wp-json\/wp\/v2\/product_tag?post=767933"}],"curies":[{"name":"wp","href":"https:\/\/api.w.org\/{rel}","templated":true}]}}