{"id":767912,"date":"2025-08-28T13:03:26","date_gmt":"2025-08-28T10:03:26","guid":{"rendered":"https:\/\/roveyayinevi.com.tr\/index.php\/urun\/ittihatcilarin-kara-kutusu\/"},"modified":"2026-04-15T03:33:35","modified_gmt":"2026-04-15T00:33:35","slug":"ittihatcilarin-kara-kutusu","status":"publish","type":"product","link":"https:\/\/roveyayinevi.com.tr\/index.php\/urun\/ittihatcilarin-kara-kutusu\/","title":{"rendered":"\u0130ttihat\u00e7\u0131lar\u0131n Kara Kutusu"},"content":{"rendered":"<p>\u201cBen Resne\u2019de iken Bulgar komitelerinin dev\u00e2m-\u0131 n\u00fcfuzuna, te\u2019sir-i h\u00fckm\u00fcne imk\u00e2n olamaz idi. Resne ve Presbe Kumandanl\u0131\u011f\u0131nda iken h\u00fck\u00fbmet-i m\u00fcstebidenin kuvveti olmaktan ziyade cemiyetin eli olmu\u015ftum. Bir taraftan ayn\u0131 suretle Ohri\u2019ye getirilen ve ayn\u0131 emeli takip eden Ohri Redif Taburu Kola\u011fas\u0131 Ey\u00fcp Efendi karde\u015fim, fele\u011fin ayn\u0131 m\u00fcsaadelerine mazhar oldu\u011fu i\u00e7in, Ohri cemiyetin en mutemed bir merkezi h\u00fckm\u00fcnde idi.\u201dResneli Ahmed Niyazi Bey\u201cBu s\u0131rada, yani \u00fc\u00e7 y\u00fcz yirmi \u00fc\u00e7 senesi Eyl\u00fcl\u2019\u00fcne do\u011fru Ohri Redif Taburu Kumandanl\u0131\u011f\u0131na tayin olunan Kola\u011fas\u0131 Ey\u00fcp Sabri Efendi\u2019nin v\u00fcs\u00fbl\u00fc cemiyetin tevess\u00fc\u00fcne fevkal\u00e2de yard\u0131m etti. Zaten Ohrili bu z\u00e2t derh\u00e2l idare hey\u2019eti aras\u0131na idh\u00e2l edilerek cemiyetin tevess\u00fc\u00fcne \u00e7al\u0131\u015ft\u0131. Zek\u00e2veti ve gayreti sayesinde hakikaten muvaffak oluyordu.\u201dEnver Pa\u015fa \u201cEy\u00fcp Sabri benim karde\u015fimdir.\u201dTal\u00e2t Pa\u015fa\u201cBaz\u0131 isimler vard\u0131r, sahiplerinin hal, tav\u0131r ve ahlak\u0131na uygun d\u00fc\u015fm\u00fc\u015ft\u00fcr. Ey\u00fcp Sabri hakikaten sabr\u0131n ve tahamm\u00fcl\u00fcn bir timsali idi. K\u0131zmazd\u0131, kendisine ta \u0130ttihat ve Terakki g\u00fcnlerinden beri edilen m\u00fcracaatlar\u0131 daima g\u00fcler y\u00fcz ve tatl\u0131 s\u00f6zle kar\u015f\u0131lard\u0131. D\u00fcn onun cenazesinde, son saatlerinde yan\u0131nda bulunan bir dostu anlat\u0131yordu: \u00f6l\u00fcm d\u00f6\u015fe\u011finde yatarken yine kendisine m\u00fcracaat edenlerin arzusunu isafa [yerine getirmeye] \u00e7al\u0131\u015fm\u0131\u015ft\u0131r. Hele amans\u0131z hastal\u0131\u011f\u0131ndan, a\u011fr\u0131s\u0131ndan, s\u0131z\u0131s\u0131ndan asla \u015fik\u00e2yet etmeyi\u015fi Ey\u00fcp ismine ne kadar lay\u0131k oldu\u011funu g\u00f6steriyordu. Onun 1908 \u0130htil\u00e2li\u2019nden evvelki hizmetleri kitaplara ge\u00e7mi\u015ftir. Tabii yaln\u0131z eski devirde ve eski harflerle yaz\u0131lm\u0131\u015f kitaplara ge\u00e7mi\u015f oldu\u011fu i\u00e7in, belki yeni nesiller Ey\u00fcp Sabri\u2019nin o vaktin tabiriyle bir kahraman-\u0131 h\u00fcrriyet oldu\u011funu bilmezler. Fakat o, \u00f6yle bir kahramand\u0131 ki ne caddelere s\u0131\u011fmayacak kadar kollar\u0131n\u0131 kabartarak halk aras\u0131na girmi\u015f, ne de arkada\u015flar\u0131 aras\u0131nda ba\u015f sedire oturmaya kalk\u0131\u015fm\u0131\u015ft\u0131r.\u201dAdnan Ad\u0131var  Talha Burak \u00dcnl\u00fc bu defa \u0130ttihat ve Terakki zincirinin eksik halkalar\u0131ndan Ohrili Ey\u00fcp Sabri Akg\u00f6l\u2019\u00fcn hayat\u0131n\u0131 yazd\u0131. Resneli Niyazi Bey\u2019i durdurmas\u0131 i\u00e7in II. Abd\u00fclhamid taraf\u0131ndan g\u00f6revlendirilen \u015eemsi Pa\u015fa\u2019n\u0131n halefi M\u00fc\u015fir Tatar Osman Pa\u015fa\u2019y\u0131 al\u0131koyarak II. Me\u015frutiyet\u2019in ilan\u0131na yapt\u0131\u011f\u0131 b\u00fcy\u00fck katk\u0131lar\u0131n ve \u201cH\u00fcrriyet Kahraman\u0131\u201d olmas\u0131n\u0131n yan\u0131 s\u0131ra Osmanl\u0131 Devleti\u2019nin son d\u00f6nemini ve erken Cumhuriyet d\u00f6nemini ilgilendiren bir\u00e7ok olay\u0131n bir numaral\u0131 tan\u0131\u011f\u0131 Ey\u00fcp Sabri Bey\u2019in\u2026<\/p>\n","protected":false},"excerpt":{"rendered":"<p>\u201cBen Resne\u2019de iken Bulgar komitelerinin dev\u00e2m-\u0131 n\u00fcfuzuna, te\u2019sir-i h\u00fckm\u00fcne imk\u00e2n olamaz idi. Resne ve Presbe Kumandanl\u0131\u011f\u0131nda iken h\u00fck\u00fbmet-i m\u00fcstebidenin kuvveti olmaktan ziyade cemiyetin eli olmu\u015ftum. Bir<span class=\"excerpt-hellip\"> [\u2026]<\/span><\/p>\n","protected":false},"featured_media":0,"template":"","meta":{"_monsterinsights_skip_tracking":false,"_monsterinsights_sitenote_active":false,"_monsterinsights_sitenote_note":"","_monsterinsights_sitenote_category":0},"product_brand":[],"product_cat":[13946,12304],"product_tag":[],"class_list":{"0":"post-767912","1":"product","2":"type-product","3":"status-publish","5":"product_cat-biyografi-otobiyografi","6":"product_cat-tarih","7":"pa_cilt-ciltsiz","8":"pa_tur-kitap","9":"pa_yayinevi-timas-yayinlari","10":"pa_yazar-talha-burak-unlu","12":"first","13":"instock","14":"sale","15":"shipping-taxable","16":"purchasable","17":"product-type-simple"},"_links":{"self":[{"href":"https:\/\/roveyayinevi.com.tr\/index.php\/wp-json\/wp\/v2\/product\/767912","targetHints":{"allow":["GET"]}}],"collection":[{"href":"https:\/\/roveyayinevi.com.tr\/index.php\/wp-json\/wp\/v2\/product"}],"about":[{"href":"https:\/\/roveyayinevi.com.tr\/index.php\/wp-json\/wp\/v2\/types\/product"}],"wp:attachment":[{"href":"https:\/\/roveyayinevi.com.tr\/index.php\/wp-json\/wp\/v2\/media?parent=767912"}],"wp:term":[{"taxonomy":"product_brand","embeddable":true,"href":"https:\/\/roveyayinevi.com.tr\/index.php\/wp-json\/wp\/v2\/product_brand?post=767912"},{"taxonomy":"product_cat","embeddable":true,"href":"https:\/\/roveyayinevi.com.tr\/index.php\/wp-json\/wp\/v2\/product_cat?post=767912"},{"taxonomy":"product_tag","embeddable":true,"href":"https:\/\/roveyayinevi.com.tr\/index.php\/wp-json\/wp\/v2\/product_tag?post=767912"}],"curies":[{"name":"wp","href":"https:\/\/api.w.org\/{rel}","templated":true}]}}