{"id":767881,"date":"2025-08-28T13:02:26","date_gmt":"2025-08-28T10:02:26","guid":{"rendered":"https:\/\/roveyayinevi.com.tr\/index.php\/urun\/cogito-116-krizler-ve-duygular\/"},"modified":"2026-04-15T03:33:35","modified_gmt":"2026-04-15T00:33:35","slug":"cogito-116-krizler-ve-duygular","status":"publish","type":"product","link":"https:\/\/roveyayinevi.com.tr\/index.php\/urun\/cogito-116-krizler-ve-duygular\/","title":{"rendered":"Cogito \u2013 116 \/ Krizler ve Duygular"},"content":{"rendered":"<p>\u201cKrizler ve Duygular\u201d say\u0131s\u0131 2024 y\u0131l\u0131nda d\u00fczenlenen \u201cSiyaset Felsefesi Bulu\u015fmalar\u0131\u201dn\u0131n ilkinde sunulan \u00e7al\u0131\u015fmalara yer veriyor. Devrim Sezer, Can Cemgil ve \u00d6zlem Cihan edit\u00f6rl\u00fc\u011f\u00fcnde haz\u0131rlanan say\u0131, i\u00e7inde bulundu\u011fumuz yeni belirsizlikler ve \u00e7oklu krizler d\u00f6nemini siyaset felsefesinin ara\u00e7lar\u0131 ve zengin miras\u0131 e\u015fli\u011finde masaya yat\u0131rmak amac\u0131yla d\u00fczenlenen, \u201cKrizler ve Duygular\u201d ba\u015fl\u0131kl\u0131 ilk bulu\u015fmada sunulan metinlerin bir b\u00f6l\u00fcm\u00fcnden olu\u015fuyor.   Edit\u00f6rlerin Sunu\u015f Yaz\u0131s\u0131ndan:   Demokrasinin k\u00fcresel \u00f6l\u00e7ekte gerilemesi, temsil paradigmas\u0131n\u0131n ya\u015fad\u0131\u011f\u0131 kriz, neoliberal\/kapitalist tahribat, ekolojik kriz ve hakikat \u00f6tesi siyasete e\u015flik eden ger\u00e7eklik krizi birbirinden kopar\u0131larak anla\u015f\u0131lmas\u0131 g\u00fc\u00e7, i\u00e7 i\u00e7e ge\u00e7en ve birbirini besleyen krizler ya\u015fand\u0131\u011f\u0131n\u0131 g\u00f6steriyor bize. B\u00fct\u00fcn bunlara akademinin, sosyal ve be\u015feri bilimlerin ve T\u00fcrkiye\u2019nin deneyimledi\u011fi krizlerin eklendi\u011fini de ak\u0131lda tutmak gerekiyor. B\u00f6yle bir \u00e7oklu krizler g\u00fcndemine, siyaseti yeni ba\u015ftan tahayy\u00fcl etmeye y\u00f6nelik cesur ve min\u00f6r giri\u015fimlerden umutlu ve co\u015fkulu direni\u015flere, \u00e7e\u015fitli belirsizlikler ve felaketler kar\u015f\u0131s\u0131ndaki kayg\u0131l\u0131 ve h\u00fcz\u00fcnl\u00fc bekleyi\u015flerden \u00f6fke ve h\u0131n\u00e7 patlamalar\u0131na, iktidar sahiplerinin \u00fcrettikleri yalanlar ve safsatalar\u0131n d\u00fcnyaya sald\u0131\u011f\u0131 korkulardan kay\u0131plar kar\u015f\u0131s\u0131nda ya\u015fanan hayal k\u0131r\u0131kl\u0131klar\u0131 ve y\u0131lg\u0131nl\u0131klara uzanan geni\u015f\u00e7e bir duygu yelpazesi e\u015flik ediyor. G\u00fcn\u00fcm\u00fcze musallat olan yeni problemlere ve bu problemlerin harekete ge\u00e7irdi\u011fi yeni d\u00fc\u015f\u00fcnsel aray\u0131\u015flara ve siyasal m\u00fccadelelere tan\u0131kl\u0131k ediyoruz. Tam da bu nedenle ilk bulu\u015fmam\u0131zda siyaset felsefesinin klasik g\u00fcndemlerini takip eden \u00e7al\u0131\u015fmalarla disiplinler \u00f6tesi aray\u0131\u015flar\u0131 \u201cKrizler ve Duygular\u201d ba\u015fl\u0131\u011f\u0131 alt\u0131nda bulu\u015fturmay\u0131 ama\u00e7lam\u0131\u015ft\u0131k. Ku\u015fkusuz, ne bug\u00fcn kar\u015f\u0131 kar\u015f\u0131ya oldu\u011fumuz krizlerin t\u00fcm\u00fc, ne krizlerle duygular aras\u0131ndaki etkile\u015fimin b\u00fct\u00fcn y\u00f6nleri iki g\u00fcn s\u00fcren bir bulu\u015fmada ele al\u0131nabilirdi. Dolay\u0131s\u0131yla haz\u0131rlad\u0131\u011f\u0131m\u0131z dosya, belirlenen ba\u015fl\u0131\u011f\u0131 \u00e7e\u015fitli a\u00e7\u0131lardan irdeleyip t\u00fcketen d\u00f6rt ba\u015f\u0131 mamur bir \u00e7al\u0131\u015fma olma iddias\u0131 ta\u015f\u0131m\u0131yor. Bu kolektif \u00e7al\u0131\u015fma, bir araya gelme ve birlikte d\u00fc\u015f\u00fcnme \u00e7abam\u0131z\u0131n ilk ad\u0131m\u0131 ve yaz\u0131l\u0131 \u00fcr\u00fcn\u00fc olarak g\u00f6r\u00fclebilir.   Cogito\u2019dan Can Cemgil-\u00d6zlem Cihan- Devrim Sezer \u2022 Siyaset Felsefesi Bulu\u015fmalar\u0131\u2019n\u0131n Ard\u0131ndan   Dosya: Krizler ve Duygular Gaye \u0130lhan Demiryol \u2022 Ger\u00e7ekli\u011fin Erozyonu: Hannah Arendt\u2019in  Perspektifinden Hakikat ve Krizi Filiz Zabc\u0131 \u2022 Modernizmin G\u00fcn Bat\u0131m\u0131nda \u0130lerleme ve Kriz Kurtul G\u00fclen\u00e7 \u2022 \u0130ksion\u2019un \u00c7ark\u0131 Volkan \u00c7\u0131dam \u2022 G\u00fcn\u00fcm\u00fcz Ele\u015ftirel Kuram\u0131nda Kriz ve Toplumsal D\u00f6n\u00fc\u015f\u00fcm \u0130li\u015fkisi Umur Ba\u015fda\u015f \u2022 Politik, Yani Metafizik: Hobbes\u2019un Duygu M\u00fchendisli\u011fi Bize Demokrasinin Krizleri Hakk\u0131nda Ne S\u00f6yler? Murat Boroval\u0131 \u2022 John Rawls ve Liberal Adalet Zeynep Talay Turner \u2022 Bir \u0130mk\u00e2ns\u0131zl\u0131k Olarak Ba\u011f\u0131\u015flama G\u00fclay U\u011fur G\u00f6ksel \u2022 Birlikte Ya\u015faman\u0131n Bilmecesi: Mek\u00e2n-Zamansal Dayan\u0131\u015fma Olanaklar\u0131 Selbin Y\u0131lmaz \u2022 Hannah Arendt\u2019in Duygulara Mesafesi Bug\u00fcne Ne S\u00f6yl\u00fcyor? Feryal Talay Tuner \u2022 Feminist M\u00fccadelenin Duygu Tayf\u0131 \u00dczerine Bir Girizg\u00e2h Cansu Murato\u011flu \u2022 Belirsizlik \u0130\u00e7inde Ya\u015fam\u0131n Trajik Duygusu\u2019nu Yeniden Okumak Eylem Canaslan \u2022 \u00d6zg\u00fcr \u0130rade \u0130nanc\u0131n\u0131n A\u00e7mazlar\u0131 <\/p>\n","protected":false},"excerpt":{"rendered":"<p>\u201cKrizler ve Duygular\u201d say\u0131s\u0131 2024 y\u0131l\u0131nda d\u00fczenlenen \u201cSiyaset Felsefesi Bulu\u015fmalar\u0131\u201dn\u0131n ilkinde sunulan \u00e7al\u0131\u015fmalara yer veriyor. Devrim Sezer, Can Cemgil ve \u00d6zlem Cihan edit\u00f6rl\u00fc\u011f\u00fcnde haz\u0131rlanan say\u0131, i\u00e7inde<span class=\"excerpt-hellip\"> [\u2026]<\/span><\/p>\n","protected":false},"featured_media":0,"template":"","meta":{"_monsterinsights_skip_tracking":false,"_monsterinsights_sitenote_active":false,"_monsterinsights_sitenote_note":"","_monsterinsights_sitenote_category":0},"product_brand":[],"product_cat":[19460,13527],"product_tag":[],"class_list":{"0":"post-767881","1":"product","2":"type-product","3":"status-publish","5":"product_cat-felsefe-sureli-yayinlar","6":"product_cat-sureli-yayinlar","7":"pa_cilt-ciltsiz","8":"pa_tur-kitap","9":"pa_yayinevi-yapi-kredi-yayinlari-dergi","10":"pa_yazar-kolektif","12":"first","13":"instock","14":"sale","15":"shipping-taxable","16":"purchasable","17":"product-type-simple"},"_links":{"self":[{"href":"https:\/\/roveyayinevi.com.tr\/index.php\/wp-json\/wp\/v2\/product\/767881","targetHints":{"allow":["GET"]}}],"collection":[{"href":"https:\/\/roveyayinevi.com.tr\/index.php\/wp-json\/wp\/v2\/product"}],"about":[{"href":"https:\/\/roveyayinevi.com.tr\/index.php\/wp-json\/wp\/v2\/types\/product"}],"wp:attachment":[{"href":"https:\/\/roveyayinevi.com.tr\/index.php\/wp-json\/wp\/v2\/media?parent=767881"}],"wp:term":[{"taxonomy":"product_brand","embeddable":true,"href":"https:\/\/roveyayinevi.com.tr\/index.php\/wp-json\/wp\/v2\/product_brand?post=767881"},{"taxonomy":"product_cat","embeddable":true,"href":"https:\/\/roveyayinevi.com.tr\/index.php\/wp-json\/wp\/v2\/product_cat?post=767881"},{"taxonomy":"product_tag","embeddable":true,"href":"https:\/\/roveyayinevi.com.tr\/index.php\/wp-json\/wp\/v2\/product_tag?post=767881"}],"curies":[{"name":"wp","href":"https:\/\/api.w.org\/{rel}","templated":true}]}}