{"id":767864,"date":"2025-08-28T13:01:53","date_gmt":"2025-08-28T10:01:53","guid":{"rendered":"https:\/\/roveyayinevi.com.tr\/index.php\/urun\/evreni-nasil-duyarim\/"},"modified":"2026-04-15T03:33:34","modified_gmt":"2026-04-15T00:33:34","slug":"evreni-nasil-duyarim","status":"publish","type":"product","link":"https:\/\/roveyayinevi.com.tr\/index.php\/urun\/evreni-nasil-duyarim\/","title":{"rendered":"Evreni Nas\u0131l Duyar\u0131m?"},"content":{"rendered":"<p>100 YIL\u20262 \u00d6NC\u00dc B\u0130L\u0130M \u0130NSANI\u20261 \u00c7I\u011eIR A\u00c7AN KE\u015e\u0130F\u2026ALBERT EINSTEIN\u2019\u0131n bir teorisi vard\u0131. Y\u0131ld\u0131zlar\u0131n aras\u0131nda bir yerde, uzayda, evrenin uzak k\u00f6\u015felerine dair pek \u00e7ok s\u0131r ta\u015f\u0131yan \u00e7arp\u0131\u015fmalar oldu\u011funu d\u00fc\u015f\u00fcn\u00fcyordu. Ama bu sadece bir teoriden ibaretti.Seneler sonra, Arjantinli GABRIELA GONZ\u00c1LEZ, onunla ayn\u0131 sorular\u0131 sordu. Modern teknolojiyi arkas\u0131na alan Gaby, Einstein\u2019\u0131n teorisini kan\u0131tlamay\u0131 ama\u00e7layan bir fizik\u00e7i ekibine kat\u0131ld\u0131. Ba\u015fta hi\u00e7bir \u015fey olmad\u0131. Ama sonra\u2026 bir ses duydular.Bu b\u00fcy\u00fcleyici resimli biyografide, Patricia Valdez ve Sara Palacios, tamamlanmas\u0131 y\u00fczy\u0131l s\u00fcren harika bir bilimsel ke\u015ffin hik\u00e2yesini anlat\u0131yor.<\/p>\n","protected":false},"excerpt":{"rendered":"<p>100 YIL\u20262 \u00d6NC\u00dc B\u0130L\u0130M \u0130NSANI\u20261 \u00c7I\u011eIR A\u00c7AN KE\u015e\u0130F\u2026ALBERT EINSTEIN\u2019\u0131n bir teorisi vard\u0131. Y\u0131ld\u0131zlar\u0131n aras\u0131nda bir yerde, uzayda, evrenin uzak k\u00f6\u015felerine dair pek \u00e7ok s\u0131r ta\u015f\u0131yan \u00e7arp\u0131\u015fmalar<span class=\"excerpt-hellip\"> [\u2026]<\/span><\/p>\n","protected":false},"featured_media":0,"template":"","meta":{"_monsterinsights_skip_tracking":false,"_monsterinsights_sitenote_active":false,"_monsterinsights_sitenote_note":"","_monsterinsights_sitenote_category":0},"product_brand":[],"product_cat":[13829,12274],"product_tag":[],"class_list":{"0":"post-767864","1":"product","2":"type-product","3":"status-publish","5":"product_cat-bilimsel-kitaplar","6":"product_cat-cocuk-ve-genclik-kitaplari","7":"pa_cilt-ciltsiz","8":"pa_tur-kitap","9":"pa_yayinevi-ithaki-yayinlari","10":"pa_yazar-patricia-valdez","12":"first","13":"instock","14":"sale","15":"shipping-taxable","16":"purchasable","17":"product-type-simple"},"_links":{"self":[{"href":"https:\/\/roveyayinevi.com.tr\/index.php\/wp-json\/wp\/v2\/product\/767864","targetHints":{"allow":["GET"]}}],"collection":[{"href":"https:\/\/roveyayinevi.com.tr\/index.php\/wp-json\/wp\/v2\/product"}],"about":[{"href":"https:\/\/roveyayinevi.com.tr\/index.php\/wp-json\/wp\/v2\/types\/product"}],"wp:attachment":[{"href":"https:\/\/roveyayinevi.com.tr\/index.php\/wp-json\/wp\/v2\/media?parent=767864"}],"wp:term":[{"taxonomy":"product_brand","embeddable":true,"href":"https:\/\/roveyayinevi.com.tr\/index.php\/wp-json\/wp\/v2\/product_brand?post=767864"},{"taxonomy":"product_cat","embeddable":true,"href":"https:\/\/roveyayinevi.com.tr\/index.php\/wp-json\/wp\/v2\/product_cat?post=767864"},{"taxonomy":"product_tag","embeddable":true,"href":"https:\/\/roveyayinevi.com.tr\/index.php\/wp-json\/wp\/v2\/product_tag?post=767864"}],"curies":[{"name":"wp","href":"https:\/\/api.w.org\/{rel}","templated":true}]}}