{"id":767808,"date":"2025-08-28T13:00:02","date_gmt":"2025-08-28T10:00:02","guid":{"rendered":"https:\/\/roveyayinevi.com.tr\/index.php\/urun\/halide-dundar\/"},"modified":"2026-04-15T03:33:33","modified_gmt":"2026-04-15T00:33:33","slug":"halide-dundar","status":"publish","type":"product","link":"https:\/\/roveyayinevi.com.tr\/index.php\/urun\/halide-dundar\/","title":{"rendered":"Halide D\u00fcndar"},"content":{"rendered":"<p>Halide D\u00fcndar\u2019\u0131n Devrimci Demokrat Kad\u0131nlar Derne\u011fi\u2019nden (DDKAD), Diyarbak\u0131r 5 No\u2019lu Cezaevi\u2019nden, \u00f6\u011fretmen \u00f6rg\u00fctlenmesinden, K\u00fcrt kad\u0131n dergilerinden ge\u00e7en hayat hik\u00e2yesi, bir ku\u015fa\u011f\u0131n ve K\u00fcrt kad\u0131n hareketinin canl\u0131 bir resmini sunuyor. Bir K\u00fcrt Feminist: Halide D\u00fcndar, kendine feminist demeyen fakat kendini bir \u201ckad\u0131n kimli\u011fi\u201d kurmaya adam\u0131\u015f bir \u015fahsiyetin portresi. D\u00fcndar\u2019\u0131n an\u0131lar\u0131, siyasi m\u00fccadelede etkin ba\u015fka kad\u0131nlarla yapt\u0131\u011f\u0131 g\u00f6r\u00fc\u015fmeler ve dergilerde yazd\u0131klar\u0131, kendisinin K\u00fcrt kad\u0131n hareketinde eksikli\u011finden yak\u0131nd\u0131\u011f\u0131 belge-bilge eksi\u011fini gidermeye \u00f6nemli bir katk\u0131da bulunuyor. Roza ve J\u00fbj\u00een dergilerinin hat\u0131ras\u0131n\u0131 ya\u015fatmas\u0131, ba\u015fl\u0131ba\u015f\u0131na de\u011ferli. Aksu Bora\u2019n\u0131n Sunu\u015f\u2019ta s\u00f6yledi\u011fi gibi, \u201c\u00c7ok erken ya\u015fta hayat\u0131n\u0131n iplerini kendi eline alm\u0131\u015f, bildi\u011fi yolda ilerlemi\u015f, bunun bedellerini \u00f6demi\u015f. Ailesiyle, devletle, K\u00fcrt siyasetinin a\u011f\u0131r a\u011fabeyleriyle, T\u00fcrk feministlerle, sendikal iktidarla, sakat eliyle, kendisiyle bile\u201d \u00e7at\u0131\u015farak, \u201cbu d\u00fcnyada bir iz b\u0131rakmaya kararl\u0131 bir kad\u0131n\u201d\u0131n yolculu\u011fu.<\/p>\n","protected":false},"excerpt":{"rendered":"<p>Halide D\u00fcndar\u2019\u0131n Devrimci Demokrat Kad\u0131nlar Derne\u011fi\u2019nden (DDKAD), Diyarbak\u0131r 5 No\u2019lu Cezaevi\u2019nden, \u00f6\u011fretmen \u00f6rg\u00fctlenmesinden, K\u00fcrt kad\u0131n dergilerinden ge\u00e7en hayat hik\u00e2yesi, bir ku\u015fa\u011f\u0131n ve K\u00fcrt kad\u0131n hareketinin canl\u0131<span class=\"excerpt-hellip\"> [\u2026]<\/span><\/p>\n","protected":false},"featured_media":0,"template":"","meta":{"_monsterinsights_skip_tracking":false,"_monsterinsights_sitenote_active":false,"_monsterinsights_sitenote_note":"","_monsterinsights_sitenote_category":0},"product_brand":[],"product_cat":[14009,12291],"product_tag":[],"class_list":{"0":"post-767808","1":"product","2":"type-product","3":"status-publish","5":"product_cat-biyografi-otobiyografi-edebiyat","6":"product_cat-edebiyat","7":"pa_cilt-ciltsiz","8":"pa_tur-kitap","9":"pa_yayinevi-iletisim-yayinlari","10":"pa_yazar-fuat-dundar","12":"first","13":"instock","14":"sale","15":"shipping-taxable","16":"purchasable","17":"product-type-simple"},"_links":{"self":[{"href":"https:\/\/roveyayinevi.com.tr\/index.php\/wp-json\/wp\/v2\/product\/767808","targetHints":{"allow":["GET"]}}],"collection":[{"href":"https:\/\/roveyayinevi.com.tr\/index.php\/wp-json\/wp\/v2\/product"}],"about":[{"href":"https:\/\/roveyayinevi.com.tr\/index.php\/wp-json\/wp\/v2\/types\/product"}],"wp:attachment":[{"href":"https:\/\/roveyayinevi.com.tr\/index.php\/wp-json\/wp\/v2\/media?parent=767808"}],"wp:term":[{"taxonomy":"product_brand","embeddable":true,"href":"https:\/\/roveyayinevi.com.tr\/index.php\/wp-json\/wp\/v2\/product_brand?post=767808"},{"taxonomy":"product_cat","embeddable":true,"href":"https:\/\/roveyayinevi.com.tr\/index.php\/wp-json\/wp\/v2\/product_cat?post=767808"},{"taxonomy":"product_tag","embeddable":true,"href":"https:\/\/roveyayinevi.com.tr\/index.php\/wp-json\/wp\/v2\/product_tag?post=767808"}],"curies":[{"name":"wp","href":"https:\/\/api.w.org\/{rel}","templated":true}]}}