{"id":767787,"date":"2025-08-28T12:59:19","date_gmt":"2025-08-28T09:59:19","guid":{"rendered":"https:\/\/roveyayinevi.com.tr\/index.php\/urun\/uyanmak-icin-cok-gec\/"},"modified":"2026-04-15T03:33:32","modified_gmt":"2026-04-15T00:33:32","slug":"uyanmak-icin-cok-gec","status":"publish","type":"product","link":"https:\/\/roveyayinevi.com.tr\/index.php\/urun\/uyanmak-icin-cok-gec\/","title":{"rendered":"Uyanmak \u0130\u00e7in \u00c7ok Ge\u00e7"},"content":{"rendered":"<p>\u201cK\u00fcresel k\u0131yamete be\u015f dakika kald\u0131\u011f\u0131n\u0131, bu y\u00fczden \u015fu an felaketin \u00f6n\u00fcne ge\u00e7mek i\u00e7in k\u00f6pr\u00fcden \u00f6nceki son \u00e7\u0131k\u0131\u015fta oldu\u011fumuzu hep duyuyoruz. Peki ya facian\u0131n zaten ya\u015fand\u0131\u011f\u0131n\u0131, kritik an\u0131 \u015fimdiden be\u015f dakika ge\u00e7mi\u015f oldu\u011fumuzu varsaymak, bu faciay\u0131 \u00f6nlemenin tek yoluysa?\u201d K\u00fcresel iklim krizi, ekolojik y\u0131k\u0131m, k\u0131tl\u0131klar ve salg\u0131n hastal\u0131klar gibi birbirini besleyen ve ancak k\u00fcresel bir i\u015fbirli\u011fiyle \u00e7\u00f6z\u00fclebilecek krizlerle kar\u015f\u0131 kar\u015f\u0131ya oldu\u011fumuz bir d\u00f6nemde, Rusya-Ukrayna sava\u015f\u0131 vesilesiyle \u201cmedeniyetler \u00e7at\u0131\u015fmas\u0131n\u0131n\u201d t\u00fcm \u015fiddetiyle geri d\u00f6nd\u00fc\u011f\u00fcne tan\u0131k oluyoruz. \u017di\u017eek Uyanmak \u0130\u00e7in \u00c7ok Ge\u00e7\u2019te mevcut jeopolitik durumdan yola \u00e7\u0131karak, gelece\u011fi de\u011fi\u015ftirmek i\u00e7in acil ihtiya\u00e7 duyulan \u00f6zg\u00fcrle\u015ftirici siyaset imk\u00e2nlar\u0131n\u0131 de\u011ferlendiriyor; s\u0131kl\u0131kla d\u00fc\u015f\u00fcn\u00fclenin aksine, felaketi ka\u00e7\u0131n\u0131lmaz bir \u015fey olarak kavraman\u0131n ve gelecekle birlikte ge\u00e7mi\u015fi de bu a\u00e7\u0131dan yeniden tahayy\u00fcl etmenin tek \u00e7are olabilece\u011fini savunuyor. <\/p>\n","protected":false},"excerpt":{"rendered":"<p>\u201cK\u00fcresel k\u0131yamete be\u015f dakika kald\u0131\u011f\u0131n\u0131, bu y\u00fczden \u015fu an felaketin \u00f6n\u00fcne ge\u00e7mek i\u00e7in k\u00f6pr\u00fcden \u00f6nceki son \u00e7\u0131k\u0131\u015fta oldu\u011fumuzu hep duyuyoruz. Peki ya facian\u0131n zaten ya\u015fand\u0131\u011f\u0131n\u0131, kritik<span class=\"excerpt-hellip\"> [\u2026]<\/span><\/p>\n","protected":false},"featured_media":0,"template":"","meta":{"_monsterinsights_skip_tracking":false,"_monsterinsights_sitenote_active":false,"_monsterinsights_sitenote_note":"","_monsterinsights_sitenote_category":0},"product_brand":[],"product_cat":[12338,12337],"product_tag":[],"class_list":{"0":"post-767787","1":"product","2":"type-product","3":"status-publish","5":"product_cat-dunya-siyaseti-ve-politikasi","6":"product_cat-politika-siyaset","7":"pa_cilt-ciltsiz","8":"pa_tur-kitap","9":"pa_yayinevi-is-bankasi-kultur-yayinlari","10":"pa_yazar-slavoj-zizek","12":"first","13":"instock","14":"sale","15":"shipping-taxable","16":"purchasable","17":"product-type-simple"},"_links":{"self":[{"href":"https:\/\/roveyayinevi.com.tr\/index.php\/wp-json\/wp\/v2\/product\/767787","targetHints":{"allow":["GET"]}}],"collection":[{"href":"https:\/\/roveyayinevi.com.tr\/index.php\/wp-json\/wp\/v2\/product"}],"about":[{"href":"https:\/\/roveyayinevi.com.tr\/index.php\/wp-json\/wp\/v2\/types\/product"}],"wp:attachment":[{"href":"https:\/\/roveyayinevi.com.tr\/index.php\/wp-json\/wp\/v2\/media?parent=767787"}],"wp:term":[{"taxonomy":"product_brand","embeddable":true,"href":"https:\/\/roveyayinevi.com.tr\/index.php\/wp-json\/wp\/v2\/product_brand?post=767787"},{"taxonomy":"product_cat","embeddable":true,"href":"https:\/\/roveyayinevi.com.tr\/index.php\/wp-json\/wp\/v2\/product_cat?post=767787"},{"taxonomy":"product_tag","embeddable":true,"href":"https:\/\/roveyayinevi.com.tr\/index.php\/wp-json\/wp\/v2\/product_tag?post=767787"}],"curies":[{"name":"wp","href":"https:\/\/api.w.org\/{rel}","templated":true}]}}