{"id":767733,"date":"2025-08-28T12:57:27","date_gmt":"2025-08-28T09:57:27","guid":{"rendered":"https:\/\/roveyayinevi.com.tr\/index.php\/urun\/cumhuriyetin-insasi-ataturk-donemi-1923-1938\/"},"modified":"2026-04-15T03:33:31","modified_gmt":"2026-04-15T00:33:31","slug":"cumhuriyetin-insasi-ataturk-donemi-1923-1938","status":"publish","type":"product","link":"https:\/\/roveyayinevi.com.tr\/index.php\/urun\/cumhuriyetin-insasi-ataturk-donemi-1923-1938\/","title":{"rendered":"Cumhuriyet\u2019in \u0130n\u015fas\u0131: Atat\u00fcrk D\u00f6nemi 1923-1938"},"content":{"rendered":"<p>Elinizdeki eser Cumhuriyet tarihinin kurulu\u015f ve in\u015fas\u0131 s\u00fcrecinde modernle\u015fme yolunda ad\u0131m atan Gen\u00e7 T\u00fcrkiye\u2019nin ba\u015flang\u0131\u00e7 basamaklar\u0131n\u0131 anlatan makaleler b\u00fct\u00fcn\u00fcnden olu\u015fmaktad\u0131r. Osmanl\u0131 Devleti\u2019nin hukuken yok olmas\u0131ndan sonra, Cumhuriyet\u2019in ilan\u0131yla Anadolu\u2019da, Ankara merkezli devlet adeta yeni do\u011fan \u00e7ocuk gibi ya\u015fama tutunmaya \u00e7al\u0131\u015fm\u0131\u015ft\u0131r. Ankara\u2019da devletin t\u00fcm zorluklara ra\u011fmen ya\u015famas\u0131 i\u00e7in \u00e7aba harcayan Atat\u00fcrk ve \u00e7evresi, modern ve Bat\u0131ya yak\u0131nla\u015ft\u0131rmak istedikleri T\u00fcrkiye\u2019yi in\u015fa \u00e7al\u0131\u015fmalar\u0131 \u00e7abas\u0131ndad\u0131r. Biz de bu s\u00fcreci tarihi ak\u0131\u015f\u0131na uygun olarak akademik \u00e7al\u0131\u015fmalar\u0131m\u0131zla ayd\u0131nlatmaya \u00e7al\u0131\u015ft\u0131k. D\u00fcsturumuz \u201cyazan\u0131n yapana sad\u0131k kalmas\u0131\u201d ilkesidir. Cumhuriyetin Atat\u00fcrk ile ilk 15 y\u0131l\u0131n\u0131 tarih metodolojisine uygun olarak adeta masaya yat\u0131rd\u0131k. Bu s\u00fcreci i\u00e7 ve d\u0131\u015f geli\u015fmeler ve modernle\u015fme temelinde ele ald\u0131k. <\/p>\n","protected":false},"excerpt":{"rendered":"<p>Elinizdeki eser Cumhuriyet tarihinin kurulu\u015f ve in\u015fas\u0131 s\u00fcrecinde modernle\u015fme yolunda ad\u0131m atan Gen\u00e7 T\u00fcrkiye\u2019nin ba\u015flang\u0131\u00e7 basamaklar\u0131n\u0131 anlatan makaleler b\u00fct\u00fcn\u00fcnden olu\u015fmaktad\u0131r. Osmanl\u0131 Devleti\u2019nin hukuken yok olmas\u0131ndan sonra,<span class=\"excerpt-hellip\"> [\u2026]<\/span><\/p>\n","protected":false},"featured_media":0,"template":"","meta":{"_monsterinsights_skip_tracking":false,"_monsterinsights_sitenote_active":false,"_monsterinsights_sitenote_note":"","_monsterinsights_sitenote_category":0},"product_brand":[],"product_cat":[12370,12304],"product_tag":[],"class_list":{"0":"post-767733","1":"product","2":"type-product","3":"status-publish","5":"product_cat-arastirma-inceleme","6":"product_cat-tarih","7":"pa_cilt-ciltsiz","8":"pa_tur-kitap","9":"pa_yayinevi-soncag-akademik-kitaplar","10":"pa_yazar-kolektif","12":"first","13":"instock","14":"sale","15":"shipping-taxable","16":"purchasable","17":"product-type-simple"},"_links":{"self":[{"href":"https:\/\/roveyayinevi.com.tr\/index.php\/wp-json\/wp\/v2\/product\/767733","targetHints":{"allow":["GET"]}}],"collection":[{"href":"https:\/\/roveyayinevi.com.tr\/index.php\/wp-json\/wp\/v2\/product"}],"about":[{"href":"https:\/\/roveyayinevi.com.tr\/index.php\/wp-json\/wp\/v2\/types\/product"}],"wp:attachment":[{"href":"https:\/\/roveyayinevi.com.tr\/index.php\/wp-json\/wp\/v2\/media?parent=767733"}],"wp:term":[{"taxonomy":"product_brand","embeddable":true,"href":"https:\/\/roveyayinevi.com.tr\/index.php\/wp-json\/wp\/v2\/product_brand?post=767733"},{"taxonomy":"product_cat","embeddable":true,"href":"https:\/\/roveyayinevi.com.tr\/index.php\/wp-json\/wp\/v2\/product_cat?post=767733"},{"taxonomy":"product_tag","embeddable":true,"href":"https:\/\/roveyayinevi.com.tr\/index.php\/wp-json\/wp\/v2\/product_tag?post=767733"}],"curies":[{"name":"wp","href":"https:\/\/api.w.org\/{rel}","templated":true}]}}