{"id":767696,"date":"2025-08-28T12:56:16","date_gmt":"2025-08-28T09:56:16","guid":{"rendered":"https:\/\/roveyayinevi.com.tr\/index.php\/urun\/ziya-yilmaz\/"},"modified":"2026-04-15T03:33:30","modified_gmt":"2026-04-15T00:33:30","slug":"ziya-yilmaz","status":"publish","type":"product","link":"https:\/\/roveyayinevi.com.tr\/index.php\/urun\/ziya-yilmaz\/","title":{"rendered":"Ziya Y\u0131lmaz"},"content":{"rendered":"<p>Ziya Y\u0131lmaz\u2019\u0131n tarihi, asl\u0131nda biraz da T\u00fcrkiye\u2019nin yak\u0131n d\u00f6nem siyasal hayat\u0131n\u0131n tarihidir. Memleketi Fatsa\u2019dan ba\u015flad\u0131\u011f\u0131 yolculukta pek \u00e7ok tarihsel olaya \u015fahitlik etmi\u015f, pek \u00e7o\u011funa da birincil dereceden m\u00fcdahil olmu\u015f bir devrimcinin \u00f6yk\u00fcs\u00fcd\u00fcr. Bu \u00e7al\u0131\u015fma; 1950\u2019lerin T\u00fcrkiye\u2019sini, 27 May\u0131s 1960 darbesinden \u00f6nceki geli\u015fmeleri, 1960\u2019l\u0131 y\u0131llar\u0131n ba\u015f\u0131ndaki yeni cunta aray\u0131\u015flar\u0131 gibi olay ve olgular\u0131 Ziya Y\u0131lmaz\u2019\u0131n penceresinden g\u00f6zlemlemeyi m\u00fcmk\u00fcn k\u0131lman\u0131n yan\u0131nda, 1960\u2019l\u0131 y\u0131llar\u0131n ikinci yar\u0131s\u0131nda Fatsa\u2019dan Karadeniz\u2019in neredeyse b\u00fct\u00fcn\u00fcne yay\u0131lan T\u00fcrkiye \u0130\u015f\u00e7i Partisi te\u015fkilat\u0131n\u0131n nas\u0131l olu\u015ftu\u011funu, hangi y\u00f6ntem ve ara\u00e7larla devrimci bir at\u0131l\u0131m ger\u00e7ekle\u015ftirildi\u011fini, s\u00fcrecin \u00f6nderlerinden izlemeyi vaat etmektedir. Bununla birlikte, kurucular\u0131ndan oldu\u011fu T\u00fcrkiye Halk Kurtulu\u015f Partisi ve Cephesi\u2019nin, etkileri bug\u00fcn bile s\u00fcren eylemlerini ve siyasal de\u011ferlendirmelerini okuyabileceksiniz: Banka soygunlar\u0131\u2026 Mete Has\u2019\u0131n al\u0131konulmas\u0131&#8230; \u0130srail Ba\u015fkonsolosu Efraim Elrom\u2019un ka\u00e7\u0131r\u0131lmas\u0131 ve \u00f6ld\u00fcr\u00fclmesi&#8230; Mahir \u00c7ayan, Ula\u015f Bardak\u00e7\u0131, Cihan Alptekin ve \u00d6mer Ayna\u2019yla Maltepe Cezaevinden firar etmeleri&#8230; THKP-C\u2019nin TSK i\u00e7indeki etkisi ve sempatisi\u2026 \u0130dam Cezas\u0131na mahk\u00fbm olmas\u0131\u2026 gibi sansasyonel s\u00fcre\u00e7lerin \u00f6yk\u00fclerini, do\u011frudan Ziya Y\u0131lmaz\u2019\u0131n anlat\u0131mlar\u0131ndan g\u00f6zlemleyebileceksiniz.  Ziya Y\u0131lmaz\u2019\u0131n kendi anlat\u0131mlar\u0131 \u00fczerinden, kronolojik bir hatta derlenmi\u015f bu kitap, \u00e7e\u015fitli siyasal olay ve de\u011ferlendirmelerin yan\u0131 s\u0131ra, Ula\u015f Bardak\u00e7\u0131 ve Mahir \u00c7ayan gibi devrimcilerin insani y\u00f6nlerini de an\u0131msat\u0131yor, aktar\u0131yor.  Ve elbette; H\u00fcseyin Cevahir\u2019i, Ahmet Atasoy\u2019u, Ertan Sar\u0131han\u2019\u0131, \u00c7\u00f6rt\u00fck \u0130smet \u00d6zt\u00fcrk\u2019\u00fc, Nihat Y\u0131lmaz\u2019\u0131, Fikri S\u00f6nmez\u2019i ve pek \u00e7ok de\u011ferli devrimciyi&#8230; Fatsa\u2019da bir da\u011f k\u00f6y\u00fcndeki mezar ta\u015f\u0131nda \u201cDevrim i\u00e7in ya\u015fad\u0131, Devrim i\u00e7in sava\u015ft\u0131!\u201d yazan Fatsal\u0131 Ziya Y\u0131lmaz\u2019\u0131&#8230;<\/p>\n","protected":false},"excerpt":{"rendered":"<p>Ziya Y\u0131lmaz\u2019\u0131n tarihi, asl\u0131nda biraz da T\u00fcrkiye\u2019nin yak\u0131n d\u00f6nem siyasal hayat\u0131n\u0131n tarihidir. Memleketi Fatsa\u2019dan ba\u015flad\u0131\u011f\u0131 yolculukta pek \u00e7ok tarihsel olaya \u015fahitlik etmi\u015f, pek \u00e7o\u011funa da birincil<span class=\"excerpt-hellip\"> [\u2026]<\/span><\/p>\n","protected":false},"featured_media":0,"template":"","meta":{"_monsterinsights_skip_tracking":false,"_monsterinsights_sitenote_active":false,"_monsterinsights_sitenote_note":"","_monsterinsights_sitenote_category":0},"product_brand":[],"product_cat":[12304,14128],"product_tag":[],"class_list":{"0":"post-767696","1":"product","2":"type-product","3":"status-publish","5":"product_cat-tarih","6":"product_cat-yakin-tarih","7":"pa_cilt-ciltsiz","8":"pa_tur-kitap","9":"pa_yayinevi-ayrinti-yayinlari","10":"pa_yazar-baris-mutluay","12":"first","13":"instock","14":"sale","15":"shipping-taxable","16":"purchasable","17":"product-type-simple"},"_links":{"self":[{"href":"https:\/\/roveyayinevi.com.tr\/index.php\/wp-json\/wp\/v2\/product\/767696","targetHints":{"allow":["GET"]}}],"collection":[{"href":"https:\/\/roveyayinevi.com.tr\/index.php\/wp-json\/wp\/v2\/product"}],"about":[{"href":"https:\/\/roveyayinevi.com.tr\/index.php\/wp-json\/wp\/v2\/types\/product"}],"wp:attachment":[{"href":"https:\/\/roveyayinevi.com.tr\/index.php\/wp-json\/wp\/v2\/media?parent=767696"}],"wp:term":[{"taxonomy":"product_brand","embeddable":true,"href":"https:\/\/roveyayinevi.com.tr\/index.php\/wp-json\/wp\/v2\/product_brand?post=767696"},{"taxonomy":"product_cat","embeddable":true,"href":"https:\/\/roveyayinevi.com.tr\/index.php\/wp-json\/wp\/v2\/product_cat?post=767696"},{"taxonomy":"product_tag","embeddable":true,"href":"https:\/\/roveyayinevi.com.tr\/index.php\/wp-json\/wp\/v2\/product_tag?post=767696"}],"curies":[{"name":"wp","href":"https:\/\/api.w.org\/{rel}","templated":true}]}}