{"id":767609,"date":"2025-08-28T12:52:43","date_gmt":"2025-08-28T09:52:43","guid":{"rendered":"https:\/\/roveyayinevi.com.tr\/index.php\/urun\/hemsen-kulturu-hemsen-agzi-sozlugu\/"},"modified":"2026-01-30T04:03:52","modified_gmt":"2026-01-30T01:03:52","slug":"hemsen-kulturu-hemsen-agzi-sozlugu","status":"publish","type":"product","link":"https:\/\/roveyayinevi.com.tr\/index.php\/urun\/hemsen-kulturu-hemsen-agzi-sozlugu\/","title":{"rendered":"Hem\u015fen K\u00fclt\u00fcr\u00fc &#8211; Hem\u015fen A\u011fz\u0131 S\u00f6zl\u00fc\u011f\u00fc"},"content":{"rendered":"<p>S\u00f6zl\u00fc\u011f\u00fcm\u00fczde baz\u0131 kelimeler dilimizde kullan\u0131l\u0131r olmad\u0131\u011f\u0131 halde yer verilmi\u015ftir. \u00c7\u00fcnk\u00fc a\u011f\u0131z fark\u0131yla de\u011fi\u015fik kullan\u0131mlar olaca\u011f\u0131 varsay\u0131lm\u0131\u015ft\u0131r. Buradan hareketle, ele ge\u00e7en ya da var olan kelimelerin anlam\u0131n\u0131 \u00e7\u00f6zmek i\u00e7in okuyucuya kolayl\u0131k ama\u00e7lanm\u0131\u015ft\u0131r. Baz\u0131 kelimelere yer verilmekle birlikte, anlamlar\u0131 tespit edilememi\u015ftir. Bundan maksat, hi\u00e7 olmazsa bu kelimelerin kay\u0131t alt\u0131na al\u0131nmas\u0131 ama\u00e7lanm\u0131\u015ft\u0131r. Bizden sonra gelenler de kalanlar\u0131n anlam\u0131n\u0131 tespit edebilsin diye d\u00fc\u015f\u00fcnd\u00fck. Y\u00f6resel \u015five ile s\u00f6ylenmi\u015f kelimelerin asl\u0131n\u0131 anlamak g\u00fc\u00e7t\u00fcr. Kelimelerin asl\u0131n\u0131 anlamak i\u00e7in, y\u00f6renin \u015fivesini iyi bilmek gerekir.             \u00c7al\u0131\u015fmalar\u0131m\u0131z\u0131n ana ekseni, \u00f6ncelikle kelimelerin ne anlama geldi\u011fini a\u00e7\u0131kl\u0131\u011fa kavu\u015fturmakt\u0131. K\u00f6ken ara\u015ft\u0131rmas\u0131, ilgili bilim dal\u0131na b\u0131rak\u0131lm\u0131\u015ft\u0131r. Sevgiyle kal\u0131n. Te\u015fekk\u00fcrler.             1954 y\u0131l\u0131n\u0131n May\u0131s ay\u0131n\u0131n onbe\u015finde Bakoz (Beyazkaya) k\u00f6y\u00fcnde do\u011fmu\u015fum. Babam Selahattin Mahmuto\u011flu, ayn\u0131 k\u00f6yde e\u011fitmendi. \u0130lkokulu babam\u0131n g\u00f6rev yapt\u0131\u011f\u0131, sonradan ad\u0131 Yama\u00e7dere olan k\u00f6y\u00fcmde (Bakoz) okudum. Ortaokulu Arde\u015fen\u2019de bitirdim. Akabinde 1970-74 y\u0131llar\u0131nda Rize \u00d6\u011fretmen okuluna devam ettim. \u00d6\u011fretmen olarak ilk g\u00f6rev yerim Ad\u0131yaman, Gerger \u00dc\u00e7kaya (K\u00f6mek) k\u00f6y\u00fc oldu. Burada iki y\u0131l g\u00f6rev yaparak, 1976 y\u0131l\u0131nda Rize ili Arde\u015fen Tunca Merkez ve Ortaada (Zendi) k\u00f6y\u00fcne atamam yap\u0131ld\u0131. Yine ayn\u0131 y\u0131l i\u00e7erisinde kendi k\u00f6y\u00fcm Beyazkaya k\u00f6y\u00fcne tay\u0131n\u0131m \u00e7\u0131kt\u0131. K\u00f6y\u00fcmde yirmi y\u0131l\u0131 a\u015fk\u0131n bir m\u00fcddet g\u00f6rev yapt\u0131m. Devam\u0131nda \u201cTa\u015f\u0131mal\u0131 E\u011fitim\u201d kapsam\u0131nda Arde\u015fen il\u00e7e merkezinde g\u00f6rev yapmaya ba\u015flad\u0131m. \u0130l\u00e7e merkezinde Fatih ilk\u00f6\u011fretim Okulu, Mesut Karao\u011flu \u0130lk\u00f6\u011fretim Okulu, Cumhuriyet \u0130lk\u00f6\u011fretim Okulu, Alpaslan \u0130lk\u00f6\u011fretim Okulu ve Halk E\u011fitimi Merkezi M\u00fcd\u00fcrl\u00fc\u011f\u00fcnde idareci ve m\u00fcd\u00fcr vekilli\u011fi g\u00f6revlerinde bulundum.             Son olarak Alpaslan \u0130lk\u00f6\u011fretim Okulu m\u00fcd\u00fcr yard\u0131mc\u0131l\u0131\u011f\u0131 g\u00f6revini yaparken 2012 y\u0131l\u0131nda 38 y\u0131l \u00fczerinden emekli oldum. Evli, iki erkek ve bir k\u0131z \u00e7ocuk babas\u0131y\u0131m.<\/p>\n","protected":false},"excerpt":{"rendered":"<p>S\u00f6zl\u00fc\u011f\u00fcm\u00fczde baz\u0131 kelimeler dilimizde kullan\u0131l\u0131r olmad\u0131\u011f\u0131 halde yer verilmi\u015ftir. \u00c7\u00fcnk\u00fc a\u011f\u0131z fark\u0131yla de\u011fi\u015fik kullan\u0131mlar olaca\u011f\u0131 varsay\u0131lm\u0131\u015ft\u0131r. Buradan hareketle, ele ge\u00e7en ya da var olan kelimelerin anlam\u0131n\u0131<span class=\"excerpt-hellip\"> [\u2026]<\/span><\/p>\n","protected":false},"featured_media":0,"template":"","meta":{"_monsterinsights_skip_tracking":false,"_monsterinsights_sitenote_active":false,"_monsterinsights_sitenote_note":"","_monsterinsights_sitenote_category":0},"product_brand":[],"product_cat":[12566,13611],"product_tag":[],"class_list":{"0":"post-767609","1":"product","2":"type-product","3":"status-publish","5":"product_cat-egitim","6":"product_cat-sozlukler-ve-konusma-kilavuzlari","7":"pa_cilt-ciltsiz","8":"pa_tur-kitap","9":"pa_yayinevi-vova-yayinlari","10":"pa_yazar-hasan-mahmutoglu","12":"first","13":"instock","14":"sale","15":"shipping-taxable","16":"purchasable","17":"product-type-simple"},"_links":{"self":[{"href":"https:\/\/roveyayinevi.com.tr\/index.php\/wp-json\/wp\/v2\/product\/767609","targetHints":{"allow":["GET"]}}],"collection":[{"href":"https:\/\/roveyayinevi.com.tr\/index.php\/wp-json\/wp\/v2\/product"}],"about":[{"href":"https:\/\/roveyayinevi.com.tr\/index.php\/wp-json\/wp\/v2\/types\/product"}],"wp:attachment":[{"href":"https:\/\/roveyayinevi.com.tr\/index.php\/wp-json\/wp\/v2\/media?parent=767609"}],"wp:term":[{"taxonomy":"product_brand","embeddable":true,"href":"https:\/\/roveyayinevi.com.tr\/index.php\/wp-json\/wp\/v2\/product_brand?post=767609"},{"taxonomy":"product_cat","embeddable":true,"href":"https:\/\/roveyayinevi.com.tr\/index.php\/wp-json\/wp\/v2\/product_cat?post=767609"},{"taxonomy":"product_tag","embeddable":true,"href":"https:\/\/roveyayinevi.com.tr\/index.php\/wp-json\/wp\/v2\/product_tag?post=767609"}],"curies":[{"name":"wp","href":"https:\/\/api.w.org\/{rel}","templated":true}]}}