{"id":767588,"date":"2025-08-28T12:52:05","date_gmt":"2025-08-28T09:52:05","guid":{"rendered":"https:\/\/roveyayinevi.com.tr\/index.php\/urun\/akis-dergisi-ihtilalin-sesi-1960-1962-4-cilt\/"},"modified":"2026-04-15T03:33:27","modified_gmt":"2026-04-15T00:33:27","slug":"akis-dergisi-ihtilalin-sesi-1960-1962-4-cilt","status":"publish","type":"product","link":"https:\/\/roveyayinevi.com.tr\/index.php\/urun\/akis-dergisi-ihtilalin-sesi-1960-1962-4-cilt\/","title":{"rendered":"Akis Dergisi \u0130htilalin Sesi (1960-1962) 4. Cilt"},"content":{"rendered":"<p>T\u00fcrkiye\u2019nin yak\u0131n siyasi tarihine y\u00f6n veren 27 May\u0131s 1960 darbesi, sadece bir ihtilal mi yoksa k\u00f6kl\u00fc bir d\u00f6n\u00fc\u015f\u00fcm\u00fcn habercisi miydi? Prof. Dr. Cemil Ko\u00e7ak\u2019\u0131n 2023 y\u0131l\u0131nda ilk cildiyle T\u00fcrkiye Bilimler Akademisi Bilimsel Telif Eser (T\u00dcBA-TESEP) \u00d6d\u00fcl\u00fc\u2019ne lay\u0131k g\u00f6r\u00fclen serisi Akis Dergisi\u2019nin d\u00f6rd\u00fcnc\u00fc cildi bu kritik sorunun cevab\u0131n\u0131 arayan ve d\u00f6nemin nabz\u0131n\u0131 tutan \u00f6nemli bir belgesel niteli\u011finde. T\u00fcrk yay\u0131nc\u0131l\u0131k ve siyaset tarihinin bir ar\u015fivi niteli\u011finde olan Akis\u2019in sayfalar\u0131nda d\u00f6nemin siyasi atmosferine, akt\u00f6rlerin rol\u00fcne ve 27 May\u0131s\u2019\u0131n getirdi\u011fi umutlarla hayal k\u0131r\u0131kl\u0131klar\u0131 aras\u0131ndaki gerilime tan\u0131kl\u0131k edeceksiniz. Derginin 27 May\u0131s sonras\u0131 s\u00fcre\u00e7te \u201cink\u0131l\u00e2p\u201d ve \u201cihtilal\u201d kavramlar\u0131 aras\u0131ndaki \u00e7eki\u015fmelere nas\u0131l bakt\u0131\u011f\u0131n\u0131, MBK i\u00e7indeki g\u00fc\u00e7 m\u00fccadelesinin bas\u0131n ve toplum \u00fczerindeki etkilerini ve 1961 Anayasas\u0131\u2019n\u0131n olu\u015fturdu\u011fu yeni siyasi d\u00fczeni t\u00fcm ayr\u0131nt\u0131lar\u0131yla masaya yat\u0131ran, \u0130smet \u0130n\u00f6n\u00fc liderli\u011findeki CHP\u2019nin 1960\u2019lardaki d\u00f6n\u00fc\u015f\u00fcmdeki rol\u00fc ve 14\u2019lerin tasfiyesinin arka plan\u0131 bu anlat\u0131n\u0131n merkezinde yer al\u0131yor. Akis, 27 May\u0131s\u2019\u0131 sadece askeri bir m\u00fcdahale olarak de\u011fil, halk\u0131n demokrasi arzusunun yans\u0131mas\u0131 olarak de\u011ferlendiriyordu. D\u00f6nemin siyasi paradigmas\u0131n\u0131, CHP\u2019nin hem darbedeki hem de onu takip eden s\u00fcre\u00e7teki rol\u00fcn\u00fc anlamak isteyenler i\u00e7in e\u015fsiz pencereleri bu cilt okura a\u00e7\u0131yor. Akis Dergisi, \u0130htilalin Sesi (1960-1962) 27 May\u0131s\u2019\u0131n ve sonras\u0131ndaki y\u0131llar\u0131n siyasi ruhunu derinlemesine kavramak isteyenler i\u00e7in ka\u00e7\u0131r\u0131lmayacak bir ba\u015fucu kayna\u011f\u0131. 27 May\u0131s\u2019\u0131n h\u00e2l\u00e2 s\u00fcregelen etkilerini ve o d\u00f6nemde al\u0131nan kararlar\u0131n, olgunla\u015fan ve kemikle\u015fen siyasi tutum ve taraflar\u0131n bug\u00fcnk\u00fc yank\u0131lar\u0131n\u0131 ve yans\u0131malar\u0131n\u0131 yar\u0131m as\u0131r \u00f6ncesinin dergi sayfalar\u0131nda ke\u015ffetmek bu kitapla m\u00fcmk\u00fcn. <\/p>\n","protected":false},"excerpt":{"rendered":"<p>T\u00fcrkiye\u2019nin yak\u0131n siyasi tarihine y\u00f6n veren 27 May\u0131s 1960 darbesi, sadece bir ihtilal mi yoksa k\u00f6kl\u00fc bir d\u00f6n\u00fc\u015f\u00fcm\u00fcn habercisi miydi? Prof. Dr. Cemil Ko\u00e7ak\u2019\u0131n 2023 y\u0131l\u0131nda<span class=\"excerpt-hellip\"> [\u2026]<\/span><\/p>\n","protected":false},"featured_media":0,"template":"","meta":{"_monsterinsights_skip_tracking":false,"_monsterinsights_sitenote_active":false,"_monsterinsights_sitenote_note":"","_monsterinsights_sitenote_category":0},"product_brand":[],"product_cat":[13527,14356],"product_tag":[],"class_list":{"0":"post-767588","1":"product","2":"type-product","3":"status-publish","5":"product_cat-sureli-yayinlar","6":"product_cat-tarih-sureli-yayinlar","7":"pa_cilt-ciltsiz","8":"pa_tur-dergi","9":"pa_yayinevi-vakifbank-kultur-yayinlari","10":"pa_yazar-cemil-kocak","12":"first","13":"instock","14":"sale","15":"shipping-taxable","16":"purchasable","17":"product-type-simple"},"_links":{"self":[{"href":"https:\/\/roveyayinevi.com.tr\/index.php\/wp-json\/wp\/v2\/product\/767588","targetHints":{"allow":["GET"]}}],"collection":[{"href":"https:\/\/roveyayinevi.com.tr\/index.php\/wp-json\/wp\/v2\/product"}],"about":[{"href":"https:\/\/roveyayinevi.com.tr\/index.php\/wp-json\/wp\/v2\/types\/product"}],"wp:attachment":[{"href":"https:\/\/roveyayinevi.com.tr\/index.php\/wp-json\/wp\/v2\/media?parent=767588"}],"wp:term":[{"taxonomy":"product_brand","embeddable":true,"href":"https:\/\/roveyayinevi.com.tr\/index.php\/wp-json\/wp\/v2\/product_brand?post=767588"},{"taxonomy":"product_cat","embeddable":true,"href":"https:\/\/roveyayinevi.com.tr\/index.php\/wp-json\/wp\/v2\/product_cat?post=767588"},{"taxonomy":"product_tag","embeddable":true,"href":"https:\/\/roveyayinevi.com.tr\/index.php\/wp-json\/wp\/v2\/product_tag?post=767588"}],"curies":[{"name":"wp","href":"https:\/\/api.w.org\/{rel}","templated":true}]}}