{"id":767560,"date":"2025-08-28T12:51:12","date_gmt":"2025-08-28T09:51:12","guid":{"rendered":"https:\/\/roveyayinevi.com.tr\/index.php\/urun\/ne-cok-gelecek-ne-az-zaman\/"},"modified":"2026-04-15T03:33:26","modified_gmt":"2026-04-15T00:33:26","slug":"ne-cok-gelecek-ne-az-zaman","status":"publish","type":"product","link":"https:\/\/roveyayinevi.com.tr\/index.php\/urun\/ne-cok-gelecek-ne-az-zaman\/","title":{"rendered":"Ne \u00e7ok gelecek, ne az zaman"},"content":{"rendered":"<p>\u0130lyas Tun\u00e7, yirminci y\u00fczy\u0131lda d\u00fcnyan\u0131n d\u00f6rt bir yan\u0131nda siyasi, etnik ya da dinsel nedenlerle i\u015flenmi\u015f cinayet, katliam veya k\u0131r\u0131mlara odaklan\u0131yor. Bir k\u0131sm\u0131n\u0131 hi\u00e7 bilmedi\u011fimiz, bir k\u0131sm\u0131n\u0131 unuttu\u011fumuz bu olaylar\u0131 dikkatli bir dille anlatan Tun\u00e7 \u00f6zellikle devletlerin ya da devlet gibi davranmak isteyen hareketlerin karanl\u0131k tarihine \u0131\u015f\u0131k tutuyor. Yak\u0131n ge\u00e7mi\u015fte de olsa geride kald\u0131\u011f\u0131n\u0131 d\u00fc\u015f\u00fcnmeye meyletti\u011fimiz bu t\u00fcr \u00f6rg\u00fctl\u00fc \u015fiddet eylemlerinin ya\u015fad\u0131\u011f\u0131m\u0131z d\u00fcnyay\u0131 \u015fekillendirmekte rol\u00fc oldu\u011funa \u015f\u00fcphe yok. Ne \u00e7ok gelecek, ne az zaman bizi bir kez daha, uygarl\u0131\u011f\u0131n i\u00e7inde sakl\u0131 duran barbarl\u0131\u011f\u0131 ve ona kar\u015f\u0131 koyma g\u00fcc\u00fcm\u00fcz\u00fc d\u00fc\u015f\u00fcnmeye \u00e7a\u011f\u0131r\u0131yor. Y\u00fczle\u015fmek pi\u015fmanl\u0131k duymay\u0131, pi\u015fmanl\u0131k duymak ise s\u00f6z konusu k\u00f6t\u00fcl\u00fckleri bir daha yapmamay\u0131 sa\u011flayabilir. Kitab\u0131n diri tutmak istedi\u011fi bu umuda, b\u00f6lgesel sava\u015flar\u0131n s\u00fcrd\u00fc\u011f\u00fc, k\u00fcresel bir sava\u015f tehdidini hissetti\u011fimiz \u015fu yirmi birinci y\u00fczy\u0131lda \u00e7ok ihtiyac\u0131m\u0131z var. <\/p>\n","protected":false},"excerpt":{"rendered":"<p>\u0130lyas Tun\u00e7, yirminci y\u00fczy\u0131lda d\u00fcnyan\u0131n d\u00f6rt bir yan\u0131nda siyasi, etnik ya da dinsel nedenlerle i\u015flenmi\u015f cinayet, katliam veya k\u0131r\u0131mlara odaklan\u0131yor. Bir k\u0131sm\u0131n\u0131 hi\u00e7 bilmedi\u011fimiz, bir k\u0131sm\u0131n\u0131<span class=\"excerpt-hellip\"> [\u2026]<\/span><\/p>\n","protected":false},"featured_media":0,"template":"","meta":{"_monsterinsights_skip_tracking":false,"_monsterinsights_sitenote_active":false,"_monsterinsights_sitenote_note":"","_monsterinsights_sitenote_category":0},"product_brand":[],"product_cat":[12337,14706],"product_tag":[],"class_list":{"0":"post-767560","1":"product","2":"type-product","3":"status-publish","5":"product_cat-politika-siyaset","6":"product_cat-siyaset-bilimi","7":"pa_cilt-ciltsiz","8":"pa_tur-kitap","9":"pa_yayinevi-metis-yayinlari","10":"pa_yazar-ilyas-tunc","12":"first","13":"instock","14":"sale","15":"shipping-taxable","16":"purchasable","17":"product-type-simple"},"_links":{"self":[{"href":"https:\/\/roveyayinevi.com.tr\/index.php\/wp-json\/wp\/v2\/product\/767560","targetHints":{"allow":["GET"]}}],"collection":[{"href":"https:\/\/roveyayinevi.com.tr\/index.php\/wp-json\/wp\/v2\/product"}],"about":[{"href":"https:\/\/roveyayinevi.com.tr\/index.php\/wp-json\/wp\/v2\/types\/product"}],"wp:attachment":[{"href":"https:\/\/roveyayinevi.com.tr\/index.php\/wp-json\/wp\/v2\/media?parent=767560"}],"wp:term":[{"taxonomy":"product_brand","embeddable":true,"href":"https:\/\/roveyayinevi.com.tr\/index.php\/wp-json\/wp\/v2\/product_brand?post=767560"},{"taxonomy":"product_cat","embeddable":true,"href":"https:\/\/roveyayinevi.com.tr\/index.php\/wp-json\/wp\/v2\/product_cat?post=767560"},{"taxonomy":"product_tag","embeddable":true,"href":"https:\/\/roveyayinevi.com.tr\/index.php\/wp-json\/wp\/v2\/product_tag?post=767560"}],"curies":[{"name":"wp","href":"https:\/\/api.w.org\/{rel}","templated":true}]}}