{"id":767542,"date":"2025-08-28T12:50:37","date_gmt":"2025-08-28T09:50:37","guid":{"rendered":"https:\/\/roveyayinevi.com.tr\/index.php\/urun\/sinemanin-felsefesi\/"},"modified":"2026-04-15T03:33:26","modified_gmt":"2026-04-15T00:33:26","slug":"sinemanin-felsefesi","status":"publish","type":"product","link":"https:\/\/roveyayinevi.com.tr\/index.php\/urun\/sinemanin-felsefesi\/","title":{"rendered":"Sineman\u0131n Felsefesi"},"content":{"rendered":"<p>\u00d6ns\u00f6z, Soner Sert D\u00fcnyan\u0131n Anlams\u0131zl\u0131\u011f\u0131na Verilen Cevap: Abs\u00fcrt, Sabire Soytok Anar\u015fizm Ve Sinema: Ba\u015fkald\u0131ran \u0130mgeler, Aylin Kuryel Aya Seyahat Filmi \u00dczerinden Belgesel \u0130le Bilmek, Belgesel Bi\u00e7imine \u0130nanmak, Elif Kurto\u011flu Demo\u011flu Esteti\u011fin Evrimi ve Sinema \u0130le \u0130li\u015fkisi Ba\u011flam\u0131nda A Ciambra Filminin \u0130ncelenmesi, Soner Sert \u00catre Et Avoir Belgeselinde Etik Tart\u0131\u015fmas\u0131, Sonay Ban Zaman Makinesi ve K\u00fc\u00e7\u00fck K\u0131yamet Filmlerinde Kadercili\u011fe \u0130syan, Kaya \u00d6zkaracalar Sineman\u0131n Fenomenolojisi, Yusuf Buhurcu Radikal Bir Hi\u00e7lik Arzusu: Athena Filminde Politik Nihilizm, Ula\u015f I\u015f\u0131klar Realizm ve Sinema, Nigar \u00c7apan Kavruk Sezgicilik ve Zaman-\u0130mge Sinemas\u0131, Deniz Y. Berker S\u00fcrrealizm ve Roy Andersson\u2019un \u201cYa\u015fayanlar\u201d \u00dc\u00e7lemesi, G\u00fcl Ya\u015fart\u00fcrk Bilim Yoluyla \u0130n\u015fa Edilen \u201cKirli \u015e\u00fcphe\u201dnin Ac\u0131mas\u0131z M\u00fcphemli\u011fi: Primer, Emre Do\u011fan Sinemada Felsefi Ele\u015ftiri ve Varolu\u015f\u00e7uluk, Hakan Sava\u015f Filmde Zaman: Halef\u2019in Sundu\u011fu Zaman \u00d6\u011fesine Dair Bergson\u2019un Zaman Felsefesi ve Deleuze\u2019\u00fcn Kristal \u0130mgesi Ba\u011flam\u0131nda Sorgulamalar, Berceste G\u00fcl\u00e7in \u00d6zdemir <\/p>\n","protected":false},"excerpt":{"rendered":"<p>\u00d6ns\u00f6z, Soner Sert D\u00fcnyan\u0131n Anlams\u0131zl\u0131\u011f\u0131na Verilen Cevap: Abs\u00fcrt, Sabire Soytok Anar\u015fizm Ve Sinema: Ba\u015fkald\u0131ran \u0130mgeler, Aylin Kuryel Aya Seyahat Filmi \u00dczerinden Belgesel \u0130le Bilmek, Belgesel Bi\u00e7imine<span class=\"excerpt-hellip\"> [\u2026]<\/span><\/p>\n","protected":false},"featured_media":0,"template":"","meta":{"_monsterinsights_skip_tracking":false,"_monsterinsights_sitenote_active":false,"_monsterinsights_sitenote_note":"","_monsterinsights_sitenote_category":0},"product_brand":[],"product_cat":[12409,12408],"product_tag":[],"class_list":{"0":"post-767542","1":"product","2":"type-product","3":"status-publish","5":"product_cat-fotograf-sinema-tiyatro","6":"product_cat-sanat","7":"pa_cilt-ciltsiz","8":"pa_tur-kitap","9":"pa_yayinevi-alfa-yayinlari","10":"pa_yazar-kolektif","12":"first","13":"instock","14":"sale","15":"shipping-taxable","16":"purchasable","17":"product-type-simple"},"_links":{"self":[{"href":"https:\/\/roveyayinevi.com.tr\/index.php\/wp-json\/wp\/v2\/product\/767542","targetHints":{"allow":["GET"]}}],"collection":[{"href":"https:\/\/roveyayinevi.com.tr\/index.php\/wp-json\/wp\/v2\/product"}],"about":[{"href":"https:\/\/roveyayinevi.com.tr\/index.php\/wp-json\/wp\/v2\/types\/product"}],"wp:attachment":[{"href":"https:\/\/roveyayinevi.com.tr\/index.php\/wp-json\/wp\/v2\/media?parent=767542"}],"wp:term":[{"taxonomy":"product_brand","embeddable":true,"href":"https:\/\/roveyayinevi.com.tr\/index.php\/wp-json\/wp\/v2\/product_brand?post=767542"},{"taxonomy":"product_cat","embeddable":true,"href":"https:\/\/roveyayinevi.com.tr\/index.php\/wp-json\/wp\/v2\/product_cat?post=767542"},{"taxonomy":"product_tag","embeddable":true,"href":"https:\/\/roveyayinevi.com.tr\/index.php\/wp-json\/wp\/v2\/product_tag?post=767542"}],"curies":[{"name":"wp","href":"https:\/\/api.w.org\/{rel}","templated":true}]}}