{"id":767514,"date":"2025-08-28T12:49:46","date_gmt":"2025-08-28T09:49:46","guid":{"rendered":"https:\/\/roveyayinevi.com.tr\/index.php\/urun\/bir-dava-hikayesi\/"},"modified":"2026-04-15T03:33:25","modified_gmt":"2026-04-15T00:33:25","slug":"bir-dava-hikayesi","status":"publish","type":"product","link":"https:\/\/roveyayinevi.com.tr\/index.php\/urun\/bir-dava-hikayesi\/","title":{"rendered":"Bir Dava Hikayesi"},"content":{"rendered":"<p>Bu kitap, siyasi g\u00f6r\u00fc\u015fleri ve toplum anlay\u0131\u015flar\u0131 farkl\u0131 olan pek \u00e7ok insana, davan\u0131n bir a\u015famas\u0131nda, \u201cBurada tuhaf bir \u015fey, kabul edilmesi zor bir \u015fey oluyor\u201d dedirten, bazen \u201cKafkaesk\u201d diye tarif edilen bir dava s\u00fcrecinin hik\u00e2yesi. Ayn\u0131 zamanda, su\u00e7 i\u015fledi\u011fine dair kan\u0131t olmadan tutuklanm\u0131\u015f, h\u00fck\u00fcm giymi\u015f ve kesintisiz yedi sene boyunca cezaevinde ya\u015fam\u0131\u015f bir insan\u0131n hayat\u0131n\u0131n yedi senesinin hik\u00e2yesi. Osman Kavala m\u00fclakatlar\u0131nda Gezi davas\u0131n\u0131n kendisini cezaland\u0131rman\u0131n \u00f6tesinde siyasi ama\u00e7lara hizmet etti\u011fine, kendisiyle ilgili olu\u015fturulan kurgunun Gezi protestolar\u0131n\u0131 kriminalize etmek i\u00e7in kullan\u0131ld\u0131\u011f\u0131na dikkat \u00e7ekiyor. Bu yap\u0131l\u0131rken demokrasi de\u011ferlerine ba\u011fl\u0131l\u0131klar\u0131, bunlar\u0131 savunuyor olduklar\u0131 bilinen insanlar\u0131n, kendisi gibi, hukuksuz bi\u00e7imde yarg\u0131land\u0131klar\u0131n\u0131, delil olmadan mahk\u00fbm edildiklerini vurguluyor. \u00c7i\u011fdem Mater, Mine \u00d6zerden, Tayfun Kahraman ve milletvekili se\u00e7ilen Can Atalay, 2022 y\u0131l\u0131n\u0131n Nisan ay\u0131ndan beri cezaevindeler. Kavala bu a\u011f\u0131r hak ihlallerini siyasi geli\u015fmelerle, insan haklar\u0131na ve insan hayat\u0131na de\u011fer vermeyen bir anlay\u0131\u015f\u0131n yarg\u0131da yayg\u0131nla\u015fmas\u0131yla ili\u015fkilendiriyor. Bir Dava Hik\u00e2yesi, okurlar\u0131n\u0131, sadece Osman Kavala\u2019n\u0131n de\u011fil, \u00f6zg\u00fcrl\u00fckleri ellerinden al\u0131nan b\u00fct\u00fcn su\u00e7suz insanlar\u0131n ya\u015fad\u0131klar\u0131na daha duyarl\u0131 olmaya davet etmek amac\u0131yla haz\u0131rland\u0131.<\/p>\n","protected":false},"excerpt":{"rendered":"<p>Bu kitap, siyasi g\u00f6r\u00fc\u015fleri ve toplum anlay\u0131\u015flar\u0131 farkl\u0131 olan pek \u00e7ok insana, davan\u0131n bir a\u015famas\u0131nda, \u201cBurada tuhaf bir \u015fey, kabul edilmesi zor bir \u015fey oluyor\u201d dedirten,<span class=\"excerpt-hellip\"> [\u2026]<\/span><\/p>\n","protected":false},"featured_media":0,"template":"","meta":{"_monsterinsights_skip_tracking":false,"_monsterinsights_sitenote_active":false,"_monsterinsights_sitenote_note":"","_monsterinsights_sitenote_category":0},"product_brand":[],"product_cat":[12337],"product_tag":[],"class_list":{"0":"post-767514","1":"product","2":"type-product","3":"status-publish","5":"product_cat-politika-siyaset","6":"pa_cilt-ciltsiz","7":"pa_tur-kitap","8":"pa_yayinevi-iletisim-yayinlari","9":"pa_yazar-ayse-bugra-asena-gunal","11":"first","12":"instock","13":"sale","14":"shipping-taxable","15":"purchasable","16":"product-type-simple"},"_links":{"self":[{"href":"https:\/\/roveyayinevi.com.tr\/index.php\/wp-json\/wp\/v2\/product\/767514","targetHints":{"allow":["GET"]}}],"collection":[{"href":"https:\/\/roveyayinevi.com.tr\/index.php\/wp-json\/wp\/v2\/product"}],"about":[{"href":"https:\/\/roveyayinevi.com.tr\/index.php\/wp-json\/wp\/v2\/types\/product"}],"wp:attachment":[{"href":"https:\/\/roveyayinevi.com.tr\/index.php\/wp-json\/wp\/v2\/media?parent=767514"}],"wp:term":[{"taxonomy":"product_brand","embeddable":true,"href":"https:\/\/roveyayinevi.com.tr\/index.php\/wp-json\/wp\/v2\/product_brand?post=767514"},{"taxonomy":"product_cat","embeddable":true,"href":"https:\/\/roveyayinevi.com.tr\/index.php\/wp-json\/wp\/v2\/product_cat?post=767514"},{"taxonomy":"product_tag","embeddable":true,"href":"https:\/\/roveyayinevi.com.tr\/index.php\/wp-json\/wp\/v2\/product_tag?post=767514"}],"curies":[{"name":"wp","href":"https:\/\/api.w.org\/{rel}","templated":true}]}}