{"id":767248,"date":"2025-08-28T12:41:38","date_gmt":"2025-08-28T09:41:38","guid":{"rendered":"https:\/\/roveyayinevi.com.tr\/index.php\/urun\/soylev-nutuk-2\/"},"modified":"2026-04-15T03:32:50","modified_gmt":"2026-04-15T00:32:50","slug":"soylev-nutuk-2","status":"publish","type":"product","link":"https:\/\/roveyayinevi.com.tr\/index.php\/urun\/soylev-nutuk-2\/","title":{"rendered":"S\u00f6ylev (Nutuk)"},"content":{"rendered":"<p>Sevgili \u00e7ocuklar, sizlere T\u00fcrkiye Cumhuriyeti Devleti\u2019nin kurucusu Mustafa Kemal Atat\u00fcrk\u2019\u00fcn \u201cS\u00f6ylev\u201dini bug\u00fcnk\u00fc T\u00fcrk\u00e7eyle aktaraca\u011f\u0131m. \u201cBug\u00fcnk\u00fc T\u00fcrk\u00e7eyle&#8230;\u201d diyorum, \u00e7\u00fcnk\u00fc Atat\u00fcrk, \u201cS\u00f6ylev\u201di \u201cNutuk\u201d ad\u0131yla 15-20 Ekim 1927 tarihleri aras\u0131nda, tam otuz alt\u0131 bu\u00e7uk saatte okunmu\u015ftur. Atat\u00fcrk bu yap\u0131t\u0131n\u0131 yazd\u0131\u011f\u0131 zaman, hen\u00fcz \u201cDil Devrimi\u201d ba\u015flamam\u0131\u015ft\u0131. \u201cDil devrimi\u201d, T\u00fcrk\u00e7eyi Osmanl\u0131cadan ay\u0131rmak amac\u0131yla 1932\u2019de kendinin kurdu\u011fu T\u00fcrk Dil Kurumunun kurulmas\u0131yla ya\u015fama ge\u00e7irilmi\u015ftir. \u201cDil Devrimi\u201dnin amac\u0131, T\u00fcrk\u00e7eyi yabanc\u0131 dillerin boyunduru\u011fundan kurtarmakt\u0131r. 1927\u2019de, hen\u00fcz T\u00fcrk\u00e7e egemen de\u011fildi ama bug\u00fcn Atat\u00fcrk\u2019\u00fcn yapt\u0131\u011f\u0131 \u201cDil Devrimi\u201d sayesinde, T\u00fcrk\u00e7e konu\u015fup yaz\u0131yoruz. \u0130\u015fte ben de bundan hareketle, Atat\u00fcrk\u2019\u00fcn \u201cNutuk\u201dunu, bug\u00fcnk\u00fc T\u00fcrk\u00e7e\u2019mizle \u201cS\u00f6ylev\u201d olarak size aktaraca\u011f\u0131m.   Vecihi T\u0130MURO\u011eLU <\/p>\n","protected":false},"excerpt":{"rendered":"<p>Sevgili \u00e7ocuklar, sizlere T\u00fcrkiye Cumhuriyeti Devleti\u2019nin kurucusu Mustafa Kemal Atat\u00fcrk\u2019\u00fcn \u201cS\u00f6ylev\u201dini bug\u00fcnk\u00fc T\u00fcrk\u00e7eyle aktaraca\u011f\u0131m. \u201cBug\u00fcnk\u00fc T\u00fcrk\u00e7eyle&#8230;\u201d diyorum, \u00e7\u00fcnk\u00fc Atat\u00fcrk, \u201cS\u00f6ylev\u201di \u201cNutuk\u201d ad\u0131yla 15-20 Ekim 1927 tarihleri<span class=\"excerpt-hellip\"> [\u2026]<\/span><\/p>\n","protected":false},"featured_media":0,"template":"","meta":{"_monsterinsights_skip_tracking":false,"_monsterinsights_sitenote_active":false,"_monsterinsights_sitenote_note":"","_monsterinsights_sitenote_category":0},"product_brand":[],"product_cat":[12530,12304],"product_tag":[],"class_list":{"0":"post-767248","1":"product","2":"type-product","3":"status-publish","5":"product_cat-mustafa-kemal-ataturk","6":"product_cat-tarih","7":"pa_cilt-ciltsiz","8":"pa_tur-kitap","9":"pa_yayinevi-somut-yayinlari","10":"pa_yazar-mustafa-kemal-ataturk","12":"first","13":"instock","14":"sale","15":"shipping-taxable","16":"purchasable","17":"product-type-simple"},"_links":{"self":[{"href":"https:\/\/roveyayinevi.com.tr\/index.php\/wp-json\/wp\/v2\/product\/767248","targetHints":{"allow":["GET"]}}],"collection":[{"href":"https:\/\/roveyayinevi.com.tr\/index.php\/wp-json\/wp\/v2\/product"}],"about":[{"href":"https:\/\/roveyayinevi.com.tr\/index.php\/wp-json\/wp\/v2\/types\/product"}],"wp:attachment":[{"href":"https:\/\/roveyayinevi.com.tr\/index.php\/wp-json\/wp\/v2\/media?parent=767248"}],"wp:term":[{"taxonomy":"product_brand","embeddable":true,"href":"https:\/\/roveyayinevi.com.tr\/index.php\/wp-json\/wp\/v2\/product_brand?post=767248"},{"taxonomy":"product_cat","embeddable":true,"href":"https:\/\/roveyayinevi.com.tr\/index.php\/wp-json\/wp\/v2\/product_cat?post=767248"},{"taxonomy":"product_tag","embeddable":true,"href":"https:\/\/roveyayinevi.com.tr\/index.php\/wp-json\/wp\/v2\/product_tag?post=767248"}],"curies":[{"name":"wp","href":"https:\/\/api.w.org\/{rel}","templated":true}]}}