{"id":767203,"date":"2025-08-28T12:39:48","date_gmt":"2025-08-28T09:39:48","guid":{"rendered":"https:\/\/roveyayinevi.com.tr\/index.php\/urun\/devrim-sehidi-kubilay\/"},"modified":"2026-04-15T03:32:49","modified_gmt":"2026-04-15T00:32:49","slug":"devrim-sehidi-kubilay","status":"publish","type":"product","link":"https:\/\/roveyayinevi.com.tr\/index.php\/urun\/devrim-sehidi-kubilay\/","title":{"rendered":"Devrim \u015eehidi Kubilay"},"content":{"rendered":"<p>Menemen d\u0131\u015f\u0131ndan gelip, arkalar\u0131na dini kullanarak toplad\u0131klar\u0131 insanlarla, ayd\u0131nlanma devriminin ba\u015flang\u0131c\u0131nda yeni devlete b\u00fcy\u00fck darbe vurmaya \u00e7al\u0131\u015fan isyanc\u0131lar, Gazi Mustafa Kemal\u2019i hem \u00fczm\u00fc\u015f hem de k\u0131zd\u0131rm\u0131\u015ft\u0131r. Bu nedenledir ki bu olay sonraki y\u0131llarda dinde ayd\u0131nlanmay\u0131 da h\u0131zland\u0131racakt\u0131r.Kubilay ve arkada\u015flar\u0131 i\u00e7in Nadir Nadi\u2019nin bir \u00f6nerisi ile ba\u015flayan an\u0131t \u00e7al\u0131\u015fmas\u0131 da bu anlamda \u00f6nem kazanm\u0131\u015ft\u0131r. An\u0131t i\u00e7in b\u00fcy\u00fck bir tan\u0131t\u0131m yap\u0131lm\u0131\u015f, halktan yurdun her yerinden an\u0131t\u0131n yap\u0131m\u0131 i\u00e7in ba\u011f\u0131\u015f yap\u0131lm\u0131\u015ft\u0131r. Gazetede g\u00fcn g\u00fcn yay\u0131mlanan ba\u011f\u0131\u015f\u00e7\u0131 listeleri an\u0131t\u0131n ve ayn\u0131 zamanda yeni devletin gelecek temellerine bir katk\u0131 gibidir.Atat\u00fcrk\u2019e g\u00f6nl\u00fcn\u00fc ve ayn\u0131 zamanda ara\u015ft\u0131rmalar\u0131 i\u00e7in uzun y\u0131llar\u0131n\u0131 veren dostum ve abim Ahmet G\u00fcrel, yine g\u00fczel bir yap\u0131t ortaya koymu\u015f ve gelecek nesillere bu s\u00fcreci ayr\u0131nt\u0131s\u0131yla anlatan \u00f6nemli bir eser b\u0131rakm\u0131\u015ft\u0131r, bize de eme\u011fine sa\u011fl\u0131k demek d\u00fc\u015f\u00fcyor.<\/p>\n","protected":false},"excerpt":{"rendered":"<p>Menemen d\u0131\u015f\u0131ndan gelip, arkalar\u0131na dini kullanarak toplad\u0131klar\u0131 insanlarla, ayd\u0131nlanma devriminin ba\u015flang\u0131c\u0131nda yeni devlete b\u00fcy\u00fck darbe vurmaya \u00e7al\u0131\u015fan isyanc\u0131lar, Gazi Mustafa Kemal\u2019i hem \u00fczm\u00fc\u015f hem de k\u0131zd\u0131rm\u0131\u015ft\u0131r.<span class=\"excerpt-hellip\"> [\u2026]<\/span><\/p>\n","protected":false},"featured_media":0,"template":"","meta":{"_monsterinsights_skip_tracking":false,"_monsterinsights_sitenote_active":false,"_monsterinsights_sitenote_note":"","_monsterinsights_sitenote_category":0},"product_brand":[],"product_cat":[12370,12304],"product_tag":[],"class_list":{"0":"post-767203","1":"product","2":"type-product","3":"status-publish","5":"product_cat-arastirma-inceleme","6":"product_cat-tarih","7":"pa_cilt-ciltsiz","8":"pa_tur-kitap","9":"pa_yayinevi-cumhuriyet-kitaplari","10":"pa_yazar-ahmet-gurel","12":"first","13":"instock","14":"sale","15":"shipping-taxable","16":"purchasable","17":"product-type-simple"},"_links":{"self":[{"href":"https:\/\/roveyayinevi.com.tr\/index.php\/wp-json\/wp\/v2\/product\/767203","targetHints":{"allow":["GET"]}}],"collection":[{"href":"https:\/\/roveyayinevi.com.tr\/index.php\/wp-json\/wp\/v2\/product"}],"about":[{"href":"https:\/\/roveyayinevi.com.tr\/index.php\/wp-json\/wp\/v2\/types\/product"}],"wp:attachment":[{"href":"https:\/\/roveyayinevi.com.tr\/index.php\/wp-json\/wp\/v2\/media?parent=767203"}],"wp:term":[{"taxonomy":"product_brand","embeddable":true,"href":"https:\/\/roveyayinevi.com.tr\/index.php\/wp-json\/wp\/v2\/product_brand?post=767203"},{"taxonomy":"product_cat","embeddable":true,"href":"https:\/\/roveyayinevi.com.tr\/index.php\/wp-json\/wp\/v2\/product_cat?post=767203"},{"taxonomy":"product_tag","embeddable":true,"href":"https:\/\/roveyayinevi.com.tr\/index.php\/wp-json\/wp\/v2\/product_tag?post=767203"}],"curies":[{"name":"wp","href":"https:\/\/api.w.org\/{rel}","templated":true}]}}