{"id":767118,"date":"2025-08-28T12:37:25","date_gmt":"2025-08-28T09:37:25","guid":{"rendered":"https:\/\/roveyayinevi.com.tr\/index.php\/urun\/ayniyiz-birbirlerimize-aynayiz\/"},"modified":"2026-04-15T03:32:47","modified_gmt":"2026-04-15T00:32:47","slug":"ayniyiz-birbirlerimize-aynayiz","status":"publish","type":"product","link":"https:\/\/roveyayinevi.com.tr\/index.php\/urun\/ayniyiz-birbirlerimize-aynayiz\/","title":{"rendered":"Ayn\u0131y\u0131z Birbirlerimize Aynay\u0131z"},"content":{"rendered":"<p>Sonu\u00e7 olarak, T\u00fcrk ve K\u00fcrt karde\u015fli\u011fi \u00fczerine yap\u0131lan \u00e7al\u0131\u015fmalar, bar\u0131\u015f\u0131n in\u015fas\u0131 ve toplumsal huzurun sa\u011flanmas\u0131 ad\u0131na b\u00fcy\u00fck bir \u00f6nem ta\u015f\u0131maktad\u0131r. Herkesin bu yolda at\u0131lan ad\u0131mlara katk\u0131 sa\u011flamas\u0131, toplumun daha sa\u011fl\u0131kl\u0131 ve bir arada ya\u015famas\u0131n\u0131 m\u00fcmk\u00fcn k\u0131lacakt\u0131r. Bar\u0131\u015fa giden yolda, ayr\u0131\u015ft\u0131r\u0131c\u0131 de\u011fil birle\u015ftirici bir dilin benimsenmesi ve herkesin bu hedefe y\u00f6nelik emek vermesi gerekmektedir. Bu nedenle, bu t\u00fcr projeler sadece bir bireyin ya da grubun \u00e7abas\u0131 de\u011fil, t\u00fcm toplumun ortak bir gayesi olmal\u0131d\u0131r. \u00c7\u00fcnk\u00fc bar\u0131\u015f, yaln\u0131zca bir hedef de\u011fil, ya\u015fanmas\u0131 gereken bir ya\u015fam bi\u00e7imidir. AHMETTEMEL, hayat\u0131 boyunca gerek ya\u015fam\u0131 gerekse kaleme ald\u0131\u011f\u0131 yaz\u0131lar\u0131 ve \u015fiirleriyle toplumun i\u00e7inde sayg\u0131n bir yer edinmi\u015ftir. Eserlerinde insan haklar\u0131, \u00f6zg\u00fcrl\u00fck ve adalet gibi evrensel temalar\u0131 i\u015flerken, bireysel ve toplumsal sorunlara duydu\u011fu derin hassasiyetle de dikkat \u00e7ekmi\u015ftir. Kalemiyle sadece bir edebiyat\u00e7\u0131 de\u011fil, ayn\u0131 zamanda bir d\u00fc\u015f\u00fcn\u00fcr olarak da kendini ortaya koymu\u015ftur. B\u00fct\u00fcn eserlerinde, sevgi, sayg\u0131, ho\u015fg\u00f6r\u00fc ve bar\u0131\u015f gibi de\u011ferleri \u00f6n planda tutarak, toplumu bilin\u00e7lendirmeye y\u00f6nelik mesajlar vermi\u015ftir. Bu evrensel de\u011ferleri i\u015fledi\u011fi eserlerinde, sadece edebi bir dil kullanmakla kalmam\u0131\u015f, ayn\u0131 zamanda ya\u015fam felsefesini de okuyucusuna aktarm\u0131\u015ft\u0131r. Onun yaz\u0131lar\u0131, sadece bir okuma deneyimi sunmakla kalmaz, ayn\u0131 zamanda insanlar\u0131 daha iyi bir d\u00fcnya kurma noktas\u0131nda d\u00fc\u015f\u00fcnmeye te\u015fvik eder. Ahmet Temel\u2019in eserleri, duygu ve d\u00fc\u015f\u00fcnce d\u00fcnyas\u0131nda derin izler b\u0131rakacak kadar etkilidir. Onun kalemi, insanlar\u0131n ortak de\u011ferlerini hat\u0131rlatarak, daha se\u00e7kin bir toplum olu\u015fturma amac\u0131n\u0131 ta\u015f\u0131r. Her bir yaz\u0131s\u0131, hem bireysel hem de toplumsal sorumluluklar\u0131m\u0131z\u0131 yerine getirmemiz gerekti\u011fini hat\u0131rlatan ders verici nitelikte birer rehber niteli\u011findedir. <\/p>\n","protected":false},"excerpt":{"rendered":"<p>Sonu\u00e7 olarak, T\u00fcrk ve K\u00fcrt karde\u015fli\u011fi \u00fczerine yap\u0131lan \u00e7al\u0131\u015fmalar, bar\u0131\u015f\u0131n in\u015fas\u0131 ve toplumsal huzurun sa\u011flanmas\u0131 ad\u0131na b\u00fcy\u00fck bir \u00f6nem ta\u015f\u0131maktad\u0131r. Herkesin bu yolda at\u0131lan ad\u0131mlara katk\u0131<span class=\"excerpt-hellip\"> [\u2026]<\/span><\/p>\n","protected":false},"featured_media":0,"template":"","meta":{"_monsterinsights_skip_tracking":false,"_monsterinsights_sitenote_active":false,"_monsterinsights_sitenote_note":"","_monsterinsights_sitenote_category":0},"product_brand":[],"product_cat":[12370,12304],"product_tag":[],"class_list":{"0":"post-767118","1":"product","2":"type-product","3":"status-publish","5":"product_cat-arastirma-inceleme","6":"product_cat-tarih","7":"pa_cilt-ciltsiz","8":"pa_tur-kitap","9":"pa_yayinevi-gulnar-yayinlari","10":"pa_yazar-ahmet-temel","12":"first","13":"instock","14":"sale","15":"shipping-taxable","16":"purchasable","17":"product-type-simple"},"_links":{"self":[{"href":"https:\/\/roveyayinevi.com.tr\/index.php\/wp-json\/wp\/v2\/product\/767118","targetHints":{"allow":["GET"]}}],"collection":[{"href":"https:\/\/roveyayinevi.com.tr\/index.php\/wp-json\/wp\/v2\/product"}],"about":[{"href":"https:\/\/roveyayinevi.com.tr\/index.php\/wp-json\/wp\/v2\/types\/product"}],"wp:attachment":[{"href":"https:\/\/roveyayinevi.com.tr\/index.php\/wp-json\/wp\/v2\/media?parent=767118"}],"wp:term":[{"taxonomy":"product_brand","embeddable":true,"href":"https:\/\/roveyayinevi.com.tr\/index.php\/wp-json\/wp\/v2\/product_brand?post=767118"},{"taxonomy":"product_cat","embeddable":true,"href":"https:\/\/roveyayinevi.com.tr\/index.php\/wp-json\/wp\/v2\/product_cat?post=767118"},{"taxonomy":"product_tag","embeddable":true,"href":"https:\/\/roveyayinevi.com.tr\/index.php\/wp-json\/wp\/v2\/product_tag?post=767118"}],"curies":[{"name":"wp","href":"https:\/\/api.w.org\/{rel}","templated":true}]}}