{"id":767108,"date":"2025-08-28T12:37:08","date_gmt":"2025-08-28T09:37:08","guid":{"rendered":"https:\/\/roveyayinevi.com.tr\/index.php\/urun\/esqa-semaye\/"},"modified":"2026-04-15T03:32:47","modified_gmt":"2026-04-15T00:32:47","slug":"esqa-semaye","status":"publish","type":"product","link":"https:\/\/roveyayinevi.com.tr\/index.php\/urun\/esqa-semaye\/","title":{"rendered":"E\u015fqa  Semaye"},"content":{"rendered":"<p>Z\u00fcbeyt Bozkurt  Di sala 1975\u2019an de li Agiriy\u00ea ji dayik b\u00fbye. Dibistana seretay\u00ee, dibistana nav\u00een \u00fb l\u00eese li Agiriy\u00ea qedandiye. Li Agir\u00ee \u00fb bajar\u00ean der \u00fb doran perwerdehiya xwe ya ol\u00ee di \u00e7ar medresey\u00ean gir\u00eeng de, \u015fe\u015f salan b\u00ea navber bi daw\u00ee kiriye. Li S\u00fb\u00fbd\u00ee Ereb\u00eestan\u00ea di Zan\u00eengeha Med\u00eeney\u00ea be\u015fa dada \u00ceslam\u00ee de perwerdehiya xwe dib\u00eene \u00fb di sala1996\u2019an de Zan\u00eengeh\u00ea diqed\u00eene. Di sala 1998\u2019an de li Zan\u00eengeha Enqerey\u00ea be\u015fa Fak\u00fblteya \u00celahiyat\u00ea l\u00eesansa bilind werdigire. Ji ziman\u00ea \u00ceng\u00eel\u00eez\u00ee, Ereb\u00ee \u00fb Faris\u00ee werger\u00ea dike.<\/p>\n","protected":false},"excerpt":{"rendered":"<p>Z\u00fcbeyt Bozkurt Di sala 1975\u2019an de li Agiriy\u00ea ji dayik b\u00fbye. Dibistana seretay\u00ee, dibistana nav\u00een \u00fb l\u00eese li Agiriy\u00ea qedandiye. Li Agir\u00ee \u00fb bajar\u00ean der \u00fb<span class=\"excerpt-hellip\"> [\u2026]<\/span><\/p>\n","protected":false},"featured_media":0,"template":"","meta":{"_monsterinsights_skip_tracking":false,"_monsterinsights_sitenote_active":false,"_monsterinsights_sitenote_note":"","_monsterinsights_sitenote_category":0},"product_brand":[],"product_cat":[26663],"product_tag":[],"class_list":{"0":"post-767108","1":"product","2":"type-product","3":"status-publish","5":"product_cat-undefined","6":"pa_cilt-ciltsiz","7":"pa_tur-kitap","8":"pa_yayinevi-kalem-lugat-yayincilik","9":"pa_yazar-zubeyt-bozkurt","11":"first","12":"instock","13":"sale","14":"shipping-taxable","15":"purchasable","16":"product-type-simple"},"_links":{"self":[{"href":"https:\/\/roveyayinevi.com.tr\/index.php\/wp-json\/wp\/v2\/product\/767108","targetHints":{"allow":["GET"]}}],"collection":[{"href":"https:\/\/roveyayinevi.com.tr\/index.php\/wp-json\/wp\/v2\/product"}],"about":[{"href":"https:\/\/roveyayinevi.com.tr\/index.php\/wp-json\/wp\/v2\/types\/product"}],"wp:attachment":[{"href":"https:\/\/roveyayinevi.com.tr\/index.php\/wp-json\/wp\/v2\/media?parent=767108"}],"wp:term":[{"taxonomy":"product_brand","embeddable":true,"href":"https:\/\/roveyayinevi.com.tr\/index.php\/wp-json\/wp\/v2\/product_brand?post=767108"},{"taxonomy":"product_cat","embeddable":true,"href":"https:\/\/roveyayinevi.com.tr\/index.php\/wp-json\/wp\/v2\/product_cat?post=767108"},{"taxonomy":"product_tag","embeddable":true,"href":"https:\/\/roveyayinevi.com.tr\/index.php\/wp-json\/wp\/v2\/product_tag?post=767108"}],"curies":[{"name":"wp","href":"https:\/\/api.w.org\/{rel}","templated":true}]}}