{"id":767103,"date":"2025-08-28T12:36:59","date_gmt":"2025-08-28T09:36:59","guid":{"rendered":"https:\/\/roveyayinevi.com.tr\/index.php\/urun\/milli-mucadele-baslarken-2\/"},"modified":"2026-04-15T03:32:47","modified_gmt":"2026-04-15T00:32:47","slug":"milli-mucadele-baslarken-2","status":"publish","type":"product","link":"https:\/\/roveyayinevi.com.tr\/index.php\/urun\/milli-mucadele-baslarken-2\/","title":{"rendered":"Milli M\u00fccadele Ba\u015flarken"},"content":{"rendered":"<p>30 Ekim 1918 tarihinde Osmanl\u0131 \u0130mparatorlu\u011fu ile \u0130tilaf Devletleri aras\u0131nda imzalanan Mondros M\u00fctarekesi, \u00fclke \u00e7ap\u0131nda son derece b\u00fcy\u00fck tepkiler yaratm\u0131\u015ft\u0131. Siyasi gerilimin her ge\u00e7en g\u00fcn artmas\u0131yla birlikte bir taraftan i\u015fgal kuvvetleri \u00f6nlerine \u00e7\u0131kan her f\u0131rsat\u0131 de\u011ferlendirirken di\u011fer taraftan da \u0130stanbul h\u00fck\u00fcmeti kritik hatalar yapm\u0131\u015f, gerekli stratejik ve politik \u00f6nlemleri alamam\u0131\u015f, ba\u015far\u0131l\u0131 hamleler yapamam\u0131\u015f, b\u00f6ylece yak\u0131n tarihimizin en \u00e7alkant\u0131l\u0131 d\u00f6nemi de ba\u015flam\u0131\u015ft\u0131. Prof. Dr. M. Tayyib G\u00f6kbilgin\u2019in alan\u0131nda \u00f6nc\u00fc \u00e7al\u0131\u015fmas\u0131 Milli M\u00fccadele Ba\u015flarken, hem o g\u00fcnlere \u015fahitlik etmesi hem de yazar\u0131n\u0131n yakla\u015f\u0131mlar\u0131 itibariyle d\u00f6nemi anlatan en iyi kaynaklar aras\u0131nda g\u00f6sterilmi\u015ftir. Uzun bir zamand\u0131r bask\u0131s\u0131 bulunmayan bu kaynak kitab\u0131n yeniden, t\u0131pk\u0131bas\u0131m formunda ve tek cilt h\u00e2linde tarih merakl\u0131lar\u0131na sunulmas\u0131, \u00fclkemizin yak\u0131n tarihini \u00f6\u011frenmek ve \u00f6\u011fretmek a\u00e7\u0131s\u0131ndan da olduk\u00e7a kritik bir \u00f6neme sahiptir. Mondros M\u00fctarekesi\u2019nden Sivas Kongresi\u2019ne dek uzanan ve Milli M\u00fccadele\u2019nin ba\u015flang\u0131\u00e7 d\u00f6nemini ad\u0131m ad\u0131m izleyen ilk ciltte okuyucular m\u00fctareke devrinin buhranl\u0131, say\u0131s\u0131z facialar ve felaketler dolu tarihini, i\u015fgaller kar\u015f\u0131s\u0131nda Tevfik Pa\u015fa H\u00fck\u00fcmeti\u2019nin d\u00fc\u015ft\u00fc\u011f\u00fc durumu, Damat Ferit Pa\u015fa H\u00fck\u00fcmeti\u2019nin faaliyetlerini, Amasya Tamimi\u2019yle birlikte Mustafa Kemal Pa\u015fa\u2019n\u0131n Milli M\u00fccadele\u2019nin ba\u015f\u0131na ge\u00e7mesini ve Erzurum Kongresi\u2019nin tesirlerini e\u015fsiz bir \u00fcslupla okuyacaklar. Sivas Kongresi\u2019nden B\u00fcy\u00fck Millet Meclisi\u2019nin a\u00e7\u0131lmas\u0131na kadar olan ikinci ciltte ise Milli M\u00fccadele yolundaki kongreleri, anla\u015fmalar\u0131, Ali R\u0131za Pa\u015fa h\u00fck\u00fcmetini, Kuvay-\u0131 Milliye meselesini, son Osmanl\u0131 Mebusan Meclisi\u2019ni, \u0130stanbul\u2019un i\u015fgalini ve Ankara\u2019daki hareketli g\u00fcnleri t\u00fcm detaylar\u0131yla \u00f6\u011frenecekler. Milli M\u00fccadele Ba\u015flarken, tarih boyunca b\u00fcy\u00fck \u00e7apta m\u00fccadeleler vermi\u015f ve say\u0131s\u0131z sava\u015flar yapm\u0131\u015f bir milletin en karanl\u0131k g\u00fcnlerine \u0131\u015f\u0131k tutuyor, apa\u00e7\u0131k bir ba\u011f\u0131ms\u0131zl\u0131\u011fa giden o cesur ve fedak\u00e2r yolculu\u011funu e\u015fsiz bir \u00fcslupla anlat\u0131yor\u2026 <\/p>\n","protected":false},"excerpt":{"rendered":"<p>30 Ekim 1918 tarihinde Osmanl\u0131 \u0130mparatorlu\u011fu ile \u0130tilaf Devletleri aras\u0131nda imzalanan Mondros M\u00fctarekesi, \u00fclke \u00e7ap\u0131nda son derece b\u00fcy\u00fck tepkiler yaratm\u0131\u015ft\u0131. Siyasi gerilimin her ge\u00e7en g\u00fcn artmas\u0131yla<span class=\"excerpt-hellip\"> [\u2026]<\/span><\/p>\n","protected":false},"featured_media":0,"template":"","meta":{"_monsterinsights_skip_tracking":false,"_monsterinsights_sitenote_active":false,"_monsterinsights_sitenote_note":"","_monsterinsights_sitenote_category":0},"product_brand":[],"product_cat":[12304,13650],"product_tag":[],"class_list":{"0":"post-767103","1":"product","2":"type-product","3":"status-publish","5":"product_cat-tarih","6":"product_cat-turk-tarihi-arastirmalari","7":"pa_cilt-ciltsiz","8":"pa_tur-kitap","9":"pa_yayinevi-kronik-kitap","10":"pa_yazar-m-tayyib-gokbilgin","12":"first","13":"instock","14":"sale","15":"shipping-taxable","16":"purchasable","17":"product-type-simple"},"_links":{"self":[{"href":"https:\/\/roveyayinevi.com.tr\/index.php\/wp-json\/wp\/v2\/product\/767103","targetHints":{"allow":["GET"]}}],"collection":[{"href":"https:\/\/roveyayinevi.com.tr\/index.php\/wp-json\/wp\/v2\/product"}],"about":[{"href":"https:\/\/roveyayinevi.com.tr\/index.php\/wp-json\/wp\/v2\/types\/product"}],"wp:attachment":[{"href":"https:\/\/roveyayinevi.com.tr\/index.php\/wp-json\/wp\/v2\/media?parent=767103"}],"wp:term":[{"taxonomy":"product_brand","embeddable":true,"href":"https:\/\/roveyayinevi.com.tr\/index.php\/wp-json\/wp\/v2\/product_brand?post=767103"},{"taxonomy":"product_cat","embeddable":true,"href":"https:\/\/roveyayinevi.com.tr\/index.php\/wp-json\/wp\/v2\/product_cat?post=767103"},{"taxonomy":"product_tag","embeddable":true,"href":"https:\/\/roveyayinevi.com.tr\/index.php\/wp-json\/wp\/v2\/product_tag?post=767103"}],"curies":[{"name":"wp","href":"https:\/\/api.w.org\/{rel}","templated":true}]}}