{"id":767091,"date":"2025-08-28T12:36:45","date_gmt":"2025-08-28T09:36:45","guid":{"rendered":"https:\/\/roveyayinevi.com.tr\/index.php\/urun\/aydinlik-caglar\/"},"modified":"2026-04-15T03:32:46","modified_gmt":"2026-04-15T00:32:46","slug":"aydinlik-caglar","status":"publish","type":"product","link":"https:\/\/roveyayinevi.com.tr\/index.php\/urun\/aydinlik-caglar\/","title":{"rendered":"Ayd\u0131nl\u0131k \u00c7a\u011flar"},"content":{"rendered":"<p>ORTA\u00c7A\u011e GER\u00c7EKTEN KARANLIK MIYDI?YOKSA BU, HAYAL G\u00dcC\u00dcN\u00dcN B\u0130R \u00dcR\u00dcN\u00dc M\u00dcYD\u00dc?   \u201cAyd\u0131nl\u0131k \u00c7a\u011flar, okuyucuyu ge\u00e7mi\u015f hakk\u0131ndaki \u00f6nyarg\u0131lar ve pe\u015fin h\u00fck\u00fcmler kar\u015f\u0131s\u0131nda m\u00fccadeleye \u00e7a\u011f\u0131r\u0131yor. Her ikisi de \u00f6nemli Orta\u00e7a\u011f tarih\u00e7ileri olan Gabriele ve Perry, Hollywood filmlerinden gi\u015fe rekorlar\u0131 k\u0131ran video oyunlar\u0131na, Ku Klux Klan\u2019\u0131n terminolojisinden ABD Kongre Binas\u0131\u2019na yap\u0131lan bask\u0131n s\u0131ras\u0131nda sallanan bayraklara kadar uzanan modern d\u00fcnyaya dair referanslardan yararlan\u0131yor. Rahat bir \u00fcslupla keyifli bir okuma sa\u011fl\u0131yor.\u201d -Peter Frankopan  Orta\u00e7a\u011f bir\u00e7ok kimse i\u00e7in \u201ckaranl\u0131k \u00e7a\u011flar\u201d\u0131 akla getirir: cehalet, bat\u0131l inan\u00e7lar, vah\u015fet ve k\u00f6t\u00fc hijyen y\u00fczy\u0131llar\u0131&#8230; Ancak Ayd\u0131nl\u0131k \u00c7a\u011flar, bu yayg\u0131n efsaneyi y\u0131karak Orta\u00e7a\u011f Avrupas\u0131\u2019n\u0131 t\u00fcm karma\u015f\u0131kl\u0131\u011f\u0131yla yeniden tan\u0131ml\u0131yor. Yaln\u0131zca sava\u015f ve \u00e7\u00f6k\u00fc\u015f hik\u00e2yelerine de\u011fil, ayn\u0131 zamanda birbiriyle i\u00e7 i\u00e7e ge\u00e7mi\u015f k\u00fclt\u00fcrel ve dini zenginliklere, sanatsal yeniliklere ve entelekt\u00fcel ke\u015fiflere de kap\u0131 aral\u0131yor.   \u00b7         Orta\u00e7a\u011f ger\u00e7ekten karanl\u0131k bir d\u00f6nem miydi? \u00b7         Sanat ve mimarinin, toplumsal ve dini hayattaki yeri neydi? \u00b7         Orta\u00e7a\u011f Avrupas\u0131\u2019nda g\u00fcnl\u00fck hayat nas\u0131ld\u0131? \u00b7         Kad\u0131nlar, sosyal ve siyasi hayatta ne kadar etkiliydi? Matthew Gabriele ve David M. Perry, bu gibi sorular\u0131 cevaplarken okuyucular\u0131 \u201ckaranl\u0131k \u00e7a\u011flar\u201d d\u00fc\u015f\u00fcncesi yerine, unutulmu\u015f ayd\u0131nl\u0131k bir d\u00fcnyaya davet ediyor. Ayd\u0131nl\u0131k \u00c7a\u011flar\u2019da, yaln\u0131zca siyasi \u00e7alkant\u0131larla de\u011fil, k\u00fclt\u00fcrel s\u00fcreklilik ve d\u00f6n\u00fc\u015f\u00fcmlerle de \u015fekillenen bir d\u00f6nemin karma\u015f\u0131kl\u0131\u011f\u0131n\u0131 g\u00f6zler \u00f6n\u00fcne seriyor. S\u00fcr\u00fckleyici ve ak\u0131c\u0131 bir \u00fcslupla yaz\u0131lm\u0131\u015f ve herkesin keyifle okuyabilece\u011fi bu eser, bin y\u0131ll\u0131k zaman diliminde Kuzey Avrupa\u2019dan Akdeniz\u2019e, Asya\u2019dan Afrika\u2019ya uzanan bir yolculu\u011fa \u00e7\u0131kart\u0131yor. Orta\u00e7a\u011f\u2019\u0131 romantik mitlerden ar\u0131nd\u0131rarak ger\u00e7ek insan hik\u00e2yelerine odaklan\u0131yor. Ayd\u0131nl\u0131k \u00c7a\u011flar\u2019da, ge\u00e7mi\u015fin karanl\u0131kta kalan \u0131\u015f\u0131klar\u0131n\u0131 ke\u015ffedeceksiniz.<\/p>\n","protected":false},"excerpt":{"rendered":"<p>ORTA\u00c7A\u011e GER\u00c7EKTEN KARANLIK MIYDI?YOKSA BU, HAYAL G\u00dcC\u00dcN\u00dcN B\u0130R \u00dcR\u00dcN\u00dc M\u00dcYD\u00dc? \u201cAyd\u0131nl\u0131k \u00c7a\u011flar, okuyucuyu ge\u00e7mi\u015f hakk\u0131ndaki \u00f6nyarg\u0131lar ve pe\u015fin h\u00fck\u00fcmler kar\u015f\u0131s\u0131nda m\u00fccadeleye \u00e7a\u011f\u0131r\u0131yor. Her ikisi de \u00f6nemli<span class=\"excerpt-hellip\"> [\u2026]<\/span><\/p>\n","protected":false},"featured_media":0,"template":"","meta":{"_monsterinsights_skip_tracking":false,"_monsterinsights_sitenote_active":false,"_monsterinsights_sitenote_note":"","_monsterinsights_sitenote_category":0},"product_brand":[],"product_cat":[12305,12304],"product_tag":[],"class_list":{"0":"post-767091","1":"product","2":"type-product","3":"status-publish","5":"product_cat-dunya-tarihi","6":"product_cat-tarih","7":"pa_cilt-ciltsiz","8":"pa_tur-kitap","9":"pa_yayinevi-kronik-kitap","10":"pa_yazar-matthew-gabriele-david-m-perry","12":"first","13":"instock","14":"sale","15":"shipping-taxable","16":"purchasable","17":"product-type-simple"},"_links":{"self":[{"href":"https:\/\/roveyayinevi.com.tr\/index.php\/wp-json\/wp\/v2\/product\/767091","targetHints":{"allow":["GET"]}}],"collection":[{"href":"https:\/\/roveyayinevi.com.tr\/index.php\/wp-json\/wp\/v2\/product"}],"about":[{"href":"https:\/\/roveyayinevi.com.tr\/index.php\/wp-json\/wp\/v2\/types\/product"}],"wp:attachment":[{"href":"https:\/\/roveyayinevi.com.tr\/index.php\/wp-json\/wp\/v2\/media?parent=767091"}],"wp:term":[{"taxonomy":"product_brand","embeddable":true,"href":"https:\/\/roveyayinevi.com.tr\/index.php\/wp-json\/wp\/v2\/product_brand?post=767091"},{"taxonomy":"product_cat","embeddable":true,"href":"https:\/\/roveyayinevi.com.tr\/index.php\/wp-json\/wp\/v2\/product_cat?post=767091"},{"taxonomy":"product_tag","embeddable":true,"href":"https:\/\/roveyayinevi.com.tr\/index.php\/wp-json\/wp\/v2\/product_tag?post=767091"}],"curies":[{"name":"wp","href":"https:\/\/api.w.org\/{rel}","templated":true}]}}