{"id":767038,"date":"2025-08-28T12:35:34","date_gmt":"2025-08-28T09:35:34","guid":{"rendered":"https:\/\/roveyayinevi.com.tr\/index.php\/urun\/bizans-karsisinda-turkler-2\/"},"modified":"2026-04-15T03:32:45","modified_gmt":"2026-04-15T00:32:45","slug":"bizans-karsisinda-turkler-2","status":"publish","type":"product","link":"https:\/\/roveyayinevi.com.tr\/index.php\/urun\/bizans-karsisinda-turkler-2\/","title":{"rendered":"Bizans Kar\u015f\u0131s\u0131nda T\u00fcrkler"},"content":{"rendered":"<p>Bir yanda bin y\u0131ll\u0131k bizans\u2026 Bir yanda hen\u00fcz gen\u00e7 ve taze osmanl\u0131lar. Bizans yorulmu\u015f, da\u011f\u0131n\u0131k ve buna ra\u011fmen hala ma\u011frur. Osman gazi ve arkada\u015flar\u0131 ise inan\u00e7l\u0131, heyecanl\u0131, at\u0131lgan. Bazen sava\u015f, bazen dostluk\u2026 T\u00e2 istanbul\u2019un fethi\u2019ne kadar renklenen, de\u011fi\u015fen, canl\u0131 bir ak\u0131\u015f. S\u00f6\u011f\u00fct\u2019ten istanbul\u2019a y\u00fcr\u00fcy\u00fc\u015f\u00fcn uzun ve zorlu hik\u00e2yesi\u2026 \u0130nan\u00e7la idealin, entrika ile g\u00fc\u00e7 \u00e7at\u0131\u015fmalar\u0131n\u0131n co\u011frafyay\u0131 harmanlay\u0131\u015f\u0131. Bizans kadar osmanl\u0131n\u0131n i\u00e7ine detayl\u0131 dal\u0131\u015flar. \u0130stanbul\u2019un fethi\u2019nden sonra osmanl\u0131ya m\u00fclk olacak bizans\u2019\u0131 ahmed refik\u2019in s\u00fcr\u00fckleyici kaleminden bir kez daha okumak i\u00e7in; bizans kar\u015f\u0131s\u0131nda t\u00fcrkler\u2026 <\/p>\n","protected":false},"excerpt":{"rendered":"<p>Bir yanda bin y\u0131ll\u0131k bizans\u2026 Bir yanda hen\u00fcz gen\u00e7 ve taze osmanl\u0131lar. Bizans yorulmu\u015f, da\u011f\u0131n\u0131k ve buna ra\u011fmen hala ma\u011frur. Osman gazi ve arkada\u015flar\u0131 ise inan\u00e7l\u0131,<span class=\"excerpt-hellip\"> [\u2026]<\/span><\/p>\n","protected":false},"featured_media":0,"template":"","meta":{"_monsterinsights_skip_tracking":false,"_monsterinsights_sitenote_active":false,"_monsterinsights_sitenote_note":"","_monsterinsights_sitenote_category":0},"product_brand":[],"product_cat":[12304,13650],"product_tag":[],"class_list":{"0":"post-767038","1":"product","2":"type-product","3":"status-publish","5":"product_cat-tarih","6":"product_cat-turk-tarihi-arastirmalari","7":"pa_cilt-ciltsiz","8":"pa_tur-kitap","9":"pa_yayinevi-kapi-yayinlari","10":"pa_yazar-ahmed-refik","12":"first","13":"instock","14":"sale","15":"shipping-taxable","16":"purchasable","17":"product-type-simple"},"_links":{"self":[{"href":"https:\/\/roveyayinevi.com.tr\/index.php\/wp-json\/wp\/v2\/product\/767038","targetHints":{"allow":["GET"]}}],"collection":[{"href":"https:\/\/roveyayinevi.com.tr\/index.php\/wp-json\/wp\/v2\/product"}],"about":[{"href":"https:\/\/roveyayinevi.com.tr\/index.php\/wp-json\/wp\/v2\/types\/product"}],"wp:attachment":[{"href":"https:\/\/roveyayinevi.com.tr\/index.php\/wp-json\/wp\/v2\/media?parent=767038"}],"wp:term":[{"taxonomy":"product_brand","embeddable":true,"href":"https:\/\/roveyayinevi.com.tr\/index.php\/wp-json\/wp\/v2\/product_brand?post=767038"},{"taxonomy":"product_cat","embeddable":true,"href":"https:\/\/roveyayinevi.com.tr\/index.php\/wp-json\/wp\/v2\/product_cat?post=767038"},{"taxonomy":"product_tag","embeddable":true,"href":"https:\/\/roveyayinevi.com.tr\/index.php\/wp-json\/wp\/v2\/product_tag?post=767038"}],"curies":[{"name":"wp","href":"https:\/\/api.w.org\/{rel}","templated":true}]}}