{"id":767009,"date":"2025-08-28T12:33:09","date_gmt":"2025-08-28T09:33:09","guid":{"rendered":"https:\/\/roveyayinevi.com.tr\/index.php\/urun\/osmanlida-delilik\/"},"modified":"2026-04-15T03:32:44","modified_gmt":"2026-04-15T00:32:44","slug":"osmanlida-delilik","status":"publish","type":"product","link":"https:\/\/roveyayinevi.com.tr\/index.php\/urun\/osmanlida-delilik\/","title":{"rendered":"Osmanl\u0131\u2019da Delilik"},"content":{"rendered":"<p>Osmanl\u0131 \u0130mparatorlu\u011fu\u2019nun son iki y\u00fczy\u0131l\u0131nda \u201cdelilik\u201d nas\u0131l tan\u0131mland\u0131? Ak\u0131l sa\u011fl\u0131\u011f\u0131n\u0131 kaybeden bireyler, hem toplumun hem de devletin g\u00f6z\u00fcnde hangi anlamlara b\u00fcr\u00fcnd\u00fc? Bu kitap, Osmanl\u0131\u2019n\u0131n modernle\u015fme s\u00fcrecinde delili\u011fe bak\u0131\u015f\u0131n\u0131, kurumsal politikalar\u0131n\u0131 ve ak\u0131l hastalar\u0131n\u0131n toplumsal stat\u00fcs\u00fcn\u00fc ayr\u0131nt\u0131l\u0131 bir \u015fekilde inceliyor. Ayr\u0131ca, \u201cdeli\u201d veya \u201cdelilik\u201din her d\u00f6nemde de\u011fi\u015fen anlamlar\u0131na bakarken bug\u00fcnk\u00fc kavray\u0131\u015f\u0131m\u0131za da \u0131\u015f\u0131k tutuyor. Antik Yunan t\u0131bb\u0131ndan modern t\u0131bb\u0131n geli\u015fimine kadar geni\u015f bir yelpazeyi ele alan \u00e7al\u0131\u015fma, Osmanl\u0131 toplumunda delili\u011fin yaln\u0131zca bireysel bir durum de\u011fil, ayn\u0131 zamanda siyaset, din ve modernle\u015fme aras\u0131ndaki ili\u015fkilere ayna tuttu\u011funu ortaya koyuyor. Osmanl\u0131\u2019n\u0131n kimleri \u201cdeli\u201d ilan etti\u011fini ve bu \u201cdelilerin\u201d nas\u0131l bir sosyal denetime tabi tutuldu\u011funu anlamak i\u00e7in ar\u015fiv belgelerinden doktor raporlar\u0131na edebi eserlerden g\u00fcn\u00fcm\u00fcz bak\u0131\u015f a\u00e7\u0131s\u0131na uzanan zengin bir kaynak havuzu kullanan bu kitap, tarih, siyaset ve psikiyatri kesi\u015fiminde \u00e7\u0131\u011f\u0131r a\u00e7\u0131c\u0131 bir analiz sunuyor. Delili\u011fin toplum, iktidar ve modernle\u015fme ile dans\u0131n\u0131 \u00f6\u011frenmek isteyen herkes i\u00e7in vazge\u00e7ilmez bir rehber.<\/p>\n","protected":false},"excerpt":{"rendered":"<p>Osmanl\u0131 \u0130mparatorlu\u011fu\u2019nun son iki y\u00fczy\u0131l\u0131nda \u201cdelilik\u201d nas\u0131l tan\u0131mland\u0131? Ak\u0131l sa\u011fl\u0131\u011f\u0131n\u0131 kaybeden bireyler, hem toplumun hem de devletin g\u00f6z\u00fcnde hangi anlamlara b\u00fcr\u00fcnd\u00fc? Bu kitap, Osmanl\u0131\u2019n\u0131n modernle\u015fme s\u00fcrecinde<span class=\"excerpt-hellip\"> [\u2026]<\/span><\/p>\n","protected":false},"featured_media":0,"template":"","meta":{"_monsterinsights_skip_tracking":false,"_monsterinsights_sitenote_active":false,"_monsterinsights_sitenote_note":"","_monsterinsights_sitenote_category":0},"product_brand":[],"product_cat":[13517,12304],"product_tag":[],"class_list":{"0":"post-767009","1":"product","2":"type-product","3":"status-publish","5":"product_cat-osmanli-tarihi","6":"product_cat-tarih","7":"pa_cilt-ciltsiz","8":"pa_tur-kitap","9":"pa_yayinevi-fol-kitap","10":"pa_yazar-burcu-belli","12":"first","13":"instock","14":"sale","15":"shipping-taxable","16":"purchasable","17":"product-type-simple"},"_links":{"self":[{"href":"https:\/\/roveyayinevi.com.tr\/index.php\/wp-json\/wp\/v2\/product\/767009","targetHints":{"allow":["GET"]}}],"collection":[{"href":"https:\/\/roveyayinevi.com.tr\/index.php\/wp-json\/wp\/v2\/product"}],"about":[{"href":"https:\/\/roveyayinevi.com.tr\/index.php\/wp-json\/wp\/v2\/types\/product"}],"wp:attachment":[{"href":"https:\/\/roveyayinevi.com.tr\/index.php\/wp-json\/wp\/v2\/media?parent=767009"}],"wp:term":[{"taxonomy":"product_brand","embeddable":true,"href":"https:\/\/roveyayinevi.com.tr\/index.php\/wp-json\/wp\/v2\/product_brand?post=767009"},{"taxonomy":"product_cat","embeddable":true,"href":"https:\/\/roveyayinevi.com.tr\/index.php\/wp-json\/wp\/v2\/product_cat?post=767009"},{"taxonomy":"product_tag","embeddable":true,"href":"https:\/\/roveyayinevi.com.tr\/index.php\/wp-json\/wp\/v2\/product_tag?post=767009"}],"curies":[{"name":"wp","href":"https:\/\/api.w.org\/{rel}","templated":true}]}}