{"id":766976,"date":"2025-08-28T12:32:10","date_gmt":"2025-08-28T09:32:10","guid":{"rendered":"https:\/\/roveyayinevi.com.tr\/index.php\/urun\/sanat-dunyamiz-203-kis-2025\/"},"modified":"2026-04-15T03:32:43","modified_gmt":"2026-04-15T00:32:43","slug":"sanat-dunyamiz-203-kis-2025","status":"publish","type":"product","link":"https:\/\/roveyayinevi.com.tr\/index.php\/urun\/sanat-dunyamiz-203-kis-2025\/","title":{"rendered":"Sanat D\u00fcnyam\u0131z 203 \/ K\u0131\u015f 2025"},"content":{"rendered":"<p>Sanat D\u00fcnyam\u0131z Yeni Tasar\u0131m\u0131yla Sanat D\u00fcnyam\u0131z dergisi 51. y\u0131l\u0131nda yeni tasar\u0131m\u0131yla \u00fc\u00e7 ayda bir okurlarla bulu\u015facak. Dergi g\u00fc\u00e7l\u00fc dosya konular\u0131na ek olarak g\u00fcncel sanat sahnesinden sergilere s\u00f6yle\u015fi, ele\u015ftiri ve deneme yaz\u0131lar\u0131yla yer vermeye devam edecek. Dergide bu say\u0131 ekolojiyle sanat\u0131n kesi\u015fti\u011fi yere bakan, hayvan haklar\u0131 savunucular\u0131na ve insan tahakk\u00fcm\u00fcn\u00fc sorgulayan eserlere yer veren \u201cKentin Do\u011fas\u0131 Birlikte Ya\u015famak\u201d dosyas\u0131 yer al\u0131yor. Seda Ni\u011fbolu makalesinde sanatta sokak k\u00f6peklerini incelerken, Ay\u00e7a Y\u00fcksel kentte t\u00fcrler aras\u0131 ya\u015fam\u0131n olanaklar\u0131n\u0131 ara\u015ft\u0131r\u0131yor. Monica Papi, Janis Rafa\u2019n\u0131n eserlerinde hayvan h\u00fck\u00fcmranl\u0131\u011f\u0131n\u0131 konu ediyor. Sibel Horada \u0130stanbul\u2019un sadece deniz yoluyla ula\u015f\u0131labilen k\u0131y\u0131lar\u0131ndan k\u00f6p\u00fck toplama ser\u00fcvenini yazd\u0131\u011f\u0131 ve foto\u011fraflad\u0131\u011f\u0131 foto-makalesiyle dergide. Dil\u015fad Alada\u011f erguvanlar, Timur Hammond ise incir ve aylandozlar hakk\u0131ndaki \u00e7al\u0131\u015fmalar\u0131n\u0131 payla\u015f\u0131yorlar. \u00c7\u0131nar a\u011fa\u00e7lar\u0131 ise Re\u015fad Ekrem Ko\u00e7u\u2019nun \u0130stanbul Ansiklopedisi\u2019nden Kerim Yund imzal\u0131 bir maddeyle yer buluyor. Sinop Bienali, \u201cPolifonik Bir Bah\u00e7e\u201d sergisi, Akan Beden Performans ve Konu\u015fma Dizisi, Yasemin \u00d6zcan\u2019\u0131n \u201cIslak Zemin\u201d sergisi, Barcelona\u2019da d\u00fczenlenen Manifesta 15\u2019e dair yaz\u0131lar, dosyada ekoloji ve kentin ili\u015fkisine dair sorgulamay\u0131 derinle\u015ftiriyor. 24-27 Ocak 2025 tarihlerinde d\u00fczenlenecek II. Sanat D\u00fcnyam\u0131z Film G\u00fcnleri \u201cBir de Buradan Bak\u201d temas\u0131yla sinema yazar\u0131 Engin Ertan\u2019\u0131n k\u00fcrat\u00f6rl\u00fc\u011f\u00fcnde bu y\u0131l ar\u015fivi malzeme edinen ve gizli kalanlar\u0131 anlatan filmlere odaklanacak. Bu vesileyle dergide Senem Ayta\u00e7\u2019\u0131n ar\u015fiv ve sinemaya odaklanan bir yaz\u0131s\u0131 yer al\u0131yor. \u0130nci Eviner, Umut Azad Akkel &#8211; Ozan \u00dcnl\u00fcko\u00e7, I\u015f\u0131k G\u00fcner\u2019in s\u00f6yle\u015fileri de okunabilecek. +\u0130z b\u00f6l\u00fcm\u00fcnde \u201cThere is No There There\u201d sergisi, \u201cArkas Koleksiyonu\u2019nda Victor Vasarely (1906-1997)\u201d ve \u201cYeni Topraklar\u201d sergileri, Cappadox ve \u0130stanbul Fringe Festival \u00fczerine de\u011ferlendirmeler okurlar\u0131 bekliyor. Dergi Ajanda b\u00f6l\u00fcm\u00fcyle de okurlar i\u00e7in yo\u011fun sergi g\u00fcndemini takibi kolayla\u015ft\u0131rmay\u0131 ama\u00e7l\u0131yor. <\/p>\n","protected":false},"excerpt":{"rendered":"<p>Sanat D\u00fcnyam\u0131z Yeni Tasar\u0131m\u0131yla Sanat D\u00fcnyam\u0131z dergisi 51. y\u0131l\u0131nda yeni tasar\u0131m\u0131yla \u00fc\u00e7 ayda bir okurlarla bulu\u015facak. Dergi g\u00fc\u00e7l\u00fc dosya konular\u0131na ek olarak g\u00fcncel sanat sahnesinden sergilere<span class=\"excerpt-hellip\"> [\u2026]<\/span><\/p>\n","protected":false},"featured_media":0,"template":"","meta":{"_monsterinsights_skip_tracking":false,"_monsterinsights_sitenote_active":false,"_monsterinsights_sitenote_note":"","_monsterinsights_sitenote_category":0},"product_brand":[],"product_cat":[22066,13527],"product_tag":[],"class_list":{"0":"post-766976","1":"product","2":"type-product","3":"status-publish","5":"product_cat-sanat-sureli-yayinlar","6":"product_cat-sureli-yayinlar","7":"pa_cilt-ciltsiz","8":"pa_tur-kitap","9":"pa_yayinevi-yapi-kredi-yayinlari-dergi","10":"pa_yazar-kolektif","12":"first","13":"instock","14":"sale","15":"shipping-taxable","16":"purchasable","17":"product-type-simple"},"_links":{"self":[{"href":"https:\/\/roveyayinevi.com.tr\/index.php\/wp-json\/wp\/v2\/product\/766976","targetHints":{"allow":["GET"]}}],"collection":[{"href":"https:\/\/roveyayinevi.com.tr\/index.php\/wp-json\/wp\/v2\/product"}],"about":[{"href":"https:\/\/roveyayinevi.com.tr\/index.php\/wp-json\/wp\/v2\/types\/product"}],"wp:attachment":[{"href":"https:\/\/roveyayinevi.com.tr\/index.php\/wp-json\/wp\/v2\/media?parent=766976"}],"wp:term":[{"taxonomy":"product_brand","embeddable":true,"href":"https:\/\/roveyayinevi.com.tr\/index.php\/wp-json\/wp\/v2\/product_brand?post=766976"},{"taxonomy":"product_cat","embeddable":true,"href":"https:\/\/roveyayinevi.com.tr\/index.php\/wp-json\/wp\/v2\/product_cat?post=766976"},{"taxonomy":"product_tag","embeddable":true,"href":"https:\/\/roveyayinevi.com.tr\/index.php\/wp-json\/wp\/v2\/product_tag?post=766976"}],"curies":[{"name":"wp","href":"https:\/\/api.w.org\/{rel}","templated":true}]}}