{"id":766932,"date":"2025-08-28T12:30:34","date_gmt":"2025-08-28T09:30:34","guid":{"rendered":"https:\/\/roveyayinevi.com.tr\/index.php\/urun\/zoraki-ittifak-birinci-dunya-savasinda-turk-alman-askeri-ortakligi\/"},"modified":"2026-04-15T03:32:42","modified_gmt":"2026-04-15T00:32:42","slug":"zoraki-ittifak-birinci-dunya-savasinda-turk-alman-askeri-ortakligi","status":"publish","type":"product","link":"https:\/\/roveyayinevi.com.tr\/index.php\/urun\/zoraki-ittifak-birinci-dunya-savasinda-turk-alman-askeri-ortakligi\/","title":{"rendered":"Zoraki \u0130ttifak &amp; Birinci D\u00fcnya Sava\u015f\u0131\u2019nda T\u00fcrk-Alman Askeri Ortakl\u0131\u011f\u0131"},"content":{"rendered":"<p>Tarih, sonunu bildi\u011fimiz bir filmi izlemek midir? Ba\u015flang\u0131c\u0131, hatta daha \u00f6ncesini ve aradaki kay\u0131p sahneleri g\u00f6rmek, bildiklerimizi yeniden anlamland\u0131rmam\u0131z\u0131 sa\u011flamaz m\u0131? Osmanl\u0131 Devleti\u2019nin Birinci D\u00fcnya Sava\u015f\u0131\u2019na Almanya\u2019n\u0131n yan\u0131nda kat\u0131lmas\u0131, tarih\u00e7iler aras\u0131nda s\u00fcrekli tart\u0131\u015f\u0131lan ve yo\u011fun spek\u00fclasyonlara konu olan bir mesele. Yayg\u0131n kanaat, d\u00f6nemin y\u00f6neticilerinin, hatta daha a\u00e7\u0131k ifadeyle Enver, Cemal ve Talat Pa\u015falar\u0131n, ani bir kararla devleti sava\u015fa s\u00fcr\u00fckledikleri y\u00f6n\u00fcnde. Necmettin Alkan, U\u011fur \u00dc\u00e7\u00fcnc\u00fc ve Eyyub \u015eim\u015fek&#8217;in birlikte haz\u0131rlad\u0131klar\u0131 Zoraki \u0130ttifak: Birinci D\u00fcnya Sava\u015f\u0131&#8217;nda T\u00fcrk-Alman Asker\u00ee Ortakl\u0131\u011f\u0131 isimli \u00e7al\u0131\u015fma ise alternatif bir g\u00f6r\u00fc\u015f seslendiriyor. Sava\u015f karar\u0131n\u0131n d\u00f6nemin \u015fartlar\u0131 gere\u011fi belli bir stratejiye dayan\u0131larak ve \u00e7e\u015fitli se\u00e7enekler zorland\u0131ktan sonra al\u0131nd\u0131\u011f\u0131n\u0131 ortaya koyuyor. T\u00fcrk ve Alman kaynaklar\u0131n\u0131n bir arada de\u011ferlendirildi\u011fi bu \u00e7al\u0131\u015fma, bir\u00e7ok safhas\u0131n\u0131 bildi\u011fimizi d\u00fc\u015f\u00fcnd\u00fc\u011f\u00fcm\u00fcz ve sonucu \u00fczerinden de\u011ferlendirdi\u011fimiz Birinci D\u00fcnya Sava\u015f\u0131\u2019n\u0131n ba\u015flang\u0131c\u0131ndan sonuna umudun hangi noktalarda y\u00fckseldi\u011fini, zorluklar\u0131n hangi noktalarda y\u0131ld\u0131r\u0131c\u0131 oldu\u011funu ve krizlerin nas\u0131l \u00e7\u00f6z\u00fclmeye \u00e7al\u0131\u015f\u0131ld\u0131\u011f\u0131n\u0131 g\u00f6steriyor.\u2022    Osmanl\u0131 kurmay heyeti Almanlarla ittifak kurmadan \u00f6nce \u0130ngiltere, Fransa ve Rusya ile temas kurmaya \u00e7al\u0131\u015ft\u0131 m\u0131? Bu m\u00fczakerelerden neden sonu\u00e7 al\u0131namad\u0131? \u2022    Mustafa Kemal Pa\u015fa ve K\u00e2z\u0131m Karabekir Pa\u015fa Almanlarla ittifak hakk\u0131nda ne d\u00fc\u015f\u00fcn\u00fcyorlard\u0131? \u2022    Sava\u015f boyunca a\u00e7\u0131lan cephelerde Almanya\u2019n\u0131n etkinli\u011fi ne boyutta idi? T\u00fcrk ve Alman komutanlar aras\u0131nda ne gibi sorunlar ya\u015fand\u0131? \u2022    Enver Pa\u015fa\u2019n\u0131n Kafkas siyasetine Almanlar\u0131n bak\u0131\u015f\u0131 nas\u0131ld\u0131? \u2022    Ekim Devrimi sonras\u0131 sava\u015ftan \u00e7ekilen Rusya, Almanlar i\u00e7in \u201cm\u00fcttefikleri\u201d Osmanl\u0131\u2019ya kar\u015f\u0131 oynanabilecek bir koza m\u0131 d\u00f6n\u00fc\u015ft\u00fc? \u2022    T\u00fcrk-Alman Cemiyeti\u2019ne \u00fcye olmak istemeyen Cemal Pa\u015fa Almanlar\u0131n yenilece\u011fini mi \u00f6ng\u00f6rm\u00fc\u015ft\u00fc? Osmanl\u0131\u2019n\u0131n yeti\u015ftirdi\u011fi kadrolar\u0131n d\u00fcnya sava\u015f tahtas\u0131nda oynad\u0131\u011f\u0131 zor satran\u00e7, son hamleler ve zoraki ittifak!<\/p>\n","protected":false},"excerpt":{"rendered":"<p>Tarih, sonunu bildi\u011fimiz bir filmi izlemek midir? Ba\u015flang\u0131c\u0131, hatta daha \u00f6ncesini ve aradaki kay\u0131p sahneleri g\u00f6rmek, bildiklerimizi yeniden anlamland\u0131rmam\u0131z\u0131 sa\u011flamaz m\u0131? Osmanl\u0131 Devleti\u2019nin Birinci D\u00fcnya Sava\u015f\u0131\u2019na<span class=\"excerpt-hellip\"> [\u2026]<\/span><\/p>\n","protected":false},"featured_media":0,"template":"","meta":{"_monsterinsights_skip_tracking":false,"_monsterinsights_sitenote_active":false,"_monsterinsights_sitenote_note":"","_monsterinsights_sitenote_category":0},"product_brand":[],"product_cat":[12304,13493],"product_tag":[],"class_list":{"0":"post-766932","1":"product","2":"type-product","3":"status-publish","5":"product_cat-tarih","6":"product_cat-turkiye-ve-cumhuriyet-tarihi","7":"pa_cilt-ciltsiz","8":"pa_tur-kitap","9":"pa_yayinevi-timas-yayinlari","10":"pa_yazar-eyyub-simsek-necmettin-alkan-ugur-ucuncu","12":"first","13":"instock","14":"sale","15":"shipping-taxable","16":"purchasable","17":"product-type-simple"},"_links":{"self":[{"href":"https:\/\/roveyayinevi.com.tr\/index.php\/wp-json\/wp\/v2\/product\/766932","targetHints":{"allow":["GET"]}}],"collection":[{"href":"https:\/\/roveyayinevi.com.tr\/index.php\/wp-json\/wp\/v2\/product"}],"about":[{"href":"https:\/\/roveyayinevi.com.tr\/index.php\/wp-json\/wp\/v2\/types\/product"}],"wp:attachment":[{"href":"https:\/\/roveyayinevi.com.tr\/index.php\/wp-json\/wp\/v2\/media?parent=766932"}],"wp:term":[{"taxonomy":"product_brand","embeddable":true,"href":"https:\/\/roveyayinevi.com.tr\/index.php\/wp-json\/wp\/v2\/product_brand?post=766932"},{"taxonomy":"product_cat","embeddable":true,"href":"https:\/\/roveyayinevi.com.tr\/index.php\/wp-json\/wp\/v2\/product_cat?post=766932"},{"taxonomy":"product_tag","embeddable":true,"href":"https:\/\/roveyayinevi.com.tr\/index.php\/wp-json\/wp\/v2\/product_tag?post=766932"}],"curies":[{"name":"wp","href":"https:\/\/api.w.org\/{rel}","templated":true}]}}