{"id":766890,"date":"2025-08-28T12:29:15","date_gmt":"2025-08-28T09:29:15","guid":{"rendered":"https:\/\/roveyayinevi.com.tr\/index.php\/urun\/aydinlanma-savascilari\/"},"modified":"2026-04-15T03:32:41","modified_gmt":"2026-04-15T00:32:41","slug":"aydinlanma-savascilari","status":"publish","type":"product","link":"https:\/\/roveyayinevi.com.tr\/index.php\/urun\/aydinlanma-savascilari\/","title":{"rendered":"Ayd\u0131nlanma Sava\u015f\u00e7\u0131lar\u0131"},"content":{"rendered":"<p>Hi\u00e7 karamsar olmayal\u0131m, bu al\u00e7ak bulutlar bir g\u00fcn nas\u0131l olsa kalkacak. Bu sis da\u011f\u0131lacak ve d\u00fc\u015f\u00fcnce \u00f6zg\u00fcrl\u00fc\u011f\u00fcn\u00fcn parlak \u0131\u015f\u0131klar\u0131 her yeri \u00e7er\u00e7eve ayd\u0131nlanacak\u2026 U\u011fur Mumcu \u2026\u00dclkemizde Ayd\u0131nlanman\u0131n, \u00f6zg\u00fcr d\u00fc\u015f\u00fcncenin \u00f6nc\u00fcs\u00fc ve \u00f6d\u00fcns\u00fcz savunucusu, ad\u0131 Atat\u00fcrk taraf\u0131ndan konulan Cumhuriyet gazetesi de bu u\u011furda pek \u00e7ok sald\u0131r\u0131ya u\u011frad\u0131, yazarlar\u0131n\u0131 \u015fehit verdi. Orhan T\u00fcleylio\u011flu\u2019nun Ayd\u0131nlanma Sava\u015f\u00e7\u0131lar\u0131\u2019nda ayr\u0131nt\u0131larla inceledi\u011fi Cumhuriyet gazetesi yazarlar\u0131 Prof. Dr. Muammer Aksoy, Do\u00e7. Dr. Bahriye \u00dc\u00e7ok, Prof. Dr. Ahmet Taner K\u0131\u015flal\u0131, Prof. Dr. Cavit Orhan T\u00fctengil, Onat Kutlar, Do\u00e7. Dr. Bedrettin C\u00f6mert, \u00dcmit Kaftanc\u0131o\u011flu, U\u011fur Mumcu kur\u015funlanarak, bombalanarak \u00f6ld\u00fcr\u00fcld\u00fcler. Prof. Dr. Server Tanilli kur\u015funland\u0131, \u00f6mr\u00fcnce tekerlekli sandalyeye mahk\u00fbm kalmas\u0131 yaratmas\u0131n\u0131 \u00f6nleyemedi, Ord. Prof. Dr. H\u0131fz\u0131 Veldet Velidedeo\u011flu daha lise \u00e7a\u011f\u0131nda Millet Meclisi\u2019nde K\u00e2tiplik ederek ba\u015flad\u0131\u011f\u0131 Cumhuriyet s\u00f6zc\u00fcl\u00fc\u011f\u00fcn\u00fc, yetkin t\u00fcze bilimci kimli\u011fiyle peki\u015ftirerek ya\u015fam\u0131 boyunca kararl\u0131l\u0131k, e\u015fsiz bilin\u00e7le s\u00fcrd\u00fcrd\u00fc. Ceyhun At\u0131f Kansu aileden gelen ulus yap\u0131c\u0131 niteli\u011fiyle, istenci do\u011frultusunda vard\u0131\u011f\u0131 Turhal\u2019da 11 y\u0131l \u00e7al\u0131\u015ft\u0131, \u00e7ocuk hekimiydi, g\u00fczelim \u015fiirlerini halk\u00e7\u0131, d\u00fc\u015f\u00fcn\u00fcr ki\u015fili\u011fiyle yazd\u0131. \u2026. \u2026.. Erol Manisal\u0131, T\u00fcrkan Saylan ve \u0130lhan Sel\u00e7uk ge\u00e7mi\u015fte \u00e7ektikleri bask\u0131lar, eziyetler yetmemi\u015f gibi bir de FET\u00d6 k\u0131saltmal\u0131, din g\u00f6r\u00fcn\u00fcml\u00fc CIA casusluk \u00f6rg\u00fct\u00fcn\u00fcn i\u015fkencelerine u\u011frad\u0131lar. Yay\u0131lmac\u0131l\u0131\u011f\u0131n \u00fclkemize kar\u015f\u0131 ad\u0131m ad\u0131m a\u011f\u0131rla\u015fan sald\u0131r\u0131s\u0131n\u0131 p\u00fcsk\u00fcrterek g\u00fc\u00e7, Orhan T\u00fcleylio\u011flu\u2019nun gelecek ku\u015faklara aktard\u0131\u011f\u0131 canlar\u0131m\u0131z\u0131n yap\u0131tlar\u0131nda varl\u0131k bulan bilin\u00e7tedir. T\u00fcleylio\u011flu dostumu y\u00fcrekten kutlar\u0131m. G\u00fcnay G\u00fcner <\/p>\n","protected":false},"excerpt":{"rendered":"<p>Hi\u00e7 karamsar olmayal\u0131m, bu al\u00e7ak bulutlar bir g\u00fcn nas\u0131l olsa kalkacak. Bu sis da\u011f\u0131lacak ve d\u00fc\u015f\u00fcnce \u00f6zg\u00fcrl\u00fc\u011f\u00fcn\u00fcn parlak \u0131\u015f\u0131klar\u0131 her yeri \u00e7er\u00e7eve ayd\u0131nlanacak\u2026 U\u011fur Mumcu \u2026\u00dclkemizde<span class=\"excerpt-hellip\"> [\u2026]<\/span><\/p>\n","protected":false},"featured_media":0,"template":"","meta":{"_monsterinsights_skip_tracking":false,"_monsterinsights_sitenote_active":false,"_monsterinsights_sitenote_note":"","_monsterinsights_sitenote_category":0},"product_brand":[],"product_cat":[12304,13650],"product_tag":[],"class_list":{"0":"post-766890","1":"product","2":"type-product","3":"status-publish","5":"product_cat-tarih","6":"product_cat-turk-tarihi-arastirmalari","7":"pa_cilt-ciltsiz","8":"pa_tur-kitap","9":"pa_yayinevi-cumhuriyet-kitaplari","10":"pa_yazar-orhan-tuleylioglu","12":"first","13":"instock","14":"sale","15":"shipping-taxable","16":"purchasable","17":"product-type-simple"},"_links":{"self":[{"href":"https:\/\/roveyayinevi.com.tr\/index.php\/wp-json\/wp\/v2\/product\/766890","targetHints":{"allow":["GET"]}}],"collection":[{"href":"https:\/\/roveyayinevi.com.tr\/index.php\/wp-json\/wp\/v2\/product"}],"about":[{"href":"https:\/\/roveyayinevi.com.tr\/index.php\/wp-json\/wp\/v2\/types\/product"}],"wp:attachment":[{"href":"https:\/\/roveyayinevi.com.tr\/index.php\/wp-json\/wp\/v2\/media?parent=766890"}],"wp:term":[{"taxonomy":"product_brand","embeddable":true,"href":"https:\/\/roveyayinevi.com.tr\/index.php\/wp-json\/wp\/v2\/product_brand?post=766890"},{"taxonomy":"product_cat","embeddable":true,"href":"https:\/\/roveyayinevi.com.tr\/index.php\/wp-json\/wp\/v2\/product_cat?post=766890"},{"taxonomy":"product_tag","embeddable":true,"href":"https:\/\/roveyayinevi.com.tr\/index.php\/wp-json\/wp\/v2\/product_tag?post=766890"}],"curies":[{"name":"wp","href":"https:\/\/api.w.org\/{rel}","templated":true}]}}