{"id":766822,"date":"2025-08-28T12:26:26","date_gmt":"2025-08-28T09:26:26","guid":{"rendered":"https:\/\/roveyayinevi.com.tr\/index.php\/urun\/bestekarlar-cikmazi\/"},"modified":"2026-01-30T04:02:43","modified_gmt":"2026-01-30T01:02:43","slug":"bestekarlar-cikmazi","status":"publish","type":"product","link":"https:\/\/roveyayinevi.com.tr\/index.php\/urun\/bestekarlar-cikmazi\/","title":{"rendered":"Bestekarlar \u00c7\u0131kmaz\u0131"},"content":{"rendered":"<p>&#8220;&#8230;D\u00fcnyada say\u0131lar\u0131 y\u00fczbinleri bulan ve gittik\u00e7e de artan sanat m\u00fczi\u011fi bestecileri, al\u0131c\u0131s\u0131 olmayan bir mal\u0131 \u00fcrete duran gereksiz ki\u015filer olarak u\u011fra\u015flar\u0131n\u0131 s\u00fcrd\u00fcrmektedirler. Y\u0131\u011f\u0131nlara seslerini duyurmalar\u0131na (ve bu yolla ge\u00e7imlerini sa\u011flamalar\u0131na) yararl\u0131 olacak b\u00fct\u00fcn alanlar\u0131n t\u0131kand\u0131\u011f\u0131n\u0131 g\u00f6rd\u00fcklerinden, \u00fcniversitelerin ve meslek \u00f6rg\u00fctlerinin kabu\u011funa \u00e7ekilmekten, u\u011fra\u015flar\u0131n\u0131 orada s\u00fcrd\u00fcrmekten ve birbirleri i\u00e7in m\u00fczik yazmaktan ba\u015fka \u00e7\u0131kar yol bulamam\u0131\u015ft\u0131r. Edgard Varese &#8220;\u00c7a\u011fda\u015f besteci \u00f6l\u00fcme kar\u015f\u0131 koyuyor&#8221; diye bir bayrak a\u00e7m\u0131\u015ft\u0131. Bu bayrak hala dalgalan\u0131yor. Besteci, can d\u00fc\u015fmanlar\u0131n\u0131 tan\u0131mak, bir \u00f6l\u00fcm kal\u0131m sava\u015f\u0131 i\u00e7inde oldu\u011funun bilincini ta\u015f\u0131mak ve bu bilince g\u00f6re eylem yolunu \u00e7izmek zorundad\u0131r&#8230;&#8221;     \u00b7         Musiki Bilgini Farabi&#8217;nin yakla\u015f\u0131m\u0131yla, Turhan Ta\u015fan&#8217;\u0131n bestelerinin analizi&#8230; \u00b7         T\u00fcrkiye&#8217;de T\u00fcrk m\u00fczi\u011fi bestek\u00e2r\u0131 olmak ne demektir? Bir bestek\u00e2r\u0131n musiki yolculu\u011fu nas\u0131l \u015fekilleniyor? \u00b7         T\u00fcrk M\u00fczi\u011fi duygu i\u015f\u00e7ilerinin ya\u015famlar\u0131ndaki \u00f6nemli olaylar nelerdir? \u00b7         Plak\/Kaset d\u00fcnyas\u0131n\u0131n bilinmeyen ger\u00e7ekleri nelerdir? \u00b7         \u015eaibeli besteler, g\u00fcfteler nelerdir, ger\u00e7ekte kimlere aittir? \u00b7         Son nefeslerinde Turhan Ta\u015fan&#8217;\u0131n vedala\u015fma imkan\u0131 buldu\u011fu usta sanat\u00e7\u0131lar kimlerdir, neler s\u00f6ylediler? \u00b7         Turhan Ta\u015fan&#8217;a tarihi denilebilecek mektuplar g\u00f6nderen usta bestek\u00e2r\/g\u00fcfte \u015fairi neler yazm\u0131\u015flard\u0131? \u00b7         T\u00fcrkiye&#8217;de musiki eserler i\u00e7in telif hakk\u0131 nereden nereye geldi, nereye gidiyor? \u00b7         Beste Yar\u0131\u015fmalar\u0131nda ya\u015fanan ilgin\u00e7 olaylar? \u00b7         &#8220;Kal\u0131c\u0131 ve iyi bir beste nas\u0131l olmal\u0131d\u0131r?&#8221; sorusuna ya\u015fayan \u00fcstad bestek\u00e2rlar\u0131n cevaplar\u0131? \u00b7         T\u00fcrkiye&#8217;de musiki ile ilgili kitap yazman\u0131n zorluklar\u0131 nelerdir? \u00b7         Ya\u015fayan \u00fcstat bestek\u00e2rlar\u0131n g\u00fcn\u00fcm\u00fczdeki korolarla ve koro \u015fefleriyle ilgili g\u00f6r\u00fc\u015fleri nelerdir? \u00b7         Eski ku\u015fak bestek\u00e2rlarla g\u00fcn\u00fcm\u00fcz bestek\u00e2rlar\u0131 aras\u0131ndaki farklar nelerdir?<\/p>\n","protected":false},"excerpt":{"rendered":"<p>&#8220;&#8230;D\u00fcnyada say\u0131lar\u0131 y\u00fczbinleri bulan ve gittik\u00e7e de artan sanat m\u00fczi\u011fi bestecileri, al\u0131c\u0131s\u0131 olmayan bir mal\u0131 \u00fcrete duran gereksiz ki\u015filer olarak u\u011fra\u015flar\u0131n\u0131 s\u00fcrd\u00fcrmektedirler. Y\u0131\u011f\u0131nlara seslerini duyurmalar\u0131na (ve<span class=\"excerpt-hellip\"> [\u2026]<\/span><\/p>\n","protected":false},"featured_media":0,"template":"","meta":{"_monsterinsights_skip_tracking":false,"_monsterinsights_sitenote_active":false,"_monsterinsights_sitenote_note":"","_monsterinsights_sitenote_category":0},"product_brand":[],"product_cat":[12408],"product_tag":[],"class_list":{"0":"post-766822","1":"product","2":"type-product","3":"status-publish","5":"product_cat-sanat","6":"pa_cilt-ciltsiz","7":"pa_tur-kitap","8":"pa_yayinevi-vova-yayinlari","9":"pa_yazar-ikrami-ozturan","11":"first","12":"instock","13":"sale","14":"shipping-taxable","15":"purchasable","16":"product-type-simple"},"_links":{"self":[{"href":"https:\/\/roveyayinevi.com.tr\/index.php\/wp-json\/wp\/v2\/product\/766822","targetHints":{"allow":["GET"]}}],"collection":[{"href":"https:\/\/roveyayinevi.com.tr\/index.php\/wp-json\/wp\/v2\/product"}],"about":[{"href":"https:\/\/roveyayinevi.com.tr\/index.php\/wp-json\/wp\/v2\/types\/product"}],"wp:attachment":[{"href":"https:\/\/roveyayinevi.com.tr\/index.php\/wp-json\/wp\/v2\/media?parent=766822"}],"wp:term":[{"taxonomy":"product_brand","embeddable":true,"href":"https:\/\/roveyayinevi.com.tr\/index.php\/wp-json\/wp\/v2\/product_brand?post=766822"},{"taxonomy":"product_cat","embeddable":true,"href":"https:\/\/roveyayinevi.com.tr\/index.php\/wp-json\/wp\/v2\/product_cat?post=766822"},{"taxonomy":"product_tag","embeddable":true,"href":"https:\/\/roveyayinevi.com.tr\/index.php\/wp-json\/wp\/v2\/product_tag?post=766822"}],"curies":[{"name":"wp","href":"https:\/\/api.w.org\/{rel}","templated":true}]}}