{"id":766641,"date":"2025-08-28T12:20:18","date_gmt":"2025-08-28T09:20:18","guid":{"rendered":"https:\/\/roveyayinevi.com.tr\/index.php\/urun\/babamin-kusagi-ve-ben\/"},"modified":"2026-04-15T03:32:19","modified_gmt":"2026-04-15T00:32:19","slug":"babamin-kusagi-ve-ben","status":"publish","type":"product","link":"https:\/\/roveyayinevi.com.tr\/index.php\/urun\/babamin-kusagi-ve-ben\/","title":{"rendered":"Babam\u0131n Ku\u015fa\u011f\u0131 ve Ben"},"content":{"rendered":"<p>Modern \u00c7in\u2019in bu\u0308yu\u0308k ustalar\u0131ndan Yan Lianke\u2019nin, kendisinin ve ailesinin hayatlar\u0131n\u0131 merkeze ald\u0131\u011f\u0131, atalar\u0131na hu\u0308rmetlerini sundu\u011fu \u00e7ok \u00f6zel bir an\u0131 kitab\u0131 Babam\u0131n Ku\u015fa\u011f\u0131 ve Ben.   Babas\u0131n\u0131n ve amcalar\u0131n\u0131n \u00f6lu\u0308mlerinin akabinde, onlar\u0131n an\u0131s\u0131na yazmas\u0131 gerekti\u011fine inanan Yan Lianke, anlat\u0131ya kendi \u00e7ocuklu\u011fundan ve yazar olana kadar \u00e7ektiklerinden ba\u015fl\u0131yor: O\u011flan \u00e7ocu\u011funun ablas\u0131yla, k\u00f6ylu\u0308 \u00e7ocu\u011fun \u015fehirli \u00e7ocukla rekabeti, hasatta toprakta gurbette ta\u015foca\u011f\u0131nda i\u015f\u00e7ili\u011fe, \u00e7imento fabrikas\u0131ndan askeriyeye durmaks\u0131z\u0131n \u00e7al\u0131\u015f\u0131rken romanlar\u0131n\u0131 yazarak nas\u0131l yazara d\u00f6nu\u0308\u015ftu\u0308\u011fu\u0308nu\u0308 anlat\u0131yor.   Ama daha bu\u0308yu\u0308k bir anlat\u0131, minnet borcunu g\u00f6stermeye \u00e7al\u0131\u015ft\u0131\u011f\u0131 babas\u0131n\u0131n ku\u015fa\u011f\u0131 hakk\u0131nda: Kendisinin zay\u0131f sa\u011fl\u0131\u011f\u0131na ra\u011fmen ailesi ve hasta bu\u0308yu\u0308k k\u0131z\u0131 i\u00e7in her tu\u0308rlu\u0308 fedak\u00e2rl\u0131\u011f\u0131 yap\u0131p erkenden g\u00f6\u00e7en babas\u0131n\u0131; k\u00f6yu\u0308n en itibarl\u0131 evini in\u015fa etmesine ra\u011fmen kumar illetinden kurtulamayan bu\u0308yu\u0308k amcas\u0131n\u0131 ve k\u00f6yu\u0308n d\u0131\u015f\u0131nda \u00e7al\u0131\u015fan ilk insan olan, bu nedenle \u201cboyun e\u011fmi\u015f\u201d ve \u201carada kalm\u0131\u015f\u201d d\u00f6rdu\u0308ncu\u0308 amcas\u0131n\u0131 anlat\u0131rken, yoksullu\u011fun, k\u00f6ylu\u0308lu\u0308\u011fu\u0308n, emek\u00e7ili\u011fin, aile de\u011ferlerinin ger\u00e7ek\u00e7i ve melodramatik bir tahlilini ortaya koyuyor, ne fedak\u00e2rl\u0131klar\u0131n bizi bugu\u0308ne getirdi\u011fini g\u00f6steriyor.   \u201cBabam\u0131n Ku\u015fa\u011f\u0131 ve Ben kader, de\u011fi\u015fim, mutluluk hakk\u0131nda ve Yan\u2019\u0131n deyi\u015fiyle \u2018hayat\u2019la \u2018ya\u015fama\u2019y\u0131 kar\u015f\u0131la\u015ft\u0131ran uzun terennu\u0308mler i\u00e7eriyor&#8230; Bu temalara ve fikirlere can veren Yan\u2019\u0131n izlenimci aile biyografisi tarz\u0131&#8230; Zaman\u0131n \u00e7\u00f6ku\u0308\u015fu\u0308yle, bu Proust\u2019u and\u0131ran y\u00f6ntem s\u0131k s\u0131k Yan\u2019\u0131 ve okuru kendisiyle yu\u0308z yu\u0308ze b\u0131rak\u0131yor.\u201d \u2013SOUTH CHINA MORNING POST   \u201cBir \u00f6mu\u0308r boyunca \u00e7ocuklar\u0131 i\u00e7in geleneksel evler in\u015fa eden, k\u0131zlar\u0131 i\u00e7in \u00e7eyiz sa\u011flayan [Yan\u2019\u0131n] babalar\u0131n ku\u015fa\u011f\u0131na bir a\u011f\u0131t. Ba\u015fard\u0131klar\u0131nda, du\u0308nyalar\u0131 h\u0131zl\u0131 de\u011fi\u015fimle ellerinin aras\u0131ndan kay\u0131yor&#8230;\u201d \u2013ISABEL HILTON, FINANCIAL TIMES   <\/p>\n","protected":false},"excerpt":{"rendered":"<p>Modern \u00c7in\u2019in bu\u0308yu\u0308k ustalar\u0131ndan Yan Lianke\u2019nin, kendisinin ve ailesinin hayatlar\u0131n\u0131 merkeze ald\u0131\u011f\u0131, atalar\u0131na hu\u0308rmetlerini sundu\u011fu \u00e7ok \u00f6zel bir an\u0131 kitab\u0131 Babam\u0131n Ku\u015fa\u011f\u0131 ve Ben. Babas\u0131n\u0131n ve<span class=\"excerpt-hellip\"> [\u2026]<\/span><\/p>\n","protected":false},"featured_media":0,"template":"","meta":{"_monsterinsights_skip_tracking":false,"_monsterinsights_sitenote_active":false,"_monsterinsights_sitenote_note":"","_monsterinsights_sitenote_category":0},"product_brand":[],"product_cat":[13701,12291],"product_tag":[],"class_list":{"0":"post-766641","1":"product","2":"type-product","3":"status-publish","5":"product_cat-ani-mektup-gunluk","6":"product_cat-edebiyat","7":"pa_cilt-ciltsiz","8":"pa_tur-kitap","9":"pa_yayinevi-ithaki-yayinlari","10":"pa_yazar-yan-lianke","12":"first","13":"instock","14":"sale","15":"shipping-taxable","16":"purchasable","17":"product-type-simple"},"_links":{"self":[{"href":"https:\/\/roveyayinevi.com.tr\/index.php\/wp-json\/wp\/v2\/product\/766641","targetHints":{"allow":["GET"]}}],"collection":[{"href":"https:\/\/roveyayinevi.com.tr\/index.php\/wp-json\/wp\/v2\/product"}],"about":[{"href":"https:\/\/roveyayinevi.com.tr\/index.php\/wp-json\/wp\/v2\/types\/product"}],"wp:attachment":[{"href":"https:\/\/roveyayinevi.com.tr\/index.php\/wp-json\/wp\/v2\/media?parent=766641"}],"wp:term":[{"taxonomy":"product_brand","embeddable":true,"href":"https:\/\/roveyayinevi.com.tr\/index.php\/wp-json\/wp\/v2\/product_brand?post=766641"},{"taxonomy":"product_cat","embeddable":true,"href":"https:\/\/roveyayinevi.com.tr\/index.php\/wp-json\/wp\/v2\/product_cat?post=766641"},{"taxonomy":"product_tag","embeddable":true,"href":"https:\/\/roveyayinevi.com.tr\/index.php\/wp-json\/wp\/v2\/product_tag?post=766641"}],"curies":[{"name":"wp","href":"https:\/\/api.w.org\/{rel}","templated":true}]}}