{"id":766537,"date":"2025-08-28T12:16:50","date_gmt":"2025-08-28T09:16:50","guid":{"rendered":"https:\/\/roveyayinevi.com.tr\/index.php\/urun\/insanin-evrimi-3\/"},"modified":"2026-04-15T03:32:16","modified_gmt":"2026-04-15T00:32:16","slug":"insanin-evrimi-3","status":"publish","type":"product","link":"https:\/\/roveyayinevi.com.tr\/index.php\/urun\/insanin-evrimi-3\/","title":{"rendered":"\u0130nsan\u0131n Evrimi"},"content":{"rendered":"<p>\u0130nsan\u0131n Evrimi i\u00e7in birka\u00e7 c\u00fcmle: Belki de d\u00fcnyada bug\u00fcne kadar en \u00e7ok tart\u0131\u015f\u0131lan konu evrim, daha dar kapsamda insan evrimi olmu\u015ftur. \u00c7\u00fcnk\u00fc insan\u0131n evrimine gelebilmek i\u00e7in \u00f6nce matematik, fizik, kimya, astronomi, jeoloji bilimlerinin belirli bir d\u00fczeye gelmesi beklenildi. \u00c7\u00fcnk\u00fc evrim mekanizmas\u0131n\u0131n i\u00e7eri\u011finde bu bilimlerin t\u00fcm\u00fc \u015fu ya da bu \u015fekilde i\u015fleniyor. \u0130nsan, d\u00fc\u015f\u00fcnce sistemimizde tamamen do\u011fan\u0131n mekani\u011finden ar\u0131nd\u0131r\u0131larak ba\u015fka bir yere oturtulmas\u0131 nedeniyle, ona farkl\u0131 s\u0131fatlar verilerek do\u011fa\u00fcst\u00fc bir stat\u00fcye yerle\u015ftirilmi\u015ftir. Evrim bilimi, insan\u0131n do\u011fan\u0131n bir par\u00e7as\u0131 ve her canl\u0131 gibi ayn\u0131 kurallara ba\u011fl\u0131 oldu\u011funu saptay\u0131nca, \u00f6zellikle dogmaya saplanm\u0131\u015f kesim taraf\u0131ndan aforoz edildi. Yaln\u0131zca evrim kavram\u0131n\u0131 i\u00e7selle\u015ftiren toplumlar, de\u011fi\u015fime a\u00e7\u0131k olmalar\u0131 nedeniyle geli\u015fmelerine devam ederken, dogmaya saplanm\u0131\u015f olanlar yerlerinde sayd\u0131lar. Evrim konusu iki kitap olarak sunulmu\u015ftur. Birinci kitapta, d\u00fcnyan\u0131n olu\u015fumundan insan\u0131n atas\u0131n\u0131n ortaya \u00e7\u0131k\u0131\u015f\u0131na kadar olan geli\u015fmeler ve bu s\u00fcre\u00e7te i\u015fleyen kurallar ele al\u0131nm\u0131\u015ft\u0131r. \u00c7\u00fcnk\u00fc evrim bilimi bir s\u00fcrecin incelenmesi olarak da tan\u0131mlanabilir. Dolay\u0131s\u0131yla insana gelinceye kadar ya\u015fanm\u0131\u015f de\u011fi\u015fimlerin bilinmesi g\u00fcn\u00fcm\u00fczdeki g\u00f6zlemlere \u0131\u015f\u0131k tutacakt\u0131r. Elinizdeki bu ikinci kitap, insan\u0131n evrimini a\u00e7\u0131klamaktad\u0131r. Evrim say\u0131s\u0131z basamaklardan olu\u015fmu\u015f, gittik\u00e7e t\u0131rmanan bir s\u00fcre\u00e7tir. Her basama\u011f\u0131n teker teker a\u00e7\u0131klanmas\u0131 s\u00f6z konusu olamayaca\u011f\u0131 gibi, baz\u0131 basamaklar\u0131n b\u00fct\u00fcn\u00fcyle bilimsel olarak a\u00e7\u0131kland\u0131\u011f\u0131n\u0131 s\u00f6ylemek de yersiz olacakt\u0131r. Onlar\u0131n a\u00e7\u0131klanmas\u0131 zamana ba\u011fl\u0131d\u0131r. Unutmayal\u0131m ki, DNA 1950&#8217;li y\u0131llarda bulundu, 1960&#8217;l\u0131 y\u0131llarda yap\u0131s\u0131 a\u00e7\u0131kland\u0131, 1980&#8217;li y\u0131llarda i\u015flevi a\u00e7\u0131klanmaya ba\u015fland\u0131. Bu kadar k\u0131sa zamanda milyonlarca canl\u0131n\u0131n geli\u015fimini a\u00e7\u0131klamay\u0131 beklemek herhalde bir d\u00fc\u015f\u00fcnme hatas\u0131 olacakt\u0131r. Sonu\u00e7 olarak evrim, a olarak girilen bir yerden b olarak \u00e7\u0131kman\u0131n ad\u0131d\u0131r. Bu kitab\u0131 okuyanlar b olarak \u00e7\u0131kmam\u0131\u015flarsa ya bu kitab\u0131 yazan hatal\u0131 yazm\u0131\u015ft\u0131r ya da okuyan\u0131n beyninde de\u011fi\u015ftirilemeyen bir tortunun varl\u0131\u011f\u0131 s\u00f6z konusudur.   Ali DEM\u0130RSOY <\/p>\n","protected":false},"excerpt":{"rendered":"<p>\u0130nsan\u0131n Evrimi i\u00e7in birka\u00e7 c\u00fcmle: Belki de d\u00fcnyada bug\u00fcne kadar en \u00e7ok tart\u0131\u015f\u0131lan konu evrim, daha dar kapsamda insan evrimi olmu\u015ftur. \u00c7\u00fcnk\u00fc insan\u0131n evrimine gelebilmek i\u00e7in<span class=\"excerpt-hellip\"> [\u2026]<\/span><\/p>\n","protected":false},"featured_media":0,"template":"","meta":{"_monsterinsights_skip_tracking":false,"_monsterinsights_sitenote_active":false,"_monsterinsights_sitenote_note":"","_monsterinsights_sitenote_category":0},"product_brand":[],"product_cat":[13005,13006],"product_tag":[],"class_list":{"0":"post-766537","1":"product","2":"type-product","3":"status-publish","5":"product_cat-bilim-muhendislik","6":"product_cat-populer-bilim","7":"pa_cilt-ciltsiz","8":"pa_tur-kitap","9":"pa_yayinevi-akil-celen-kitaplar","10":"pa_yazar-ali-demirsoy","12":"first","13":"instock","14":"sale","15":"shipping-taxable","16":"purchasable","17":"product-type-simple"},"_links":{"self":[{"href":"https:\/\/roveyayinevi.com.tr\/index.php\/wp-json\/wp\/v2\/product\/766537","targetHints":{"allow":["GET"]}}],"collection":[{"href":"https:\/\/roveyayinevi.com.tr\/index.php\/wp-json\/wp\/v2\/product"}],"about":[{"href":"https:\/\/roveyayinevi.com.tr\/index.php\/wp-json\/wp\/v2\/types\/product"}],"wp:attachment":[{"href":"https:\/\/roveyayinevi.com.tr\/index.php\/wp-json\/wp\/v2\/media?parent=766537"}],"wp:term":[{"taxonomy":"product_brand","embeddable":true,"href":"https:\/\/roveyayinevi.com.tr\/index.php\/wp-json\/wp\/v2\/product_brand?post=766537"},{"taxonomy":"product_cat","embeddable":true,"href":"https:\/\/roveyayinevi.com.tr\/index.php\/wp-json\/wp\/v2\/product_cat?post=766537"},{"taxonomy":"product_tag","embeddable":true,"href":"https:\/\/roveyayinevi.com.tr\/index.php\/wp-json\/wp\/v2\/product_tag?post=766537"}],"curies":[{"name":"wp","href":"https:\/\/api.w.org\/{rel}","templated":true}]}}