{"id":766454,"date":"2025-08-28T12:14:18","date_gmt":"2025-08-28T09:14:18","guid":{"rendered":"https:\/\/roveyayinevi.com.tr\/index.php\/urun\/nazi-almanyasi\/"},"modified":"2026-04-15T03:32:14","modified_gmt":"2026-04-15T00:32:14","slug":"nazi-almanyasi","status":"publish","type":"product","link":"https:\/\/roveyayinevi.com.tr\/index.php\/urun\/nazi-almanyasi\/","title":{"rendered":"Nazi Almanyas\u0131"},"content":{"rendered":"<p>1933\u2019te bir se\u00e7imle ba\u015flay\u0131p 1945\u2019te Sovyet ordular\u0131n\u0131n Berlin\u2019e girmesiyle da\u011f\u0131lan Nazi \u0130ktidar\u0131n\u0131n \u00e7\u00f6k\u00fc\u015f\u00fcn\u00fcn \u00fcst\u00fcnden neredeyse 80 sene ge\u00e7mesine ra\u011fmen, Nazilerin iktidar\u0131 tarih\u00e7ilerin, siyaset bilimcilerin, felsefecilerin, sanat\u00e7\u0131lar\u0131n g\u00fcndemini ve kamusal tart\u0131\u015fmalar\u0131 neden h\u00e2l\u00e2 me\u015fgul ediyor? Kimileri Holokost\u2019u kimileri demokratik se\u00e7imlerin fa\u015fist bir iktidar do\u011furmas\u0131n\u0131, kimileri de \u0130kinci D\u00fcnya Sava\u015f\u0131 cephelerindeki kan g\u00f6l\u00fcn\u00fc \u00f6rnek g\u00f6sterecektir. \u015e\u00fcphesiz bunlar\u0131n hepsi do\u011frudur. Ama belki de Nazi Almanyas\u0131\u2019n\u0131n toplumsal tasavvurumuz \u00fczerinde b\u0131rakt\u0131\u011f\u0131 izin ba\u015fl\u0131ca sebebi, y\u00fckseli\u015fini ve \u00e7\u00f6k\u00fc\u015f\u00fcn\u00fc iyi kavraman\u0131n bizi benzer tehlikelerden koruyaca\u011f\u0131na dair inanc\u0131m\u0131zd\u0131r. Nazi Almanyas\u0131 her ne kadar pek \u00e7ok tart\u0131\u015fmada tekille\u015ftirilmeye ve istisnala\u015ft\u0131r\u0131lmaya \u00e7al\u0131\u015f\u0131lsa da tarihsel bir fenomendir, tarihselle\u015ftirilmeye ihtiya\u00e7 duyar. Hem benzer iktidarlar kurma pe\u015finde olanlar\u0131n hem de buna aman vermemeye \u00e7al\u0131\u015fanlar\u0131n onun tarihinden \u00f6\u011frenece\u011fi \u00e7ok \u015fey vard\u0131r. Nazi Almanyas\u0131 \u00fczerine \u00e7al\u0131\u015fmalar\u0131yla tan\u0131nan Prof.Dr. Jane Caplan da bu vah\u015fetin bir daha ya\u015fanmamas\u0131 i\u00e7in bu k\u0131sa giri\u015f kitab\u0131nda Nazi Partisi\u2019nin ve Nazi Almanyas\u0131\u2019n\u0131n tarihini 1923\u2019teki \u201cBirahane Darbesi\u201dnden Hitler\u2019in 1945\u2019teki intihar\u0131na kadar olan s\u00fcreci toplumsal, siyasal ve pek tabii tarihsel boyutlar\u0131yla kapsaml\u0131 bir \u015fekilde ele alarak anlat\u0131yor.<\/p>\n","protected":false},"excerpt":{"rendered":"<p>1933\u2019te bir se\u00e7imle ba\u015flay\u0131p 1945\u2019te Sovyet ordular\u0131n\u0131n Berlin\u2019e girmesiyle da\u011f\u0131lan Nazi \u0130ktidar\u0131n\u0131n \u00e7\u00f6k\u00fc\u015f\u00fcn\u00fcn \u00fcst\u00fcnden neredeyse 80 sene ge\u00e7mesine ra\u011fmen, Nazilerin iktidar\u0131 tarih\u00e7ilerin, siyaset bilimcilerin, felsefecilerin, sanat\u00e7\u0131lar\u0131n<span class=\"excerpt-hellip\"> [\u2026]<\/span><\/p>\n","protected":false},"featured_media":0,"template":"","meta":{"_monsterinsights_skip_tracking":false,"_monsterinsights_sitenote_active":false,"_monsterinsights_sitenote_note":"","_monsterinsights_sitenote_category":0},"product_brand":[],"product_cat":[12305,12304],"product_tag":[],"class_list":{"0":"post-766454","1":"product","2":"type-product","3":"status-publish","5":"product_cat-dunya-tarihi","6":"product_cat-tarih","7":"pa_cilt-ciltsiz","8":"pa_tur-kitap","9":"pa_yayinevi-koc-universitesi-yayinlari","10":"pa_yazar-jane-caplan","12":"first","13":"instock","14":"sale","15":"shipping-taxable","16":"purchasable","17":"product-type-simple"},"_links":{"self":[{"href":"https:\/\/roveyayinevi.com.tr\/index.php\/wp-json\/wp\/v2\/product\/766454","targetHints":{"allow":["GET"]}}],"collection":[{"href":"https:\/\/roveyayinevi.com.tr\/index.php\/wp-json\/wp\/v2\/product"}],"about":[{"href":"https:\/\/roveyayinevi.com.tr\/index.php\/wp-json\/wp\/v2\/types\/product"}],"wp:attachment":[{"href":"https:\/\/roveyayinevi.com.tr\/index.php\/wp-json\/wp\/v2\/media?parent=766454"}],"wp:term":[{"taxonomy":"product_brand","embeddable":true,"href":"https:\/\/roveyayinevi.com.tr\/index.php\/wp-json\/wp\/v2\/product_brand?post=766454"},{"taxonomy":"product_cat","embeddable":true,"href":"https:\/\/roveyayinevi.com.tr\/index.php\/wp-json\/wp\/v2\/product_cat?post=766454"},{"taxonomy":"product_tag","embeddable":true,"href":"https:\/\/roveyayinevi.com.tr\/index.php\/wp-json\/wp\/v2\/product_tag?post=766454"}],"curies":[{"name":"wp","href":"https:\/\/api.w.org\/{rel}","templated":true}]}}