{"id":766384,"date":"2025-08-28T12:11:53","date_gmt":"2025-08-28T09:11:53","guid":{"rendered":"https:\/\/roveyayinevi.com.tr\/index.php\/urun\/selahaddin-eyyubi-ciltli\/"},"modified":"2026-04-15T03:32:12","modified_gmt":"2026-04-15T00:32:12","slug":"selahaddin-eyyubi-ciltli","status":"publish","type":"product","link":"https:\/\/roveyayinevi.com.tr\/index.php\/urun\/selahaddin-eyyubi-ciltli\/","title":{"rendered":"Selahaddin Eyyubi (Ciltli)"},"content":{"rendered":"<p>Alman \u0130mparatoru II. Wilhelm 1898\u2019de Osmanl\u0131 \u0130mparatorlu\u011fu\u2019na yapt\u0131\u011f\u0131 ikinci ziyaretinde Kud\u00fcs\u2019e de gitmi\u015f, bu yolculuk kapsam\u0131nda bir s\u00fcre \u015eam\u2019da da konaklam\u0131\u015ft\u0131. \u015eam\u2019da 7 May\u0131s 1898\u2019de Selahaddin T\u00fcrbesi\u2019ni ziyaret ettikten sonra, 8 Kas\u0131m ak\u015fam\u0131 onuruna verilen ziyafette yapt\u0131\u011f\u0131 konu\u015fmada, \u201cT\u00fcm zamanlar\u0131n en \u015f\u00f6valye ruhlu h\u00fck\u00fcmdarlar\u0131ndan birinin, b\u00fcy\u00fck Selahaddin\u2019in ya\u015fad\u0131\u011f\u0131 yerde bulunmaktan\u201d \u00e7ok mutlu oldu\u011funu s\u00f6ylemi\u015f, Selahaddin\u2019in \u201c\u00e7o\u011fu zaman d\u00fc\u015fmanlar\u0131na ger\u00e7ek \u015f\u00f6valyeli\u011fin ne oldu\u011funu \u00f6\u011freten korkusuz ve kusursuz bir \u015f\u00f6valye\u201d oldu\u011funu ifade etmi\u015fti. Ku\u015fkusuz Kayzer Wilhelm\u2019in bu konu\u015fmas\u0131, Alman \u0130mparatorlu\u011fu\u2019nun o d\u00f6nemdeki propaganda faaliyetlerinden, Osmanl\u0131 \u0130mparatorlu\u011fu\u2019nu ve \u0130slam d\u00fcnyas\u0131n\u0131 yan\u0131na \u00e7ekme gayretinden ayr\u0131 de\u011ferlendirilemez. Ama Selahaddin fig\u00fcr\u00fcne y\u00fcklenen bu rol y\u00fczy\u0131llar i\u00e7inde Bat\u0131\u2019da \u2013ne ilgin\u00e7tir ki \u0130slam d\u00fcnyas\u0131ndan \u00e7ok daha \u00f6nce- olu\u015fmu\u015f Selahaddin efsanesinden, bu efsane de Ha\u00e7l\u0131 Seferleri\u2019nden ba\u011f\u0131ms\u0131z d\u00fc\u015f\u00fcn\u00fclemez. Ha\u00e7l\u0131 Seferleri 11. y\u00fczy\u0131l\u0131n sonundan 13. y\u00fczy\u0131l\u0131n sonuna kadar Anadolu, Do\u011fu Akdeniz ve genelde Ortado\u011fu\u2019yu \u015fekillendiren en \u00f6nemli olaylardan biri, belki de birincisiydi. Do\u011fu ile Bat\u0131\u2019y\u0131 \u00f6ncelikle sava\u015f alan\u0131nda kar\u015f\u0131 kar\u015f\u0131ya getiren ama ayn\u0131 zamanda k\u00fclt\u00fcrel, ekonomik, toplumsal a\u00e7\u0131lardan da birbirleriyle bulu\u015fturan, tan\u0131\u015ft\u0131ran Ha\u00e7l\u0131 Seferleri, sava\u015flar\u0131, bar\u0131\u015flar\u0131, fetihleri ve kar\u015f\u0131-fetihleri, ittifaklar\u0131 ve kahramanlar\u0131yla kendine \u00f6zg\u00fc bir d\u00fcnya kurmu\u015ftu. Bu kahramanlar\u0131n i\u00e7inde hem hayat\u0131 hem de efsanesiyle en \u00f6ne \u00e7\u0131kan isim de hi\u00e7 ku\u015fkusuz \u0130slam d\u00fcnyas\u0131n\u0131n \u201cKud\u00fcs fatihi\u201d, Bat\u0131l\u0131 sald\u0131rganlar\u0131 p\u00fcsk\u00fcrten kahraman diye y\u00fcceltti\u011fi, H\u0131ristiyan Bat\u0131\u2019n\u0131n da Ha\u00e7l\u0131 Seferleri\u2019nin hemen ard\u0131ndan Saladin nam\u0131yla \u201c\u015f\u00f6valye\u201dle\u015ftirerek benimsedi\u011fi, Dante\u2019nin \u0130lahi Komedya\u2019ya dahil etti\u011fi Selahaddin Eyyubi\u2019dir. Anne Marie-Edd\u00e9\u2019nin on y\u0131l\u0131 a\u015fk\u0131n bir \u00e7al\u0131\u015fma sonucunda kaleme ald\u0131\u011f\u0131 Selahaddin Eyyubi, en iyi biyografi t\u00fcr\u00fcn\u00fcn bir \u00f6rne\u011fi: Bir \u00e7a\u011fa damgas\u0131n\u0131 vurdu\u011fu kabul edilen kahraman\u0131n hayat\u0131n\u0131 ve yapt\u0131klar\u0131n\u0131 eldeki t\u00fcm kaynaklar\u0131 kullanarak yeniden \u00e7izerken, ayn\u0131 zamanda onu toplumsal, siyasal, ekonomik, k\u00fclt\u00fcrel, askeri, vb \u00e7ok \u00e7e\u015fitli boyutlar\u0131yla anlat\u0131lan \u00e7a\u011f\u0131n\u0131n i\u00e7ine yerle\u015ftiriyor. <\/p>\n","protected":false},"excerpt":{"rendered":"<p>Alman \u0130mparatoru II. Wilhelm 1898\u2019de Osmanl\u0131 \u0130mparatorlu\u011fu\u2019na yapt\u0131\u011f\u0131 ikinci ziyaretinde Kud\u00fcs\u2019e de gitmi\u015f, bu yolculuk kapsam\u0131nda bir s\u00fcre \u015eam\u2019da da konaklam\u0131\u015ft\u0131. \u015eam\u2019da 7 May\u0131s 1898\u2019de Selahaddin<span class=\"excerpt-hellip\"> [\u2026]<\/span><\/p>\n","protected":false},"featured_media":0,"template":"","meta":{"_monsterinsights_skip_tracking":false,"_monsterinsights_sitenote_active":false,"_monsterinsights_sitenote_note":"","_monsterinsights_sitenote_category":0},"product_brand":[],"product_cat":[14009,12291],"product_tag":[],"class_list":{"0":"post-766384","1":"product","2":"type-product","3":"status-publish","5":"product_cat-biyografi-otobiyografi-edebiyat","6":"product_cat-edebiyat","7":"pa_cilt-ciltli","8":"pa_tur-kitap","9":"pa_yayinevi-is-bankasi-kultur-yayinlari","10":"pa_yazar-anne-marie-edde","12":"first","13":"instock","14":"sale","15":"shipping-taxable","16":"purchasable","17":"product-type-simple"},"_links":{"self":[{"href":"https:\/\/roveyayinevi.com.tr\/index.php\/wp-json\/wp\/v2\/product\/766384","targetHints":{"allow":["GET"]}}],"collection":[{"href":"https:\/\/roveyayinevi.com.tr\/index.php\/wp-json\/wp\/v2\/product"}],"about":[{"href":"https:\/\/roveyayinevi.com.tr\/index.php\/wp-json\/wp\/v2\/types\/product"}],"wp:attachment":[{"href":"https:\/\/roveyayinevi.com.tr\/index.php\/wp-json\/wp\/v2\/media?parent=766384"}],"wp:term":[{"taxonomy":"product_brand","embeddable":true,"href":"https:\/\/roveyayinevi.com.tr\/index.php\/wp-json\/wp\/v2\/product_brand?post=766384"},{"taxonomy":"product_cat","embeddable":true,"href":"https:\/\/roveyayinevi.com.tr\/index.php\/wp-json\/wp\/v2\/product_cat?post=766384"},{"taxonomy":"product_tag","embeddable":true,"href":"https:\/\/roveyayinevi.com.tr\/index.php\/wp-json\/wp\/v2\/product_tag?post=766384"}],"curies":[{"name":"wp","href":"https:\/\/api.w.org\/{rel}","templated":true}]}}