{"id":766278,"date":"2025-08-28T12:08:28","date_gmt":"2025-08-28T09:08:28","guid":{"rendered":"https:\/\/roveyayinevi.com.tr\/index.php\/urun\/ozbek-dilinin-grameri\/"},"modified":"2026-04-15T03:32:09","modified_gmt":"2026-04-15T00:32:09","slug":"ozbek-dilinin-grameri","status":"publish","type":"product","link":"https:\/\/roveyayinevi.com.tr\/index.php\/urun\/ozbek-dilinin-grameri\/","title":{"rendered":"\u00d6zbek Dilinin Grameri"},"content":{"rendered":"<p>Bu kitap daha \u00f6nce iki bask\u0131s\u0131 yap\u0131lm\u0131\u015f \u00e7al\u0131\u015fmam\u0131z esas al\u0131narak haz\u0131rlanm\u0131\u015ft\u0131r. S\u00f6z konusu \u00e7al\u0131\u015fmam\u0131z\u0131, daha geni\u015f bir okuyucu kitlesinin yararlanabilmesi i\u00e7in metinlerle zenginle\u015ftirdik. Gramer \u00f6zelliklerinden \u00f6nce yeniden g\u00f6zden ge\u00e7irdi\u011fimiz Yaz\u0131l\u0131 \u00d6zbek Edebiyat\u0131 makalemizi ekledik. \u00c7a\u011fda\u015f T\u00fcrk yaz\u0131 dillerinden \u00d6zbek\u00e7enin ses ve bi\u00e7im bilgisi esas\u0131nda hem Kiril hem Latin harfli metinlerden yararland\u0131k. Ancak \u00e7al\u0131\u015fmam\u0131zda s\u00f6z konusu alfabeleri kullanmak yerine farkl\u0131 harf \u00e7evrimi (transliterasyon) i\u015faretlerini kullanmay\u0131 tercih ettik. Bunun en \u00f6nemli nedeni baz\u0131 i\u015faretlerin T\u00fcrk\u00e7e karakterli olmas\u0131 ve kolayca okunmas\u0131d\u0131r. \u00d6nerdi\u011fimiz bu alfabeyi ve di\u011fer alfabeleri Uluslararas\u0131 Fonetik Enstit\u00fcs\u00fc\u2019n\u00fcn belirledi\u011fi fonetik alfabeyle birlikte bir tabloda g\u00f6sterdik. Amac\u0131m\u0131z okuyucunun, se\u00e7ilen \u00f6rnekleri ve metinleri kolayl\u0131kla okuyabilmesidir. Ayr\u0131ca gramerin sonuna g\u00fcnl\u00fck ya\u015famda s\u0131k\u00e7a g\u00f6r\u00fclen baz\u0131 kal\u0131p s\u00f6zleri, \u00fc\u00e7 alfabede haz\u0131rlad\u0131\u011f\u0131m\u0131z se\u00e7me metinler ile bilinmeyen s\u00f6zc\u00fcklerin T\u00fcrk\u00e7e kar\u015f\u0131l\u0131klar\u0131n\u0131 veren bir s\u00f6zl\u00fck\u00e7e ilave ettik. <\/p>\n","protected":false},"excerpt":{"rendered":"<p>Bu kitap daha \u00f6nce iki bask\u0131s\u0131 yap\u0131lm\u0131\u015f \u00e7al\u0131\u015fmam\u0131z esas al\u0131narak haz\u0131rlanm\u0131\u015ft\u0131r. S\u00f6z konusu \u00e7al\u0131\u015fmam\u0131z\u0131, daha geni\u015f bir okuyucu kitlesinin yararlanabilmesi i\u00e7in metinlerle zenginle\u015ftirdik. Gramer \u00f6zelliklerinden \u00f6nce<span class=\"excerpt-hellip\"> [\u2026]<\/span><\/p>\n","protected":false},"featured_media":0,"template":"","meta":{"_monsterinsights_skip_tracking":false,"_monsterinsights_sitenote_active":false,"_monsterinsights_sitenote_note":"","_monsterinsights_sitenote_category":0},"product_brand":[],"product_cat":[14597,12566],"product_tag":[],"class_list":{"0":"post-766278","1":"product","2":"type-product","3":"status-publish","5":"product_cat-dil-ogrenimi","6":"product_cat-egitim","7":"pa_cilt-ciltsiz","8":"pa_tur-kitap","9":"pa_yayinevi-bilgesu-yayincilik","10":"pa_yazar-aziz-merhan","12":"first","13":"instock","14":"sale","15":"shipping-taxable","16":"purchasable","17":"product-type-simple"},"_links":{"self":[{"href":"https:\/\/roveyayinevi.com.tr\/index.php\/wp-json\/wp\/v2\/product\/766278","targetHints":{"allow":["GET"]}}],"collection":[{"href":"https:\/\/roveyayinevi.com.tr\/index.php\/wp-json\/wp\/v2\/product"}],"about":[{"href":"https:\/\/roveyayinevi.com.tr\/index.php\/wp-json\/wp\/v2\/types\/product"}],"wp:attachment":[{"href":"https:\/\/roveyayinevi.com.tr\/index.php\/wp-json\/wp\/v2\/media?parent=766278"}],"wp:term":[{"taxonomy":"product_brand","embeddable":true,"href":"https:\/\/roveyayinevi.com.tr\/index.php\/wp-json\/wp\/v2\/product_brand?post=766278"},{"taxonomy":"product_cat","embeddable":true,"href":"https:\/\/roveyayinevi.com.tr\/index.php\/wp-json\/wp\/v2\/product_cat?post=766278"},{"taxonomy":"product_tag","embeddable":true,"href":"https:\/\/roveyayinevi.com.tr\/index.php\/wp-json\/wp\/v2\/product_tag?post=766278"}],"curies":[{"name":"wp","href":"https:\/\/api.w.org\/{rel}","templated":true}]}}