{"id":766225,"date":"2025-08-28T12:06:08","date_gmt":"2025-08-28T09:06:08","guid":{"rendered":"https:\/\/roveyayinevi.com.tr\/index.php\/urun\/kore\/"},"modified":"2026-04-15T03:32:08","modified_gmt":"2026-04-15T00:32:08","slug":"kore","status":"publish","type":"product","link":"https:\/\/roveyayinevi.com.tr\/index.php\/urun\/kore\/","title":{"rendered":"Kore"},"content":{"rendered":"<p>\u201cBu kitap, iki Kore&#8217;nin \u0130kinci D\u00fcnya Sava\u015f\u0131&#8217;ndan sonra keskin bir \u015fekilde ayr\u0131lan yollar\u0131nda g\u00f6sterdikleri ola\u011fan\u00fcst\u00fc ve &#8216;esrarengiz&#8217; direncin ilgin\u00e7 tarihini anlamak isteyen herkesin mutlaka okumas\u0131 gereken bir kitap. Bu kitap sadece Kore uzmanlar\u0131 ve analistlerine de\u011fil, Blackpink hayranlar\u0131ndan turistlere ve uluslararas\u0131 ili\u015fkiler \u00f6\u011frencilerine kadar yar\u0131maday\u0131 daha iyi tan\u0131mak isteyen herkese hitap edecek.\u201d                                                     Jeongmin Kim, Korea Pro Yay\u0131n Y\u00f6netmeni ve NK News Ba\u015fmuhabiri Kore k\u00fclt\u00fcr\u00fc t\u00fcm d\u00fcnyada o kadar h\u0131zl\u0131 yay\u0131ld\u0131 ki Kore\u2019nin Uzakdo\u011fu\u2019nun bir par\u00e7as\u0131 oldu\u011fu neredeyse unutuldu. Aradaki fiziksel mesafe yerli yerinde duruyor olsa da Korece \u015fark\u0131lara e\u015flik edip, dizi repliklerini ezbere bilecek kadar Kore k\u00fclt\u00fcr\u00fcne h\u00e2kim bir gen\u00e7lik ortaya \u00e7\u0131kt\u0131. Yak\u0131n bir zamana kadar Amerika\u2019n\u0131n y\u00f6n verdi\u011fi d\u00fcnya k\u00fclt\u00fcr sahnesinde art\u0131k Asyal\u0131lar ba\u015frolde. Ancak bu geli\u015fmelerin hepsi Kore\u2019nin yaln\u0131zca bir taraf\u0131 sayesinde oldu: G\u00fcney Kore. D\u00fcnyaya pazarlad\u0131\u011f\u0131 bu g\u00f6z al\u0131c\u0131 k\u00fclt\u00fcr ve sanat hayat\u0131na ev sahipli\u011fi yapman\u0131n yan\u0131 s\u0131ra, oturmu\u015f demokrasisi ve g\u00fc\u00e7l\u00fc ekonomisiyle de dikkat \u00e7ekiyor ve b\u00f6ylece ad\u0131n\u0131 geli\u015fmi\u015f \u00fclkeler listesine yazd\u0131r\u0131yor. S\u0131n\u0131r kom\u015fusu ve ezel\u00ee rakibi Kuzey Kore ise d\u00fcnyan\u0131n en otoriter rejimlerinden biriyle y\u00f6netiliyor, pek \u00e7ok \u00f6l\u00e7\u00fcte g\u00f6re yoksul bir \u00fclke ve daha \u00e7ok iktidardaki Kim ailesiyle tan\u0131n\u0131yor. Ancak her iki Kore de benzersiz bir ortak tarihi payla\u015f\u0131yor.Victor Cha ve Ramon Pacheco Pardo, modern Kore tarihini 19. y\u00fczy\u0131l\u0131n sonlar\u0131ndan g\u00fcn\u00fcm\u00fcze kadar getirirken, y\u0131llar s\u00fcren ara\u015ft\u0131rma ve g\u00f6zlemlerini \u00e7arp\u0131c\u0131 anekdotlarla okurlara sunuyorlar. Oda\u011f\u0131na yaln\u0131zca G\u00fcney Kore\u2019yi alan genel e\u011filimin aksine Kuzey Kore\u2019yi derinlemesine analiz edip, G\u00fcney Kore\u2019yle aras\u0131ndaki u\u00e7urumun sebeplerini ortaya koyuyorlar. Bu kapsaml\u0131 eser, G\u00fcney ve Kuzey Kore\u2019nin birle\u015fme ihtimalini ger\u00e7ek\u00e7i bir \u015fekilde de\u011ferlendirip olas\u0131 b\u00fct\u00fcn senaryolar\u0131 g\u00f6zler \u00f6n\u00fcne sererken, iki Kore hakk\u0131nda s\u00f6ylenegelen b\u00fct\u00fcn kli\u015felerin \u00f6tesine ge\u00e7iyor.<\/p>\n","protected":false},"excerpt":{"rendered":"<p>\u201cBu kitap, iki Kore&#8217;nin \u0130kinci D\u00fcnya Sava\u015f\u0131&#8217;ndan sonra keskin bir \u015fekilde ayr\u0131lan yollar\u0131nda g\u00f6sterdikleri ola\u011fan\u00fcst\u00fc ve &#8216;esrarengiz&#8217; direncin ilgin\u00e7 tarihini anlamak isteyen herkesin mutlaka okumas\u0131 gereken<span class=\"excerpt-hellip\"> [\u2026]<\/span><\/p>\n","protected":false},"featured_media":0,"template":"","meta":{"_monsterinsights_skip_tracking":false,"_monsterinsights_sitenote_active":false,"_monsterinsights_sitenote_note":"","_monsterinsights_sitenote_category":0},"product_brand":[],"product_cat":[12305,12304],"product_tag":[],"class_list":{"0":"post-766225","1":"product","2":"type-product","3":"status-publish","5":"product_cat-dunya-tarihi","6":"product_cat-tarih","7":"pa_cilt-ciltsiz","8":"pa_tur-kitap","9":"pa_yayinevi-timas-yayinlari","10":"pa_yazar-victor-d-cha","12":"first","13":"instock","14":"sale","15":"shipping-taxable","16":"purchasable","17":"product-type-simple"},"_links":{"self":[{"href":"https:\/\/roveyayinevi.com.tr\/index.php\/wp-json\/wp\/v2\/product\/766225","targetHints":{"allow":["GET"]}}],"collection":[{"href":"https:\/\/roveyayinevi.com.tr\/index.php\/wp-json\/wp\/v2\/product"}],"about":[{"href":"https:\/\/roveyayinevi.com.tr\/index.php\/wp-json\/wp\/v2\/types\/product"}],"wp:attachment":[{"href":"https:\/\/roveyayinevi.com.tr\/index.php\/wp-json\/wp\/v2\/media?parent=766225"}],"wp:term":[{"taxonomy":"product_brand","embeddable":true,"href":"https:\/\/roveyayinevi.com.tr\/index.php\/wp-json\/wp\/v2\/product_brand?post=766225"},{"taxonomy":"product_cat","embeddable":true,"href":"https:\/\/roveyayinevi.com.tr\/index.php\/wp-json\/wp\/v2\/product_cat?post=766225"},{"taxonomy":"product_tag","embeddable":true,"href":"https:\/\/roveyayinevi.com.tr\/index.php\/wp-json\/wp\/v2\/product_tag?post=766225"}],"curies":[{"name":"wp","href":"https:\/\/api.w.org\/{rel}","templated":true}]}}