{"id":766224,"date":"2025-08-28T12:06:07","date_gmt":"2025-08-28T09:06:07","guid":{"rendered":"https:\/\/roveyayinevi.com.tr\/index.php\/urun\/cumhuriyetin-ilk-kadin-avukati-sureyya-agaoglunun-ii-dunya-savasi-sonrasi-amerika-gunlugu\/"},"modified":"2026-04-15T03:32:08","modified_gmt":"2026-04-15T00:32:08","slug":"cumhuriyetin-ilk-kadin-avukati-sureyya-agaoglunun-ii-dunya-savasi-sonrasi-amerika-gunlugu","status":"publish","type":"product","link":"https:\/\/roveyayinevi.com.tr\/index.php\/urun\/cumhuriyetin-ilk-kadin-avukati-sureyya-agaoglunun-ii-dunya-savasi-sonrasi-amerika-gunlugu\/","title":{"rendered":"Cumhuriyet&#8217;in \u0130lk Kad\u0131n Avukat\u0131: S\u00fcreyya A\u011fao\u011flu&#8217;nun II. D\u00fcnya Sava\u015f\u0131 Sonras\u0131 Amerika G\u00fcnl\u00fc\u011f\u00fc"},"content":{"rendered":"<p>S\u00fcreyya A\u011fao\u011flu, T\u00fcrkiye Cumhuriyeti tarihinde k\u0131z \u00f6\u011frencilerin hukuk e\u011fitimi almalar\u0131nda \u00f6nc\u00fc bir role sahip ve T\u00fcrk modernle\u015fmesi projesi i\u00e7erisinde \u201cCumhuriyet k\u0131z\u0131\u201d olarak adland\u0131r\u0131lan ku\u015faktand\u0131r. Me\u015frutiyet ve Cumhuriyet devirlerinin en \u00f6nemli siyaset\u00e7ilerinden Ahmet A\u011fao\u011flu\u2019nun k\u0131z\u0131, yine Demokrat Parti\u2019nin kurucular\u0131ndan Manisa Milletvekili Samet A\u011fao\u011flu\u2019nun ve Cumhuriyet\u2019in ilk kad\u0131n felsefe \u00f6\u011fretmeni Tezer Ta\u015fk\u0131ran\u2019\u0131n ablas\u0131d\u0131r.Prof. Dr. Suraiya Faroqhi ve Prof. Dr. Selim Karahasano\u011flu&#8217;nun y\u00f6nlendirmesi ve Hanife Karasu\u2019nun titiz \u00e7al\u0131\u015fmas\u0131yla ilk defa g\u00fcn y\u00fcz\u00fcne \u00e7\u0131kan bu g\u00fcnl\u00fck, S\u00fcreyya A\u011fao\u011flu\u2019nun 19 Ekim 1946-7 Ocak 1947 tarihleri aras\u0131nda \u015fahs\u0131na ait \u00f6nemli \u00f6zellikleri i\u00e7ermesi sebebiyle biyografisine katk\u0131 sa\u011flayacak \u00e7ok \u00f6nemli kaynaklardand\u0131r. G\u00fcnl\u00fc\u011f\u00fcn en \u00f6nemli \u00f6zelliklerinden biri de II. D\u00fcnya Sava\u015f\u0131\u2019n\u0131n hemen ard\u0131ndan Amerika\u2019daki toplumsal, ekonomik, siyasi ve k\u00fclt\u00fcrel hayatta ya\u015fananlar\u0131, Cumhuriyet\u2019in ilk y\u0131llar\u0131nda yeti\u015fmi\u015f bir kad\u0131n\u0131n bak\u0131\u015f a\u00e7\u0131s\u0131yla okurlara sunmas\u0131d\u0131r.Seyahati boyunca yapt\u0131klar\u0131n\u0131n ve d\u00fc\u015f\u00fcnd\u00fcklerinin daha sonra d\u00f6n\u00fcp bakt\u0131\u011f\u0131nda unutmamas\u0131 amac\u0131yla bir hat\u0131rlama malzemesi olarak muhafaza etti\u011fi g\u00fcnl\u00fc\u011f\u00fc, T\u00fcrkiye Cumhuriyeti\u2019nin ilk kad\u0131n avukat\u0131n\u0131n ben-anlat\u0131s\u0131 olmas\u0131 itibar\u0131yla son derece k\u0131ymetlidir.<\/p>\n","protected":false},"excerpt":{"rendered":"<p>S\u00fcreyya A\u011fao\u011flu, T\u00fcrkiye Cumhuriyeti tarihinde k\u0131z \u00f6\u011frencilerin hukuk e\u011fitimi almalar\u0131nda \u00f6nc\u00fc bir role sahip ve T\u00fcrk modernle\u015fmesi projesi i\u00e7erisinde \u201cCumhuriyet k\u0131z\u0131\u201d olarak adland\u0131r\u0131lan ku\u015faktand\u0131r. Me\u015frutiyet ve<span class=\"excerpt-hellip\"> [\u2026]<\/span><\/p>\n","protected":false},"featured_media":0,"template":"","meta":{"_monsterinsights_skip_tracking":false,"_monsterinsights_sitenote_active":false,"_monsterinsights_sitenote_note":"","_monsterinsights_sitenote_category":0},"product_brand":[],"product_cat":[13946,12304],"product_tag":[],"class_list":{"0":"post-766224","1":"product","2":"type-product","3":"status-publish","5":"product_cat-biyografi-otobiyografi","6":"product_cat-tarih","7":"pa_cilt-ciltsiz","8":"pa_tur-kitap","9":"pa_yayinevi-timas-yayinlari","10":"pa_yazar-hanife-karasu","12":"first","13":"instock","14":"sale","15":"shipping-taxable","16":"purchasable","17":"product-type-simple"},"_links":{"self":[{"href":"https:\/\/roveyayinevi.com.tr\/index.php\/wp-json\/wp\/v2\/product\/766224","targetHints":{"allow":["GET"]}}],"collection":[{"href":"https:\/\/roveyayinevi.com.tr\/index.php\/wp-json\/wp\/v2\/product"}],"about":[{"href":"https:\/\/roveyayinevi.com.tr\/index.php\/wp-json\/wp\/v2\/types\/product"}],"wp:attachment":[{"href":"https:\/\/roveyayinevi.com.tr\/index.php\/wp-json\/wp\/v2\/media?parent=766224"}],"wp:term":[{"taxonomy":"product_brand","embeddable":true,"href":"https:\/\/roveyayinevi.com.tr\/index.php\/wp-json\/wp\/v2\/product_brand?post=766224"},{"taxonomy":"product_cat","embeddable":true,"href":"https:\/\/roveyayinevi.com.tr\/index.php\/wp-json\/wp\/v2\/product_cat?post=766224"},{"taxonomy":"product_tag","embeddable":true,"href":"https:\/\/roveyayinevi.com.tr\/index.php\/wp-json\/wp\/v2\/product_tag?post=766224"}],"curies":[{"name":"wp","href":"https:\/\/api.w.org\/{rel}","templated":true}]}}