{"id":766213,"date":"2025-08-28T12:05:45","date_gmt":"2025-08-28T09:05:45","guid":{"rendered":"https:\/\/roveyayinevi.com.tr\/index.php\/urun\/darwin-ve-osmanlilar\/"},"modified":"2026-04-15T03:32:07","modified_gmt":"2026-04-15T00:32:07","slug":"darwin-ve-osmanlilar","status":"publish","type":"product","link":"https:\/\/roveyayinevi.com.tr\/index.php\/urun\/darwin-ve-osmanlilar\/","title":{"rendered":"Darwin ve Osmanl\u0131lar"},"content":{"rendered":"<p>Evrim tart\u0131\u015fmalar\u0131 g\u00fcn\u00fcm\u00fczde ilgi \u00e7ekmeye devam ediyor. Tarihte evrim, biyoloji d\u0131\u015f\u0131 ba\u011flamlarda nas\u0131l tart\u0131\u015f\u0131lm\u0131\u015ft\u0131? \u00d6rne\u011fin T\u00fcrkler 19. y\u00fczy\u0131lda Darwin ve evrim teorisini nas\u0131l kar\u015f\u0131lad\u0131lar? Osmanl\u0131 entelekt\u00fcelleri evrim teorisine hangi anlamlar\u0131 y\u00fcklediler, ona nas\u0131l bir misyon atfettiler? Darwin, Osmanl\u0131lar ve T\u00fcrklerle ilgili neler d\u00fc\u015f\u00fcn\u00fcyordu? Osmanl\u0131 \u0130mparatorlu\u011fu\u2019nun y\u0131k\u0131lmas\u0131nda \u0130ngiliz do\u011fa bilimcinin rol\u00fc var m\u0131yd\u0131? Darwin ve fikirleri Viktoryen \u0130ngiltere\u2019de ne t\u00fcr bir etki b\u0131rakt\u0131? Galileo neden Kilise ile ters d\u00fc\u015ft\u00fc? Kilise bilimle ilgili konularda sadece din\u00ee motivasyonlarla m\u0131 hareket ediyordu? Naz\u0131m Hikmet\u2019in \u015fiirlerinde siyaset, bilim ve teknoloji nas\u0131l bulu\u015ftu?Alper Bilgili, okurlar\u0131n\u0131 tarihte k\u0131sa bir yolculu\u011fa \u00e7\u0131kararak farkl\u0131 d\u00f6nemlerde ya\u015fanan bilimsel geli\u015fmelerin entelekt\u00fcel d\u00fcnyaya ve toplumsal ya\u015fant\u0131ya etkilerini inceliyor. Bilim d\u00fcnyas\u0131n\u0131n pek de bilmedi\u011fimiz k\u00fclt\u00fcrel yans\u0131malar\u0131n\u0131 ilgin\u00e7 detaylar ve keyifli bir dille ortaya koyuyor, g\u00fcndelik hayatta do\u011fru bilinen yanl\u0131\u015flara cevap veriyor. Nihayetinde bilim, tarih ve k\u00fclt\u00fcr\u00fcn kesi\u015fti\u011fi ilgi \u00e7ekici bir yaz\u0131 dizisi sunuyor.Dr. Alper Bilgili\u2019nin bilim tarihi yaz\u0131lar\u0131n\u0131n derlendi\u011fi Darwin ve Osmanl\u0131lar kitab\u0131; basmakal\u0131p, s\u0131\u011f ve mekanik kli\u015feler etraf\u0131nda tart\u0131\u015f\u0131lan konularda derinlikli ara\u015ft\u0131rmaya dayanan tahlil ve yorumlar yapmaktad\u0131r. Bu k\u0131ymetli, entelekt\u00fcel bilim tarihi \u00e7al\u0131\u015fmas\u0131 \u201c\u0130sl\u00e2m d\u00fc\u015f\u00fcncesinin evrim kuram\u0131na yakla\u015f\u0131m\u0131,\u201d \u201cDarwin\u2019inT\u00fcrkleri de\u011ferlendirmesi\u201d ve \u201cGalileo\u2019nun din-bilim \u00e7at\u0131\u015fmas\u0131ndaki yeri\u201d benzeri konularda yayg\u0131n kabul g\u00f6ren basmakal\u0131p yorumlar\u0131 sorgulamakla kalmayarak tarih ve toplumsal geli\u015fmeyi tarihselci, teleolojik ve mekanik \u015fablonlarla a\u00e7\u0131klamaya \u00e7al\u0131\u015fan T\u00fcrk bilimcili\u011finin olgular\u0131 ba\u011flamlar\u0131ndan \u00e7\u0131kararak ara\u00e7salla\u015ft\u0131rd\u0131\u011f\u0131n\u0131 da ortaya koymaktad\u0131r. -Prof. Dr. M. \u015e\u00fckr\u00fc Hanio\u011flu, Princeton \u00dcniversitesi<\/p>\n","protected":false},"excerpt":{"rendered":"<p>Evrim tart\u0131\u015fmalar\u0131 g\u00fcn\u00fcm\u00fczde ilgi \u00e7ekmeye devam ediyor. Tarihte evrim, biyoloji d\u0131\u015f\u0131 ba\u011flamlarda nas\u0131l tart\u0131\u015f\u0131lm\u0131\u015ft\u0131? \u00d6rne\u011fin T\u00fcrkler 19. y\u00fczy\u0131lda Darwin ve evrim teorisini nas\u0131l kar\u015f\u0131lad\u0131lar? Osmanl\u0131 entelekt\u00fcelleri<span class=\"excerpt-hellip\"> [\u2026]<\/span><\/p>\n","protected":false},"featured_media":0,"template":"","meta":{"_monsterinsights_skip_tracking":false,"_monsterinsights_sitenote_active":false,"_monsterinsights_sitenote_note":"","_monsterinsights_sitenote_category":0},"product_brand":[],"product_cat":[12370,12304],"product_tag":[],"class_list":{"0":"post-766213","1":"product","2":"type-product","3":"status-publish","5":"product_cat-arastirma-inceleme","6":"product_cat-tarih","7":"pa_cilt-ciltsiz","8":"pa_tur-kitap","9":"pa_yayinevi-timas-yayinlari","10":"pa_yazar-alper-bilgili","12":"first","13":"instock","14":"sale","15":"shipping-taxable","16":"purchasable","17":"product-type-simple"},"_links":{"self":[{"href":"https:\/\/roveyayinevi.com.tr\/index.php\/wp-json\/wp\/v2\/product\/766213","targetHints":{"allow":["GET"]}}],"collection":[{"href":"https:\/\/roveyayinevi.com.tr\/index.php\/wp-json\/wp\/v2\/product"}],"about":[{"href":"https:\/\/roveyayinevi.com.tr\/index.php\/wp-json\/wp\/v2\/types\/product"}],"wp:attachment":[{"href":"https:\/\/roveyayinevi.com.tr\/index.php\/wp-json\/wp\/v2\/media?parent=766213"}],"wp:term":[{"taxonomy":"product_brand","embeddable":true,"href":"https:\/\/roveyayinevi.com.tr\/index.php\/wp-json\/wp\/v2\/product_brand?post=766213"},{"taxonomy":"product_cat","embeddable":true,"href":"https:\/\/roveyayinevi.com.tr\/index.php\/wp-json\/wp\/v2\/product_cat?post=766213"},{"taxonomy":"product_tag","embeddable":true,"href":"https:\/\/roveyayinevi.com.tr\/index.php\/wp-json\/wp\/v2\/product_tag?post=766213"}],"curies":[{"name":"wp","href":"https:\/\/api.w.org\/{rel}","templated":true}]}}