{"id":766203,"date":"2025-08-28T12:05:30","date_gmt":"2025-08-28T09:05:30","guid":{"rendered":"https:\/\/roveyayinevi.com.tr\/index.php\/urun\/istiklalin-kumandanlari-1\/"},"modified":"2026-04-15T03:32:07","modified_gmt":"2026-04-15T00:32:07","slug":"istiklalin-kumandanlari-1","status":"publish","type":"product","link":"https:\/\/roveyayinevi.com.tr\/index.php\/urun\/istiklalin-kumandanlari-1\/","title":{"rendered":"\u0130stiklalin Kumandanlar\u0131 1"},"content":{"rendered":"<p>Vatandan Ba\u015fka Sevgili Bilmeyenler \u201cCephede Milli M\u00fccadele Serisi&#8221;yle binlerce okura ula\u015fan Selim Erdo\u011fan&#8217;dan yeni bir seri: \u0130stikl\u00e2lin Kumandanlar\u0131. \u0130\u015fgali kabul etmeyip direnen ve bu direni\u015fi destans\u0131 bir Mill\u00ee M\u00fccadele\u2019ye d\u00f6n\u00fc\u015ft\u00fcren, Mustafa Kemal Pa\u015fa\u2019n\u0131n en yak\u0131n\u0131ndaki; yani \u201cT\u00fcrk Ordusu\u2019nun \u00fcst komuta kademesi\u201dndeki isimlerin anlat\u0131ld\u0131\u011f\u0131 \u0130stikl\u00e2lin Kumandanlar\u0131 \u00f6nemli sorulara cevap bulman\u0131z\u0131 sa\u011flayacak: Mill\u00ee M\u00fccadele\u2019nin komuta kademesi tesad\u00fcfen mi bir araya gelmi\u015ftir? Bunca \u00f6nemli, \u015f\u00f6hretli komutan, Mill\u00ee M\u00fccadele\u2019yi ba\u015flatan, \u00f6rg\u00fctleyen, zafere ula\u015ft\u0131ran Mustafa Kemal Pa\u015fa i\u00e7in \u0130stanbul H\u00fck\u00fbmeti ve Padi\u015fah Vahdettin\u2019in verdi\u011fi \u00f6l\u00fcm ferman\u0131na nas\u0131l olmu\u015f da g\u00f6n\u00fcll\u00fc ortak olmu\u015ftur? Ailelerini, evlerini, sevdiklerini nas\u0131l bir \u00e7\u0131rp\u0131da kenara iterek vatan kavgas\u0131na girmi\u015flerdir? \u0130stikl\u00e2lin Kumandanlar\u0131\u2019n\u0131n bu cildinde Fevzi Pa\u015fa\u2019n\u0131n \u0130stanbul\u2019daki aile oca\u011f\u0131n\u0131 basan i\u015fgalcilerin annesini, e\u015fini soka\u011fa at\u0131\u015f\u0131n\u0131, \u0130smet Pa\u015fa\u2019n\u0131n \u0130stanbul\u2019dan ayr\u0131l\u0131rken son kez \u00f6pme f\u0131rsat\u0131 bulamad\u0131\u011f\u0131 ilk evlad\u0131 \u0130zzet\u2019i o cephedeyken kaybedi\u015fini, \u2018Dadayl\u0131\u2019 Halit Bey\u2019in Sakarya Muharebesi\u2019nde Kafkas T\u00fcmeniyle muharebenin seyrini nas\u0131l de\u011fi\u015ftirdi\u011fini, ters gitmekte olan K\u00fctahya Eski\u015fehir Muharebelerinde bir anda bir umut belirmesine neden olan Ali Hikmet Ayerdem Pa\u015fa\u2019n\u0131n taarruzunu, \u0130zzettin \u00c7al\u0131\u015flar\u2019\u0131n kolordusuyla Yunanlar\u0131n savunmas\u0131n\u0131 nas\u0131l k\u0131rd\u0131\u011f\u0131n\u0131, Ali Fuat Cebesoy Pa\u015fa\u2019n\u0131n Mill\u00ee M\u00fccadele\u2019nin ba\u015flar\u0131ndaki \u00f6nemli rol\u00fcn\u00fc, Cemil Cahit Toydemir Pa\u015fa\u2019n\u0131n b\u00fct\u00fcn cephelerde nas\u0131l yaralan\u0131p da mevziinden ayr\u0131lmay\u0131\u015f\u0131n\u0131, K\u00e2z\u0131m \u00d6zalp Pa\u015fa\u2019n\u0131n Sakarya\u2019daki ba\u015far\u0131lar\u0131 yan\u0131nda B\u00fcy\u00fck Taarruz\u2019da nas\u0131l aksamadan lojisti\u011fi sa\u011flad\u0131\u011f\u0131n\u0131, 35 ya\u015f\u0131nda \u015fehit olan Miralay Mehmet Naz\u0131m Bey\u2019i, g\u00f6zlerindeki bozuklu\u011fa ra\u011fmen cephede yerini alan Yakup \u015eevki \u015e\u00fcba\u015f\u0131\u2019n\u0131n destans\u0131 kahramanl\u0131klar\u0131 ve \u00e7ektikleri zorluklara ra\u011fmen vatanlar\u0131n\u0131 nas\u0131l savunduklar\u0131n\u0131 okuyacaks\u0131n\u0131z. Selim Erdo\u011fan, \u0130stikl\u00e2lin Kumandanlar\u0131: Vatandan Ba\u015fka Sevgili Bilmeyenler kitab\u0131nda ac\u0131lar\u0131n\u0131, endi\u015felerini, korkular\u0131n\u0131 bir yana b\u0131rakan Mill\u00ee M\u00fccadele\u2019nin kahraman kumandanlar\u0131n\u0131n hi\u00e7bir \u015fey olmam\u0131\u015f gibi ayaklar\u0131na \u00e7izmelerini ge\u00e7irip cepheye ko\u015fmalar\u0131n\u0131, kendi evlerini unutup T\u00fcrk\u2019\u00fcn son oca\u011f\u0131n\u0131 savunmalar\u0131n\u0131 sizler i\u00e7in yazd\u0131.<\/p>\n","protected":false},"excerpt":{"rendered":"<p>Vatandan Ba\u015fka Sevgili Bilmeyenler \u201cCephede Milli M\u00fccadele Serisi&#8221;yle binlerce okura ula\u015fan Selim Erdo\u011fan&#8217;dan yeni bir seri: \u0130stikl\u00e2lin Kumandanlar\u0131. \u0130\u015fgali kabul etmeyip direnen ve bu direni\u015fi destans\u0131<span class=\"excerpt-hellip\"> [\u2026]<\/span><\/p>\n","protected":false},"featured_media":0,"template":"","meta":{"_monsterinsights_skip_tracking":false,"_monsterinsights_sitenote_active":false,"_monsterinsights_sitenote_note":"","_monsterinsights_sitenote_category":0},"product_brand":[],"product_cat":[12304,13650],"product_tag":[],"class_list":{"0":"post-766203","1":"product","2":"type-product","3":"status-publish","5":"product_cat-tarih","6":"product_cat-turk-tarihi-arastirmalari","7":"pa_cilt-ciltsiz","8":"pa_tur-kitap","9":"pa_yayinevi-kronik-kitap","10":"pa_yazar-selim-erdogan","12":"first","13":"instock","14":"sale","15":"shipping-taxable","16":"purchasable","17":"product-type-simple"},"_links":{"self":[{"href":"https:\/\/roveyayinevi.com.tr\/index.php\/wp-json\/wp\/v2\/product\/766203","targetHints":{"allow":["GET"]}}],"collection":[{"href":"https:\/\/roveyayinevi.com.tr\/index.php\/wp-json\/wp\/v2\/product"}],"about":[{"href":"https:\/\/roveyayinevi.com.tr\/index.php\/wp-json\/wp\/v2\/types\/product"}],"wp:attachment":[{"href":"https:\/\/roveyayinevi.com.tr\/index.php\/wp-json\/wp\/v2\/media?parent=766203"}],"wp:term":[{"taxonomy":"product_brand","embeddable":true,"href":"https:\/\/roveyayinevi.com.tr\/index.php\/wp-json\/wp\/v2\/product_brand?post=766203"},{"taxonomy":"product_cat","embeddable":true,"href":"https:\/\/roveyayinevi.com.tr\/index.php\/wp-json\/wp\/v2\/product_cat?post=766203"},{"taxonomy":"product_tag","embeddable":true,"href":"https:\/\/roveyayinevi.com.tr\/index.php\/wp-json\/wp\/v2\/product_tag?post=766203"}],"curies":[{"name":"wp","href":"https:\/\/api.w.org\/{rel}","templated":true}]}}