{"id":766201,"date":"2025-08-28T12:05:27","date_gmt":"2025-08-28T09:05:27","guid":{"rendered":"https:\/\/roveyayinevi.com.tr\/index.php\/urun\/ittihatcilik\/"},"modified":"2026-04-07T03:26:37","modified_gmt":"2026-04-07T00:26:37","slug":"ittihatcilik","status":"publish","type":"product","link":"https:\/\/roveyayinevi.com.tr\/index.php\/urun\/ittihatcilik\/","title":{"rendered":"\u0130ttihat\u00e7\u0131l\u0131k"},"content":{"rendered":"<p>\u0130TT\u0130HAT\u00c7ILARIN \u0130KT\u0130DAR Y\u00dcR\u00dcY\u00dc\u015e\u00dc Bir Fikir, Bir Hareket, Bir Ruh.   T\u00fcrk devriminin Danton\u2019u, Selanik\u2019te kurdu\u011fu Cemiyet ile 1908\u2019de Me\u015frutiyet\u2019in yeniden do\u011fu\u015funu sa\u011flayan, \u0130ttihat ve Terakki\u2019nin karar alma mekanizmas\u0131n\u0131n sars\u0131lmaz lideri, Komitenin Ruhu; Talat Me\u015frutiyet toplar\u0131 patlayana dek Abd\u00fclhamid idaresine kar\u015f\u0131 g\u00f6ze ald\u0131klar\u0131yla \u00fcn salm\u0131\u015f, \u0130ttihat ve Terakki\u2019nin Merkez-i Umumi \u00fcyesi, Me\u015frutiyet Havarisi, \u0130ttihat\u00e7\u0131 seyyah, toplum m\u00fchendisi; Dr. N\u00e2z\u0131m Kahraman-\u0131 H\u00fcrriyet, D\u00e2m\u00e2d-\u0131 Hazret-i \u015eehriy\u00e2r\u00ee, Trablusgarp ve Edirne Fatihi, \u0130ttihat\u00e7\u0131l\u0131\u011f\u0131n h\u00fcrriyet m\u00fccadelesi ve zaferle an\u0131lan kahraman\u0131; Enver Hayat\u0131n\u0131n temelini olu\u015fturan bir h\u00fcrriyet ideali i\u00e7in yapt\u0131\u011f\u0131 m\u00fccadelesinde 1908\u2019de ba\u015far\u0131ya ula\u015fan, \u0130ttihat ve Terakki i\u00e7erisindeki en sert tedbirlerin ate\u015fli taraftar\u0131, ideal ve akideleri i\u00e7in ya\u015fayan ve m\u00fccadele eden isim; Dr. Bahaeddin \u015eakir \u0130ttihat\u00e7\u0131l\u0131\u011f\u0131n ta\u00e7s\u0131z kral\u0131, perde \u00f6n\u00fcndeki g\u00fc\u00e7l\u00fc fig\u00fcr, ad\u0131 g\u00f6lgelerin aras\u0131ndan \u00e7\u0131karak sahnenin en \u00f6n\u00fcne yaz\u0131lm\u0131\u015f, otoritesini hi\u00e7bir ta\u00e7la s\u0131n\u0131rlamam\u0131\u015f bir lider; Cemal T\u00fcrk\u00e7\u00fcl\u00fc\u011f\u00fc derin bir iman ve sars\u0131lmaz bir inan\u00e7la benimseyen bir idealist, s\u00f6zleriyle kitleleri pe\u015finden s\u00fcr\u00fckleyen, m\u0131sralar\u0131nda milletin ruhunu ya\u015fatan tutkulu bir dava adam\u0131 ve bu u\u011furda \u015fehit; \u00d6mer Naci \u0130ttihat ve Terakki\u2019nin cesur i\u00e7 muhalifi, harp meydanlar\u0131n\u0131n yenilmez komutan\u0131, fikirleriyle kar\u015f\u0131 durmaktan \u00e7ekinmeyen, cephelerde zaferin izini s\u00fcren bir lider; Mustafa Kemal H\u00fcrriyetin Babas\u0131, Meclis-i Mebusan\u2019\u0131n Reisi, fikirlerin mihenk ta\u015f\u0131 ve devrimin ideolo\u011fu, h\u00fcrriyet m\u00fccadelesinin rehberi, d\u00fc\u015f\u00fcnceleriyle bir d\u00f6nemi ayd\u0131nlatan bilge lider; Ahmed R\u0131za   \u0130ttihat\u00e7\u0131l\u0131k: \u0130ktidar\u2019da tarih\u00e7i S\u00fcleyman Tekir, vatan ve h\u00fcrriyet fikirleri i\u00e7in istibdat rejimiyle m\u00fccadeleye giren \u0130ttihat\u00e7\u0131lar\u0131n iktidara ge\u00e7i\u015f s\u00fcre\u00e7lerini yine devrin sekiz \u00f6nemli portresi \u00fczerinden inceliyor. \u0130ttihat\u00e7\u0131l\u0131k: Do\u011fu\u015f\u2019un devam\u0131 niteli\u011findeki bu kitapta ise kendinizi Selanik ve \u0130stanbul sokaklar\u0131nda bulurken, Osmanl\u0131 \u0130mparatorlu\u011fu\u2019nun son d\u00f6nemine h\u00e2kim olan siyasi kaosa tan\u0131k olacak ve h\u00fcrriyet i\u00e7in verilen \u00e7etin m\u00fccadelenin bizzat i\u00e7ine d\u00fc\u015feceksiniz. <\/p>\n","protected":false},"excerpt":{"rendered":"<p>\u0130TT\u0130HAT\u00c7ILARIN \u0130KT\u0130DAR Y\u00dcR\u00dcY\u00dc\u015e\u00dc Bir Fikir, Bir Hareket, Bir Ruh. T\u00fcrk devriminin Danton\u2019u, Selanik\u2019te kurdu\u011fu Cemiyet ile 1908\u2019de Me\u015frutiyet\u2019in yeniden do\u011fu\u015funu sa\u011flayan, \u0130ttihat ve Terakki\u2019nin karar alma<span class=\"excerpt-hellip\"> [\u2026]<\/span><\/p>\n","protected":false},"featured_media":0,"template":"","meta":{"_monsterinsights_skip_tracking":false,"_monsterinsights_sitenote_active":false,"_monsterinsights_sitenote_note":"","_monsterinsights_sitenote_category":0},"product_brand":[],"product_cat":[12304,13650],"product_tag":[],"class_list":{"0":"post-766201","1":"product","2":"type-product","3":"status-publish","5":"product_cat-tarih","6":"product_cat-turk-tarihi-arastirmalari","7":"pa_cilt-ciltsiz","8":"pa_tur-kitap","9":"pa_yayinevi-kronik-kitap","10":"pa_yazar-suleyman-tekir","12":"first","13":"instock","14":"sale","15":"shipping-taxable","16":"purchasable","17":"product-type-simple"},"_links":{"self":[{"href":"https:\/\/roveyayinevi.com.tr\/index.php\/wp-json\/wp\/v2\/product\/766201","targetHints":{"allow":["GET"]}}],"collection":[{"href":"https:\/\/roveyayinevi.com.tr\/index.php\/wp-json\/wp\/v2\/product"}],"about":[{"href":"https:\/\/roveyayinevi.com.tr\/index.php\/wp-json\/wp\/v2\/types\/product"}],"wp:attachment":[{"href":"https:\/\/roveyayinevi.com.tr\/index.php\/wp-json\/wp\/v2\/media?parent=766201"}],"wp:term":[{"taxonomy":"product_brand","embeddable":true,"href":"https:\/\/roveyayinevi.com.tr\/index.php\/wp-json\/wp\/v2\/product_brand?post=766201"},{"taxonomy":"product_cat","embeddable":true,"href":"https:\/\/roveyayinevi.com.tr\/index.php\/wp-json\/wp\/v2\/product_cat?post=766201"},{"taxonomy":"product_tag","embeddable":true,"href":"https:\/\/roveyayinevi.com.tr\/index.php\/wp-json\/wp\/v2\/product_tag?post=766201"}],"curies":[{"name":"wp","href":"https:\/\/api.w.org\/{rel}","templated":true}]}}