{"id":766198,"date":"2025-08-28T12:05:23","date_gmt":"2025-08-28T09:05:23","guid":{"rendered":"https:\/\/roveyayinevi.com.tr\/index.php\/urun\/eyvah-okuldan-ariyorlar\/"},"modified":"2026-04-15T03:32:07","modified_gmt":"2026-04-15T00:32:07","slug":"eyvah-okuldan-ariyorlar","status":"publish","type":"product","link":"https:\/\/roveyayinevi.com.tr\/index.php\/urun\/eyvah-okuldan-ariyorlar\/","title":{"rendered":"Eyvah, Okuldan Ar\u0131yorlar!"},"content":{"rendered":"<p>Sosyal medyada, haber kanallar\u0131nda, mahallede, \u00e7ocu\u011fumuzun okudu\u011fu okulda, hatta belki de birebir kendi \u00e7ocu\u011fumuzun a\u011fz\u0131ndan i\u015fitti\u011fimiz, \u015fahit oldu\u011fumuz k\u00f6t\u00fcl\u00fck haberleriyle nefes alamaz h\u00e2le geldik. \u00dcstelik b\u00fcy\u00fcklerimizin de dedi\u011fi gibi \u201cD\u00fcnyan\u0131n binbir t\u00fcrl\u00fc h\u00e2li var,\u201d ve bizler de mesele \u00e7ocuklar\u0131m\u0131z\u0131 korumak olunca olduk\u00e7a tedirginiz. G\u00fcn\u00fcm\u00fczde anne-babalar\u0131n motivasyonu art\u0131k, \u201c\u00c7ocu\u011fum iyi bir e\u011fitim als\u0131n,\u201d iste\u011finden \u00f6te \u201c\u00c7ocu\u011fum g\u00fcvende olsun,\u201d y\u00f6n\u00fcnde. Kayg\u0131l\u0131y\u0131z. Koruma odakl\u0131y\u0131z. Ancak \u00e7ocu\u011fumuzu korurken kendimizi kolayl\u0131kla bir ba\u015fka \u00e7ocu\u011fu etiketlerken buluyoruz. Ve onun da asl\u0131nda hen\u00fcz bir \u00e7ocuk oldu\u011funu \u00e7o\u011fu zaman unutuyoruz. Oysa bu hik\u00e2yede pek \u00e7ok karakter var; zorbal\u0131k davran\u0131\u015f\u0131nda bulunanlar, ma\u011fdurlar ve \u00fczerinde hi\u00e7 durulmasa da bu olaylara tan\u0131kl\u0131k edenler. Ve olaylar bu raddeye gelene kadar ya\u015fanan imk\u00e2ns\u0131zl\u0131klar, i\u00e7ine do\u011fulan aileler, \u00e7evresel ko\u015fullar, yanl\u0131\u015f uygulanan politikalar\u2026 \u00b7         Peki, ger\u00e7ekten nedir zorbal\u0131k? \u00b7         Aileler, \u00f6\u011fretmenler ve okullar olarak \u00e7ocuklar\u0131m\u0131z\u0131 zorbal\u0131\u011fa kar\u015f\u0131 nas\u0131l koruyaca\u011f\u0131z ve nas\u0131l bilin\u00e7lendirece\u011fiz? \u00b7         Hem kendileri hem de s\u0131n\u0131f\u0131ndaki \u00f6\u011frencileri i\u00e7in endi\u015felenen ve ne yapaca\u011f\u0131n\u0131 \u015fa\u015f\u0131ran \u00f6\u011fretmenler ne yapmal\u0131? \u00b7         Veliler \u00e7ocuklar\u0131n\u0131n ya\u015fad\u0131klar\u0131 bu \u00e7at\u0131\u015fmalara nas\u0131l ve ne zaman d\u00e2hil olmal\u0131? \u00b7         \u00c7ocuklar\u0131m\u0131z\u0131n ba\u015fkalar\u0131na kar\u015f\u0131 empati duyan, s\u0131n\u0131rlar\u0131 bilen, vicdanl\u0131, adil bir yeti\u015fkine d\u00f6n\u00fc\u015febilmesi nas\u0131l m\u00fcmk\u00fcn? \u00d6\u011frenciden \u00f6\u011fretmene, y\u00f6neticilikten dan\u0131\u015fmanl\u0131\u011fa uzun y\u0131llar boyunca merce\u011fini hep \u201ce\u011fitim\u201d meselesi \u00fczerine tutmu\u015f, bu konuda dertlenmi\u015f e\u011fitimci\/\u00f6\u011fretmen\/\u00f6m\u00fcrl\u00fck \u00f6\u011frenci\/ebeveyn M\u00fcjdat Ataman\u2019\u0131n kaleminden labirentte s\u0131k\u0131\u015f\u0131p kalm\u0131\u015f ebeveyn ve e\u011fitimcilere bir \u00e7\u0131k\u0131\u015f yolu\u2026 Psikolojik, sosyolojik, bireysel ve toplumsal boyutlar\u0131yla A\u2019dan Z\u2019ye zorbal\u0131\u011fa dair bir manifesto\u2026 Eyvah, Okuldan Ar\u0131yorlar! zorbal\u0131k kar\u015f\u0131s\u0131nda derinlerinde bir yerde k\u0131r\u0131lan, nefes almakta zorlanan \u00e7ocuklar i\u00e7in ba\u015fka bir d\u00fcnyan\u0131n h\u00e2l\u00e2 m\u00fcmk\u00fcn oldu\u011funa inanan anne-babalar ve e\u011fitimciler i\u00e7in&#8230; <\/p>\n","protected":false},"excerpt":{"rendered":"<p>Sosyal medyada, haber kanallar\u0131nda, mahallede, \u00e7ocu\u011fumuzun okudu\u011fu okulda, hatta belki de birebir kendi \u00e7ocu\u011fumuzun a\u011fz\u0131ndan i\u015fitti\u011fimiz, \u015fahit oldu\u011fumuz k\u00f6t\u00fcl\u00fck haberleriyle nefes alamaz h\u00e2le geldik. \u00dcstelik b\u00fcy\u00fcklerimizin<span class=\"excerpt-hellip\"> [\u2026]<\/span><\/p>\n","protected":false},"featured_media":0,"template":"","meta":{"_monsterinsights_skip_tracking":false,"_monsterinsights_sitenote_active":false,"_monsterinsights_sitenote_note":"","_monsterinsights_sitenote_category":0},"product_brand":[],"product_cat":[12831,12324],"product_tag":[],"class_list":{"0":"post-766198","1":"product","2":"type-product","3":"status-publish","5":"product_cat-aile-ve-cocuk","6":"product_cat-sosyoloji","7":"pa_cilt-ciltsiz","8":"pa_tur-kitap","9":"pa_yayinevi-kronik-kitap","10":"pa_yazar-mujdat-ataman","12":"first","13":"instock","14":"sale","15":"shipping-taxable","16":"purchasable","17":"product-type-simple"},"_links":{"self":[{"href":"https:\/\/roveyayinevi.com.tr\/index.php\/wp-json\/wp\/v2\/product\/766198","targetHints":{"allow":["GET"]}}],"collection":[{"href":"https:\/\/roveyayinevi.com.tr\/index.php\/wp-json\/wp\/v2\/product"}],"about":[{"href":"https:\/\/roveyayinevi.com.tr\/index.php\/wp-json\/wp\/v2\/types\/product"}],"wp:attachment":[{"href":"https:\/\/roveyayinevi.com.tr\/index.php\/wp-json\/wp\/v2\/media?parent=766198"}],"wp:term":[{"taxonomy":"product_brand","embeddable":true,"href":"https:\/\/roveyayinevi.com.tr\/index.php\/wp-json\/wp\/v2\/product_brand?post=766198"},{"taxonomy":"product_cat","embeddable":true,"href":"https:\/\/roveyayinevi.com.tr\/index.php\/wp-json\/wp\/v2\/product_cat?post=766198"},{"taxonomy":"product_tag","embeddable":true,"href":"https:\/\/roveyayinevi.com.tr\/index.php\/wp-json\/wp\/v2\/product_tag?post=766198"}],"curies":[{"name":"wp","href":"https:\/\/api.w.org\/{rel}","templated":true}]}}