{"id":766037,"date":"2025-08-28T12:00:14","date_gmt":"2025-08-28T09:00:14","guid":{"rendered":"https:\/\/roveyayinevi.com.tr\/index.php\/urun\/dedem-koruk-yemis\/"},"modified":"2026-04-15T03:31:42","modified_gmt":"2026-04-15T00:31:42","slug":"dedem-koruk-yemis","status":"publish","type":"product","link":"https:\/\/roveyayinevi.com.tr\/index.php\/urun\/dedem-koruk-yemis\/","title":{"rendered":"Dedem Koruk Yemi\u015f"},"content":{"rendered":"<p>Dedem Koruk Yemi\u015f, Faruk Pekin\u2019in ya\u015fam\u0131n\u0131n t\u00fcm a\u015famalar\u0131n\u0131; \u00f6\u011frencili\u011finden, gazetecili\u011fine, sendikac\u0131l\u0131\u011f\u0131na ve k\u00fclt\u00fcr turizmcili\u011fine uzanan uzun soluklu m\u00fccadele dolu ser\u00fcvenini dile getirdi\u011fi bir ya\u015fam kitab\u0131.    Yazar, y\u0131llar\u0131n m\u00fccadelesi i\u00e7inde art arda koydu\u011fu an\u0131lar\u0131n\u0131; Robert Koleji y\u0131llar\u0131n\u0131, ANT dergisiyle ya\u015fad\u0131\u011f\u0131 gazetecilik ve yazarl\u0131k g\u00fcnlerini, sendikalarda, D\u0130SK\u2019te ve hapishanelerde ge\u00e7irdi\u011fi g\u00fcnleri, k\u00fclt\u00fcr turizminde att\u0131\u011f\u0131 ilk ad\u0131mlar\u0131 ve daha pek \u00e7ok hik\u00e2yeyi tarihsel d\u00f6nemleriyle anlaml\u0131 k\u0131larken al\u0131\u015f\u0131lm\u0131\u015f\u0131n d\u0131\u015f\u0131na \u00e7\u0131k\u0131yor. Bunu yaparken \u00e7izdi\u011fi geni\u015f \u00e7er\u00e7eveyi de \u201cEmek\u00e7ilerle Yanyana Bir Ya\u015fam\u201d olarak tan\u0131mlay\u0131p noktay\u0131 koyuyor.    Faruk Pekin, ya\u015fam\u0131n\u0131 bu geni\u015f \u00e7er\u00e7eve i\u00e7inde s\u00fcrd\u00fcr\u00fcrken, hi\u00e7 ku\u015fkusuz \u00f6znel olan bu an\u0131larda kendi ger\u00e7ekli\u011finden hi\u00e7 uzakla\u015fmadan, ya\u015fanm\u0131\u015fl\u0131klar\u0131n ki\u015fili\u011fine yans\u0131yan t\u00fcm yanlar\u0131n\u0131, iyi ve k\u00f6t\u00fc ve\u00e7helerini de dile getirmekten geri kalm\u0131yor.   \u0130\u015fte, Dedem Koruk Yemi\u015f\u2019in her sat\u0131r\u0131nda T\u00fcrkiye\u2019nin tarihi ile i\u00e7 i\u00e7e ge\u00e7mi\u015f, yan yana y\u00fcr\u00fcnm\u00fc\u015f ya\u015fanm\u0131\u015fl\u0131klar bulacaks\u0131n\u0131z.    Okur olarak, yazar\u0131n \u00f6znelli\u011fini alk\u0131\u015flayacak ya da k\u0131zacaks\u0131n\u0131z ama teslim etmeniz gereken bir \u015fey var ki sonunda arad\u0131\u011f\u0131n\u0131z do\u011fru, bu ger\u00e7ekli\u011fin i\u00e7inde kendini kal\u0131n bir \u00e7izgi olarak g\u00f6sterecektir.   An\u0131lar\u0131n da amac\u0131 bu de\u011fil mi?      \u0130\u00e7indekiler;   \u00b7         Menemen\u2019den D\u00fcnyaya \u00b7         Robert Kolej Y\u0131llar\u0131 \u00b7         Bo\u011fazi\u00e7i \u00dcniversitesi\u2019ne Do\u011fru \u00b7         \u0130\u015f\u00e7ilerle \u00d6rg\u00fctlenme Y\u0131llar\u0131 \u00b7         12 Mart ve Sonras\u0131 \u00b7         12 Eyl\u00fcl Fa\u015fist Askeri Darbesi \u00b7         Gezi K\u00fclt\u00fcr\u00fcne Katk\u0131lar \u00b7         Sons\u00f6z \u00b7         M\u00fcfide Ayn\u0131bal Pekin\u2019e Dair <\/p>\n","protected":false},"excerpt":{"rendered":"<p>Dedem Koruk Yemi\u015f, Faruk Pekin\u2019in ya\u015fam\u0131n\u0131n t\u00fcm a\u015famalar\u0131n\u0131; \u00f6\u011frencili\u011finden, gazetecili\u011fine, sendikac\u0131l\u0131\u011f\u0131na ve k\u00fclt\u00fcr turizmcili\u011fine uzanan uzun soluklu m\u00fccadele dolu ser\u00fcvenini dile getirdi\u011fi bir ya\u015fam kitab\u0131. Yazar,<span class=\"excerpt-hellip\"> [\u2026]<\/span><\/p>\n","protected":false},"featured_media":0,"template":"","meta":{"_monsterinsights_skip_tracking":false,"_monsterinsights_sitenote_active":false,"_monsterinsights_sitenote_note":"","_monsterinsights_sitenote_category":0},"product_brand":[],"product_cat":[14009,12291],"product_tag":[],"class_list":{"0":"post-766037","1":"product","2":"type-product","3":"status-publish","5":"product_cat-biyografi-otobiyografi-edebiyat","6":"product_cat-edebiyat","7":"pa_cilt-ciltsiz","8":"pa_tur-kitap","9":"pa_yayinevi-literatur-yayinevi","10":"pa_yazar-faruk-pekin","12":"first","13":"instock","14":"sale","15":"shipping-taxable","16":"purchasable","17":"product-type-simple"},"_links":{"self":[{"href":"https:\/\/roveyayinevi.com.tr\/index.php\/wp-json\/wp\/v2\/product\/766037","targetHints":{"allow":["GET"]}}],"collection":[{"href":"https:\/\/roveyayinevi.com.tr\/index.php\/wp-json\/wp\/v2\/product"}],"about":[{"href":"https:\/\/roveyayinevi.com.tr\/index.php\/wp-json\/wp\/v2\/types\/product"}],"wp:attachment":[{"href":"https:\/\/roveyayinevi.com.tr\/index.php\/wp-json\/wp\/v2\/media?parent=766037"}],"wp:term":[{"taxonomy":"product_brand","embeddable":true,"href":"https:\/\/roveyayinevi.com.tr\/index.php\/wp-json\/wp\/v2\/product_brand?post=766037"},{"taxonomy":"product_cat","embeddable":true,"href":"https:\/\/roveyayinevi.com.tr\/index.php\/wp-json\/wp\/v2\/product_cat?post=766037"},{"taxonomy":"product_tag","embeddable":true,"href":"https:\/\/roveyayinevi.com.tr\/index.php\/wp-json\/wp\/v2\/product_tag?post=766037"}],"curies":[{"name":"wp","href":"https:\/\/api.w.org\/{rel}","templated":true}]}}