{"id":765992,"date":"2025-08-28T11:58:48","date_gmt":"2025-08-28T08:58:48","guid":{"rendered":"https:\/\/roveyayinevi.com.tr\/index.php\/urun\/turkiyenin-cumhuriyeti\/"},"modified":"2026-04-15T03:31:41","modified_gmt":"2026-04-15T00:31:41","slug":"turkiyenin-cumhuriyeti","status":"publish","type":"product","link":"https:\/\/roveyayinevi.com.tr\/index.php\/urun\/turkiyenin-cumhuriyeti\/","title":{"rendered":"T\u00fcrkiye\u2019nin Cumhuriyeti"},"content":{"rendered":"<p>T\u00fcrkiye\u2019de cumhuriyet kavram\u0131, taraftarlar\u0131n\u0131n ve kar\u015f\u0131tlar\u0131n\u0131n g\u00f6z\u00fcnde yo\u011fun bir duygusal etkiye sahip olmas\u0131na ra\u011fmen, a\u00e7\u0131k ve analitik bir tart\u0131\u015fmaya pek konu olmaz. \u00d6yle ki, \u201cHalk\u0131n kendi kendisini y\u00f6netmesi\u201d veya \u201cEgemenli\u011fin millete ait olmas\u0131\u201d gibi harc\u0131\u00e2lem tan\u0131mlar, cumhuriyetten daha \u00e7ok, ilkinde demokrasiye ikincisinde halk egemenli\u011fine kar\u015f\u0131l\u0131k gelmektedir. Bir kesimin g\u00f6z\u00fcnde Atat\u00fcrk\u2019\u00fcn miras\u0131n\u0131 ve \u00e7a\u011fda\u015fla\u015fmay\u0131 simgelerken ba\u015fka bir kesim i\u00e7in otoriter bir modernle\u015fmenin, tek\u00e7i bir millet d\u00fc\u015f\u00fcncesinin, pozitivist bir bilimcilik anlay\u0131\u015f\u0131na dayal\u0131 gelenekten kopu\u015fun anlat\u0131m\u0131d\u0131r. Bu farkl\u0131 farkl\u0131 cumhuriyet \u201calg\u0131lar\u0131\u201d, cumhuriyete y\u00f6nelik g\u00fc\u00e7l\u00fc bir duygusal \u00e7a\u011fr\u0131\u015f\u0131m \u00fcretirken; cumhuriyetin ne oldu\u011fu, d\u00fcnyada neye kar\u015f\u0131l\u0131k geldi\u011fi ve bizdekinin d\u00fcnyadaki \u00f6rnekleriyle nas\u0131l kar\u015f\u0131la\u015ft\u0131r\u0131labilece\u011fi gibi sorular genellikle g\u00f6lgede kal\u0131r.Aydo\u011fan Kutlu\u2019nun T\u00fcrkiye\u2019nin Cumhuriyeti: Cumhuriyet Kavram\u0131n\u0131n T\u00fcrkiye\u2019deki D\u00f6n\u00fc\u015f\u00fcm\u00fc ba\u015fl\u0131kl\u0131 kitab\u0131, Cumhuriyet\u2019in 100. y\u0131l\u0131nda, Bat\u0131\u2019daki felsefi k\u00f6kenlerinden ba\u015flayarak cumhuriyet kavram\u0131n\u0131n nas\u0131l bir tarihsel d\u00f6n\u00fc\u015f\u00fcm ge\u00e7irdi\u011finin izini s\u00fcr\u00fcyor. Cumhuriyetin Antik\u00e7a\u011f\u2019\u0131n kent-devletlerinden modern d\u00f6nemlerin ulus-devletlerine d\u00f6n\u00fc\u015f\u00fcrken hangi niteliklerinin ba\u015fkala\u015f\u0131m ge\u00e7irdi\u011fini inceliyor ve Osmanl\u0131\/T\u00fcrk tarihinde cumhuriyet kavram\u0131n\u0131n ortaya \u00e7\u0131k\u0131\u015f\u0131n\u0131 ve evrimini de bu perspektife yerle\u015ftiriyor. B\u00f6ylece Yeni Osmanl\u0131lardan \u0130kinci Cumhuriyet\u00e7ilere dek uzanan cumhuriyet tart\u0131\u015fmas\u0131n\u0131, cumhuriyetin temel niteliklerinin nas\u0131l yorumland\u0131\u011f\u0131 \u00fczerinden g\u00f6stermeye \u00e7al\u0131\u015f\u0131rken bir yandan da devletle \u00f6zde\u015fli\u011fe hapsolmayan bir cumhuriyet mefhumunun pe\u015finden gitmeye \u00e7al\u0131\u015f\u0131yor. Siyasi tarihten daha \u00e7ok d\u00fc\u015f\u00fcnce tarihini temel alan bu kitap, T\u00fcrkiye\u2019deki cumhuriyet anlay\u0131\u015f\u0131n\u0131n temel unsurlar\u0131n\u0131 g\u00fcn y\u00fcz\u00fcne \u00e7\u0131kartmay\u0131 ama\u00e7larken ayn\u0131 zamanda T\u00fcrkiye\u2019de neden etkili bir cumhuriyet\u00e7i ak\u0131m\u0131n do\u011fmad\u0131\u011f\u0131n\u0131n da yan\u0131tlar\u0131n\u0131 ara\u015ft\u0131r\u0131yor. <\/p>\n","protected":false},"excerpt":{"rendered":"<p>T\u00fcrkiye\u2019de cumhuriyet kavram\u0131, taraftarlar\u0131n\u0131n ve kar\u015f\u0131tlar\u0131n\u0131n g\u00f6z\u00fcnde yo\u011fun bir duygusal etkiye sahip olmas\u0131na ra\u011fmen, a\u00e7\u0131k ve analitik bir tart\u0131\u015fmaya pek konu olmaz. \u00d6yle ki, \u201cHalk\u0131n kendi<span class=\"excerpt-hellip\"> [\u2026]<\/span><\/p>\n","protected":false},"featured_media":0,"template":"","meta":{"_monsterinsights_skip_tracking":false,"_monsterinsights_sitenote_active":false,"_monsterinsights_sitenote_note":"","_monsterinsights_sitenote_category":0},"product_brand":[],"product_cat":[12304,13493],"product_tag":[],"class_list":{"0":"post-765992","1":"product","2":"type-product","3":"status-publish","5":"product_cat-tarih","6":"product_cat-turkiye-ve-cumhuriyet-tarihi","7":"pa_cilt-ciltsiz","8":"pa_tur-kitap","9":"pa_yayinevi-nika-yayinevi","10":"pa_yazar-aydogan-kutlu","12":"first","13":"instock","14":"sale","15":"shipping-taxable","16":"purchasable","17":"product-type-simple"},"_links":{"self":[{"href":"https:\/\/roveyayinevi.com.tr\/index.php\/wp-json\/wp\/v2\/product\/765992","targetHints":{"allow":["GET"]}}],"collection":[{"href":"https:\/\/roveyayinevi.com.tr\/index.php\/wp-json\/wp\/v2\/product"}],"about":[{"href":"https:\/\/roveyayinevi.com.tr\/index.php\/wp-json\/wp\/v2\/types\/product"}],"wp:attachment":[{"href":"https:\/\/roveyayinevi.com.tr\/index.php\/wp-json\/wp\/v2\/media?parent=765992"}],"wp:term":[{"taxonomy":"product_brand","embeddable":true,"href":"https:\/\/roveyayinevi.com.tr\/index.php\/wp-json\/wp\/v2\/product_brand?post=765992"},{"taxonomy":"product_cat","embeddable":true,"href":"https:\/\/roveyayinevi.com.tr\/index.php\/wp-json\/wp\/v2\/product_cat?post=765992"},{"taxonomy":"product_tag","embeddable":true,"href":"https:\/\/roveyayinevi.com.tr\/index.php\/wp-json\/wp\/v2\/product_tag?post=765992"}],"curies":[{"name":"wp","href":"https:\/\/api.w.org\/{rel}","templated":true}]}}