{"id":765834,"date":"2025-08-28T11:54:02","date_gmt":"2025-08-28T08:54:02","guid":{"rendered":"https:\/\/roveyayinevi.com.tr\/index.php\/urun\/sogutlulu-destanci-asik-ali-sahin\/"},"modified":"2026-04-15T03:31:37","modified_gmt":"2026-04-15T00:31:37","slug":"sogutlulu-destanci-asik-ali-sahin","status":"publish","type":"product","link":"https:\/\/roveyayinevi.com.tr\/index.php\/urun\/sogutlulu-destanci-asik-ali-sahin\/","title":{"rendered":"S\u00f6\u011f\u00fctl\u00fcl\u00fc Destanc\u0131 A\u015f\u0131k Ali \u015eahin"},"content":{"rendered":"<p>Az gittik uz gittik. Karaisal\u0131\u2019n\u0131n S\u00f6\u011f\u00fctl\u00fc k\u00f6y\u00fcnden Destanc\u0131 \u00c2\u015f\u0131k Ali\u2019ye rastlad\u0131k. Biz delikanl\u0131 iken o Adana sokaklar\u0131nda; Karaisal\u0131 kazam S\u00f6\u011f\u00fctl\u00fc k\u00f6y\u00fcm. Bu \u00fclkede b\u00f6yle \u00e2\u015f\u0131k bulunmaz diyerek destan sat\u0131yordu. (Eskiden Karaisal\u0131\u2019ya ba\u011fl\u0131 olan S\u00f6\u011f\u00fctl\u00fc k\u00f6y\u00fc \u015fimdi Adana ilinin \u00c7ukurova il\u00e7esine ba\u011flad\u0131r.)  Destanc\u0131 \u00c2\u015f\u0131k Ali\u2019yi 1960 \u2013 1970\u2019li y\u0131llarda tan\u0131m\u0131\u015ft\u0131m. Onu derleyip toparlamak i\u00e7imde hep bir ukde idi. Bu amac\u0131m 19 A\u011fustos 1994 tarihinde ger\u00e7ekle\u015fti. Uzun bir m\u00fcddet sa\u011f m\u0131 \u00f6l\u00fcm\u00fc oldu\u011funu tespit etmeye \u00e7al\u0131\u015ft\u0131k. Adana\u2019da Karabucak Camii kar\u015f\u0131s\u0131ndaki hem\u015ferimiz Berber Sait\u2019ten (\u00dcnal) sa\u011f oldu\u011funu, Tellidere mevkiinde uyduruk bir barakada manavl\u0131k yapt\u0131\u011f\u0131n\u0131 \u00f6\u011frendik. Berber Sait ile birlikte ad\u0131 ge\u00e7en tarih ve mevkide \u00c2\u015f\u0131k Ali \u015eahin\u2019i bulduk. Bir hayli y\u0131pranm\u0131\u015f de\u011fneksiz y\u00fcr\u00fcyemiyor. G\u00f6zleri de iyi g\u00f6rm\u00fcyordu. Buna ra\u011fmen \u00e7al\u0131\u015fmay\u0131 b\u0131rakmayan yorgun \u00e2\u015f\u0131k, ba\u015fkalar\u0131na muhta\u00e7 olmayacak kadar ia\u015fesini temin etmekle me\u015fguld\u00fc. Y\u0131llardan sonra onu kitapla\u015ft\u0131rman\u0131n sevinci var \u00fcst\u00fcmde. Bin rahmet olsun Destanc\u0131 \u00c2\u015f\u0131k Ali. \u0130nsanl\u0131k var olduk\u00e7a sen de var olacak. Destanlar\u0131nla ilelebet ya\u015fayacaks\u0131n. <\/p>\n","protected":false},"excerpt":{"rendered":"<p>Az gittik uz gittik. Karaisal\u0131\u2019n\u0131n S\u00f6\u011f\u00fctl\u00fc k\u00f6y\u00fcnden Destanc\u0131 \u00c2\u015f\u0131k Ali\u2019ye rastlad\u0131k. Biz delikanl\u0131 iken o Adana sokaklar\u0131nda; Karaisal\u0131 kazam S\u00f6\u011f\u00fctl\u00fc k\u00f6y\u00fcm. Bu \u00fclkede b\u00f6yle \u00e2\u015f\u0131k bulunmaz<span class=\"excerpt-hellip\"> [\u2026]<\/span><\/p>\n","protected":false},"featured_media":0,"template":"","meta":{"_monsterinsights_skip_tracking":false,"_monsterinsights_sitenote_active":false,"_monsterinsights_sitenote_note":"","_monsterinsights_sitenote_category":0},"product_brand":[],"product_cat":[14009,12291],"product_tag":[],"class_list":{"0":"post-765834","1":"product","2":"type-product","3":"status-publish","5":"product_cat-biyografi-otobiyografi-edebiyat","6":"product_cat-edebiyat","7":"pa_cilt-ciltsiz","8":"pa_tur-kitap","9":"pa_yayinevi-gulnar-yayinlari","10":"pa_yazar-halil-atilgan","12":"first","13":"instock","14":"sale","15":"shipping-taxable","16":"purchasable","17":"product-type-simple"},"_links":{"self":[{"href":"https:\/\/roveyayinevi.com.tr\/index.php\/wp-json\/wp\/v2\/product\/765834","targetHints":{"allow":["GET"]}}],"collection":[{"href":"https:\/\/roveyayinevi.com.tr\/index.php\/wp-json\/wp\/v2\/product"}],"about":[{"href":"https:\/\/roveyayinevi.com.tr\/index.php\/wp-json\/wp\/v2\/types\/product"}],"wp:attachment":[{"href":"https:\/\/roveyayinevi.com.tr\/index.php\/wp-json\/wp\/v2\/media?parent=765834"}],"wp:term":[{"taxonomy":"product_brand","embeddable":true,"href":"https:\/\/roveyayinevi.com.tr\/index.php\/wp-json\/wp\/v2\/product_brand?post=765834"},{"taxonomy":"product_cat","embeddable":true,"href":"https:\/\/roveyayinevi.com.tr\/index.php\/wp-json\/wp\/v2\/product_cat?post=765834"},{"taxonomy":"product_tag","embeddable":true,"href":"https:\/\/roveyayinevi.com.tr\/index.php\/wp-json\/wp\/v2\/product_tag?post=765834"}],"curies":[{"name":"wp","href":"https:\/\/api.w.org\/{rel}","templated":true}]}}