{"id":765703,"date":"2025-08-28T11:49:05","date_gmt":"2025-08-28T08:49:05","guid":{"rendered":"https:\/\/roveyayinevi.com.tr\/index.php\/urun\/avrupa-birliginde-dolaysiz-vergilerin-uyumlastirilmasi-ve-turkiye\/"},"modified":"2026-04-15T03:31:33","modified_gmt":"2026-04-15T00:31:33","slug":"avrupa-birliginde-dolaysiz-vergilerin-uyumlastirilmasi-ve-turkiye","status":"publish","type":"product","link":"https:\/\/roveyayinevi.com.tr\/index.php\/urun\/avrupa-birliginde-dolaysiz-vergilerin-uyumlastirilmasi-ve-turkiye\/","title":{"rendered":"Avrupa Birli\u011fi&#8217;nde Dolays\u0131z Vergilerin Uyumla\u015ft\u0131r\u0131lmas\u0131 ve T\u00fcrkiye"},"content":{"rendered":"<p>Ekonomik ve siyasi bir birlik olarak Avrupa Birli\u011fi t\u00fcr\u00fcn\u00fcn tek \u00f6rne\u011fidir.Birlik, \u00fcye \u00fclkelerin kendi egemenlik yetkilerinin bir k\u0131sm\u0131n\u0131 birlik organlar\u0131na devretmi\u015f olmas\u0131 nedeniyle uluslar\u00fcst\u00fc bir yap\u0131ya sahiptir ve ayr\u0131ca derinle\u015fme ve geni\u015fleme yoluyla b\u00fcy\u00fcyerek Avrupa k\u0131tas\u0131n\u0131n neredeyse b\u00fct\u00fcn\u00fcn\u00fc kapsayan bir \u0130\u00e7 Pazar olu\u015fturmu\u015ftur.B\u00f6ylece, d\u00fcnya pazar\u0131nda kendi rekabet\u00e7ilik kapasitesini artt\u0131rm\u0131\u015ft\u0131r.Geni\u015fleme politikas\u0131, yeni \u00fcyelerin Birli\u011fe nas\u0131l al\u0131naca\u011f\u0131n\u0131n, derinle\u015fme politikas\u0131 ise tam \u00fcye ve aday \u00fclke olabilmenin \u00e7er\u00e7evesini \u00e7izmektedir.Bu bak\u0131mdan derinle\u015fme politikas\u0131, AB&#8217;yi siyasi ve ekonomik bir Birlik haline getiren \u00e7ok basamakl\u0131 bir merdiven olarak g\u00f6r\u00fclebilir. Vergilendirme politikas\u0131 da bu merdivenin en \u00f6nemli basamaklardan biridir.Farkl\u0131 \u00fcye \u00fclke vergilendirme sistemleri, Birlik i\u00e7i ticaretin ve rekabet\u00e7ili\u011fin \u00f6n\u00fcndeki en \u00f6nemli engeldir.Bu nedenle AB Konseyi ve AB Komisyonu vergilendirme alan\u0131nda \u00fcye \u00fclke sistemlerinin birbirine yak\u0131nla\u015ft\u0131r\u0131lmas\u0131na ve baz\u0131 alanlarda ortak kurallar\u0131n kabul\u00fcne \u00f6nem vermektedir.Bununla birlikte, bu AB i\u00e7in bile zor bir s\u00fcre\u00e7tir.\u00c7\u00fcnk\u00fc vergilendirme yetkisi ulus devlet i\u00e7in en \u00f6nemli egemenlik alanlar\u0131ndan biridir ve bu hakk\u0131n t\u00fcm\u00fcnden ya da bir k\u0131sm\u0131ndan vazge\u00e7mek san\u0131ld\u0131\u011f\u0131 kadar kolay de\u011fildir. AB vergilendirme politikas\u0131na uyum bak\u0131m\u0131ndan \u00fcye \u00fclkelerin atmas\u0131 gereken iki \u00f6nemli ad\u0131m vard\u0131r.Bunlardan ilki, kendi dolays\u0131z sistemlerini birbirlerine yak\u0131nla\u015ft\u0131rmak, ikincisi ise dolayl\u0131 vergi sistemlerini Birlik \u00fcst politikas\u0131na uyumla\u015ft\u0131rmakt\u0131r.Di\u011fer yandan Birlik, aday \u00fclkeler bak\u0131m\u0131ndan farkl\u0131 bir yakla\u015f\u0131m benimsemi\u015ftir.Buna g\u00f6re T\u00fcrkiye&#8217;nin de i\u00e7inde oldu\u011fu aday \u00fclkeler, tam \u00fcyelik durumunda, Birlik politikalar\u0131na tam uyum sa\u011flamak zorundad\u0131r.S\u00f6z konusu konular\u0131n 5 ana b\u00f6l\u00fcm halinde ele al\u0131nd\u0131\u011f\u0131 bu kitap ile literat\u00fcre g\u00fcncel durumu yans\u0131tan bir eser kazand\u0131r\u0131lm\u0131\u015ft\u0131r.<\/p>\n","protected":false},"excerpt":{"rendered":"<p>Ekonomik ve siyasi bir birlik olarak Avrupa Birli\u011fi t\u00fcr\u00fcn\u00fcn tek \u00f6rne\u011fidir.Birlik, \u00fcye \u00fclkelerin kendi egemenlik yetkilerinin bir k\u0131sm\u0131n\u0131 birlik organlar\u0131na devretmi\u015f olmas\u0131 nedeniyle uluslar\u00fcst\u00fc bir yap\u0131ya<span class=\"excerpt-hellip\"> [\u2026]<\/span><\/p>\n","protected":false},"featured_media":0,"template":"","meta":{"_monsterinsights_skip_tracking":false,"_monsterinsights_sitenote_active":false,"_monsterinsights_sitenote_note":"","_monsterinsights_sitenote_category":0},"product_brand":[],"product_cat":[12337],"product_tag":[],"class_list":{"0":"post-765703","1":"product","2":"type-product","3":"status-publish","5":"product_cat-politika-siyaset","6":"pa_cilt-ciltsiz","7":"pa_tur-kitap","8":"pa_yayinevi-hukuk-yayinlari","9":"pa_yazar-birol-ubay","11":"first","12":"instock","13":"sale","14":"shipping-taxable","15":"purchasable","16":"product-type-simple"},"_links":{"self":[{"href":"https:\/\/roveyayinevi.com.tr\/index.php\/wp-json\/wp\/v2\/product\/765703","targetHints":{"allow":["GET"]}}],"collection":[{"href":"https:\/\/roveyayinevi.com.tr\/index.php\/wp-json\/wp\/v2\/product"}],"about":[{"href":"https:\/\/roveyayinevi.com.tr\/index.php\/wp-json\/wp\/v2\/types\/product"}],"wp:attachment":[{"href":"https:\/\/roveyayinevi.com.tr\/index.php\/wp-json\/wp\/v2\/media?parent=765703"}],"wp:term":[{"taxonomy":"product_brand","embeddable":true,"href":"https:\/\/roveyayinevi.com.tr\/index.php\/wp-json\/wp\/v2\/product_brand?post=765703"},{"taxonomy":"product_cat","embeddable":true,"href":"https:\/\/roveyayinevi.com.tr\/index.php\/wp-json\/wp\/v2\/product_cat?post=765703"},{"taxonomy":"product_tag","embeddable":true,"href":"https:\/\/roveyayinevi.com.tr\/index.php\/wp-json\/wp\/v2\/product_tag?post=765703"}],"curies":[{"name":"wp","href":"https:\/\/api.w.org\/{rel}","templated":true}]}}