{"id":765697,"date":"2025-08-28T11:48:58","date_gmt":"2025-08-28T08:48:58","guid":{"rendered":"https:\/\/roveyayinevi.com.tr\/index.php\/urun\/hukuk-ve-adalet\/"},"modified":"2026-04-15T03:31:33","modified_gmt":"2026-04-15T00:31:33","slug":"hukuk-ve-adalet","status":"publish","type":"product","link":"https:\/\/roveyayinevi.com.tr\/index.php\/urun\/hukuk-ve-adalet\/","title":{"rendered":"Hukuk ve Adalet"},"content":{"rendered":"<p>Hukuk hem insano\u011flunun bar\u0131\u015f ve d\u00fczen i\u00e7inde bir toplumsal hayat s\u00fcrmesi bak\u0131m\u0131ndan, hem de evrensel adalet idealiyle zorunlu ba\u011flant\u0131s\u0131 bak\u0131m\u0131ndan vazge\u00e7ilmez \u00f6nemdedir. Ba\u015fka bir ifadeyle denebilir ki, hukuk medenili\u011fin \u00f6n \u015fartlar\u0131ndan biri, belki de birincisidir. Ne var ki bu hakikatin \u00fclkemizde yeterince takdir edildi\u011fi s\u00f6ylenemez. Maalesef hukuk fak\u00fcltelerimizin m\u00fcfredat\u0131nda bile hukukla adaleti bu zorunlu ili\u015fki i\u00e7inde ele alan ba\u015fl\u0131 ba\u015f\u0131na bir ders var olmad\u0131\u011f\u0131 gibi, b\u00f6yle bir derse malzeme olu\u015fturacak bir kitap da yoktur. \u0130\u015fte &#8216;Hukuk ve Adalet&#8217; bu bo\u015flu\u011fu doldurmay\u0131 ama\u00e7l\u0131yor. Umulur ki, bu kitap ayn\u0131 konuda yaz\u0131lacak benzerleri i\u00e7in bir m\u00fc\u015fevvik olsun ve &#8216;Hukuk ve Adalet&#8217; dersinin b\u00fct\u00fcn \u00fclkede hukuk m\u00fcfredat\u0131n\u0131n standart bir par\u00e7as\u0131 haline gelmesini cesaretlendirsin. Yine \u00fcmit ederim ki, bu kitap &#8216;Hukuk ve Adalet&#8217; ili\u015fkisinin -hocas\u0131, \u00f6\u011frencisi ve uygulay\u0131c\u0131s\u0131yla- hukuk\u00e7ularla s\u0131n\u0131rl\u0131 kalmay\u0131p genel ilgi konusu haline gelmesine de katk\u0131 yaps\u0131n.- Mustafa Erdo\u011fan<\/p>\n","protected":false},"excerpt":{"rendered":"<p>Hukuk hem insano\u011flunun bar\u0131\u015f ve d\u00fczen i\u00e7inde bir toplumsal hayat s\u00fcrmesi bak\u0131m\u0131ndan, hem de evrensel adalet idealiyle zorunlu ba\u011flant\u0131s\u0131 bak\u0131m\u0131ndan vazge\u00e7ilmez \u00f6nemdedir. Ba\u015fka bir ifadeyle denebilir<span class=\"excerpt-hellip\"> [\u2026]<\/span><\/p>\n","protected":false},"featured_media":0,"template":"","meta":{"_monsterinsights_skip_tracking":false,"_monsterinsights_sitenote_active":false,"_monsterinsights_sitenote_note":"","_monsterinsights_sitenote_category":0},"product_brand":[],"product_cat":[15350,17602],"product_tag":[],"class_list":{"0":"post-765697","1":"product","2":"type-product","3":"status-publish","5":"product_cat-hukuk","6":"product_cat-hukuk-uzerine","7":"pa_cilt-ciltsiz","8":"pa_tur-kitap","9":"pa_yayinevi-hukuk-yayinlari","10":"pa_yazar-mustafa-erdogan","12":"first","13":"instock","14":"sale","15":"shipping-taxable","16":"purchasable","17":"product-type-simple"},"_links":{"self":[{"href":"https:\/\/roveyayinevi.com.tr\/index.php\/wp-json\/wp\/v2\/product\/765697","targetHints":{"allow":["GET"]}}],"collection":[{"href":"https:\/\/roveyayinevi.com.tr\/index.php\/wp-json\/wp\/v2\/product"}],"about":[{"href":"https:\/\/roveyayinevi.com.tr\/index.php\/wp-json\/wp\/v2\/types\/product"}],"wp:attachment":[{"href":"https:\/\/roveyayinevi.com.tr\/index.php\/wp-json\/wp\/v2\/media?parent=765697"}],"wp:term":[{"taxonomy":"product_brand","embeddable":true,"href":"https:\/\/roveyayinevi.com.tr\/index.php\/wp-json\/wp\/v2\/product_brand?post=765697"},{"taxonomy":"product_cat","embeddable":true,"href":"https:\/\/roveyayinevi.com.tr\/index.php\/wp-json\/wp\/v2\/product_cat?post=765697"},{"taxonomy":"product_tag","embeddable":true,"href":"https:\/\/roveyayinevi.com.tr\/index.php\/wp-json\/wp\/v2\/product_tag?post=765697"}],"curies":[{"name":"wp","href":"https:\/\/api.w.org\/{rel}","templated":true}]}}