{"id":765662,"date":"2025-08-28T11:48:15","date_gmt":"2025-08-28T08:48:15","guid":{"rendered":"https:\/\/roveyayinevi.com.tr\/index.php\/urun\/ulusal-politikanin-uluslararasilasmasi\/"},"modified":"2026-04-15T03:31:32","modified_gmt":"2026-04-15T00:31:32","slug":"ulusal-politikanin-uluslararasilasmasi","status":"publish","type":"product","link":"https:\/\/roveyayinevi.com.tr\/index.php\/urun\/ulusal-politikanin-uluslararasilasmasi\/","title":{"rendered":"Ulusal Politikan\u0131n Uluslararas\u0131la\u015fmas\u0131"},"content":{"rendered":"<p>Ya\u015fad\u0131\u011f\u0131m\u0131z d\u00f6nemde bilginin ve insanlar\u0131n serbest dola\u015f\u0131m\u0131, d\u00fcnyay\u0131 tek bir alana d\u00f6n\u00fc\u015ft\u00fcr\u00fcrken yerel, b\u00f6lgesel, ulusal ve uluslararas\u0131 olan\u0131n s\u0131n\u0131rlar\u0131n\u0131 \u00e7izmek zorla\u015fmaktad\u0131r. \u0130leti\u015fim \u00e7al\u0131\u015fmalar\u0131nda s\u0131kl\u0131kla vurguland\u0131\u011f\u0131 \u00fczere de\u011fi\u015fen ve d\u00f6n\u00fc\u015fen bir \u00e7a\u011f\u0131n gere\u011fi olarak siyasal ileti\u015fim ve uluslararas\u0131 ileti\u015fim alanlar\u0131 da co\u011frafi, siyasi ve k\u00fclt\u00fcrel s\u0131n\u0131rlar ba\u011flam\u0131nda yeniden tart\u0131\u015fmaya a\u00e7\u0131lmaktad\u0131r.Bu ba\u011flamda bir \u00fclkeye ait olarak nitelenen ulusal medya, \u00f6zellikle kamuya sa\u011flad\u0131\u011f\u0131 haberler a\u00e7\u0131s\u0131ndan merkezi bir siyasal kurum olarak siyasal bilginin \u00fcretilmesi, da\u011f\u0131t\u0131lmas\u0131 yoluyla politik k\u00fclt\u00fcr\u00fcn de\u011fi\u015fiminde en \u00f6nemli akt\u00f6rd\u00fcr. Konu halk\u0131n deneyiminden uzak uluslararas\u0131 arenada ger\u00e7ekle\u015fti\u011finde ise uluslararas\u0131 haber olarak medyan\u0131n sa\u011flad\u0131\u011f\u0131 bilgi ve yaratt\u0131\u011f\u0131 kamusal tart\u0131\u015fma alan\u0131 daha da \u00f6nem kazanmaktad\u0131r.<\/p>\n","protected":false},"excerpt":{"rendered":"<p>Ya\u015fad\u0131\u011f\u0131m\u0131z d\u00f6nemde bilginin ve insanlar\u0131n serbest dola\u015f\u0131m\u0131, d\u00fcnyay\u0131 tek bir alana d\u00f6n\u00fc\u015ft\u00fcr\u00fcrken yerel, b\u00f6lgesel, ulusal ve uluslararas\u0131 olan\u0131n s\u0131n\u0131rlar\u0131n\u0131 \u00e7izmek zorla\u015fmaktad\u0131r. \u0130leti\u015fim \u00e7al\u0131\u015fmalar\u0131nda s\u0131kl\u0131kla vurguland\u0131\u011f\u0131 \u00fczere<span class=\"excerpt-hellip\"> [\u2026]<\/span><\/p>\n","protected":false},"featured_media":0,"template":"","meta":{"_monsterinsights_skip_tracking":false,"_monsterinsights_sitenote_active":false,"_monsterinsights_sitenote_note":"","_monsterinsights_sitenote_category":0},"product_brand":[],"product_cat":[12337,17225],"product_tag":[],"class_list":{"0":"post-765662","1":"product","2":"type-product","3":"status-publish","5":"product_cat-politika-siyaset","6":"product_cat-uluslararasi-iliskiler","7":"pa_cilt-ciltsiz","8":"pa_tur-kitap","9":"pa_yayinevi-orion-kitabevi","10":"pa_yazar-huriye-toker","12":"first","13":"instock","14":"sale","15":"shipping-taxable","16":"purchasable","17":"product-type-simple"},"_links":{"self":[{"href":"https:\/\/roveyayinevi.com.tr\/index.php\/wp-json\/wp\/v2\/product\/765662","targetHints":{"allow":["GET"]}}],"collection":[{"href":"https:\/\/roveyayinevi.com.tr\/index.php\/wp-json\/wp\/v2\/product"}],"about":[{"href":"https:\/\/roveyayinevi.com.tr\/index.php\/wp-json\/wp\/v2\/types\/product"}],"wp:attachment":[{"href":"https:\/\/roveyayinevi.com.tr\/index.php\/wp-json\/wp\/v2\/media?parent=765662"}],"wp:term":[{"taxonomy":"product_brand","embeddable":true,"href":"https:\/\/roveyayinevi.com.tr\/index.php\/wp-json\/wp\/v2\/product_brand?post=765662"},{"taxonomy":"product_cat","embeddable":true,"href":"https:\/\/roveyayinevi.com.tr\/index.php\/wp-json\/wp\/v2\/product_cat?post=765662"},{"taxonomy":"product_tag","embeddable":true,"href":"https:\/\/roveyayinevi.com.tr\/index.php\/wp-json\/wp\/v2\/product_tag?post=765662"}],"curies":[{"name":"wp","href":"https:\/\/api.w.org\/{rel}","templated":true}]}}