{"id":765630,"date":"2025-08-28T11:47:34","date_gmt":"2025-08-28T08:47:34","guid":{"rendered":"https:\/\/roveyayinevi.com.tr\/index.php\/urun\/turk-cumhuriyetlerinde-ekonomik-donusum\/"},"modified":"2026-04-15T03:31:31","modified_gmt":"2026-04-15T00:31:31","slug":"turk-cumhuriyetlerinde-ekonomik-donusum","status":"publish","type":"product","link":"https:\/\/roveyayinevi.com.tr\/index.php\/urun\/turk-cumhuriyetlerinde-ekonomik-donusum\/","title":{"rendered":"T\u00fcrk Cumhuriyetleri\u2019nde Ekonomik D\u00f6n\u00fc\u015f\u00fcm"},"content":{"rendered":"<p>Geride b\u0131rakt\u0131\u011f\u0131m\u0131z y\u00fczy\u0131l boyunca, siyasi, ideolojik ve ekonomik  temelli \u00e7ok say\u0131da b\u00f6lgesel ve k\u0131tasal uluslararas\u0131 birlikteliklere \u015fahit olduk. Bunlar\u0131n \u00e7o\u011fu tarih sahnesinden silinirken b\u00fcy\u00fck bir k\u0131sm\u0131 da istenilen hedeflere ula\u015famaks\u0131z\u0131n varl\u0131klar\u0131n\u0131 s\u00fcrd\u00fcrmektedirler. Di\u011fer taraftan, Avrupa Birli\u011fi, Benelux ve NAFTA gibi \u00e7ok az say\u0131da uluslararas\u0131 birlikteli\u011fin kurulu\u015f ama\u00e7lar\u0131n\u0131 ger\u00e7ekle\u015ftirebildikleri, hedeflenen etkinlik d\u00fczeyini yakalad\u0131klar\u0131 ve varl\u0131klar\u0131n\u0131 s\u00fcrd\u00fcrebilme g\u00fcc\u00fcn\u00fc elde ettikleri g\u00f6r\u00fclmektedir. Bu ba\u015far\u0131l\u0131 \u00f6rneklerin ortak \u00f6zelli\u011fi ise \u00fcye \u00fclkeler aras\u0131nda yo\u011fun bir ekonomik eklemlenme, hatta ileri derecede bir entegrasyonun ger\u00e7ekle\u015ftirilebilmi\u015f olmas\u0131d\u0131r.1990\u2019l\u0131 y\u0131llardan bu yana T\u00fcrk d\u0131\u015f politikas\u0131n\u0131n ana hedeflerinden birisi, belki de en \u00f6nemlisi, k\u00fcresel siyasete y\u00f6n verebilecek bir \u201cT\u00fcrk Devletleri Toplulu\u011fu\u201d olu\u015fturmakt\u0131r. Bu yoldaki en \u00f6nemli a\u015famalardan birisi, ba\u011f\u0131ms\u0131z T\u00fcrk devletleri aras\u0131nda ekonomi-politik temelli birliktelik in\u015fa etmektir.Dr. Dikkaya edit\u00f6rl\u00fc\u011f\u00fcnde yaz\u0131lan T\u00fcrk Cumhuriyetlerinde Ekonomik D\u00f6n\u00fc\u015f\u00fcm ba\u015fl\u0131kl\u0131 kitap bir taraftan bu \u00fclke ekonomilerinin 30 y\u0131ll\u0131k de\u011fi\u015fimini aktar\u0131rken, bir taraftan da bu de\u011fi\u015fim s\u00fcrecinde ya\u015fanan zorluklar\u0131 ve kar\u015f\u0131la\u015f\u0131lan engelleri ortaya koymaktad\u0131r. Bu nitelikteki analizlerin T\u00fcrk devletleri aras\u0131nda kurulacak ekonomik alt yap\u0131n\u0131n in\u015fas\u0131nda, sorun \u00e7\u0131kabilecek alanlar\u0131 i\u015faret etmesi ve gelece\u011fe y\u00f6nelik \u00e7\u00f6z\u00fcmlere zemin haz\u0131rlamas\u0131 bak\u0131m\u0131ndan \u00f6nemli oldu\u011funu d\u00fc\u015f\u00fcn\u00fcyorum.T\u00fcrk Cumhuriyetleri Ekonomi Politik \u00e7al\u0131\u015fmalar\u0131nda bir \u00e7\u0131k\u0131\u015f noktas\u0131 ve nitelikli bir referans olarak kullan\u0131laca\u011f\u0131na inand\u0131\u011f\u0131m T\u00fcrk Cumhuriyetleri`nde Ekonomik D\u00f6n\u00fc\u015f\u00fcm kitab\u0131 i\u00e7in Prof. Dr. Mehmet Dikkaya ve arkada\u015flar\u0131n\u0131 kutluyor, gelece\u011fin T\u00fcrk D\u00fcnyas\u0131na yapt\u0131klar\u0131 katk\u0131lar nedeniyle hepsine ayr\u0131 ayr\u0131 te\u015fekk\u00fcr ediyorum.Ahat AndicanT\u00fcrk Cumhuriyetlerinden Sorumlu Devlet Bakan\u0131 (55. H\u00fck\u00fcmet)<\/p>\n","protected":false},"excerpt":{"rendered":"<p>Geride b\u0131rakt\u0131\u011f\u0131m\u0131z y\u00fczy\u0131l boyunca, siyasi, ideolojik ve ekonomik temelli \u00e7ok say\u0131da b\u00f6lgesel ve k\u0131tasal uluslararas\u0131 birlikteliklere \u015fahit olduk. Bunlar\u0131n \u00e7o\u011fu tarih sahnesinden silinirken b\u00fcy\u00fck bir k\u0131sm\u0131<span class=\"excerpt-hellip\"> [\u2026]<\/span><\/p>\n","protected":false},"featured_media":0,"template":"","meta":{"_monsterinsights_skip_tracking":false,"_monsterinsights_sitenote_active":false,"_monsterinsights_sitenote_note":"","_monsterinsights_sitenote_category":0},"product_brand":[],"product_cat":[13043,14144],"product_tag":[],"class_list":{"0":"post-765630","1":"product","2":"type-product","3":"status-publish","5":"product_cat-ekonomi","6":"product_cat-turkiye-ekonomisi","7":"pa_cilt-ciltsiz","8":"pa_tur-kitap","9":"pa_yayinevi-orion-kitabevi","10":"pa_yazar-mehmet-dikkaya","12":"first","13":"instock","14":"sale","15":"shipping-taxable","16":"purchasable","17":"product-type-simple"},"_links":{"self":[{"href":"https:\/\/roveyayinevi.com.tr\/index.php\/wp-json\/wp\/v2\/product\/765630","targetHints":{"allow":["GET"]}}],"collection":[{"href":"https:\/\/roveyayinevi.com.tr\/index.php\/wp-json\/wp\/v2\/product"}],"about":[{"href":"https:\/\/roveyayinevi.com.tr\/index.php\/wp-json\/wp\/v2\/types\/product"}],"wp:attachment":[{"href":"https:\/\/roveyayinevi.com.tr\/index.php\/wp-json\/wp\/v2\/media?parent=765630"}],"wp:term":[{"taxonomy":"product_brand","embeddable":true,"href":"https:\/\/roveyayinevi.com.tr\/index.php\/wp-json\/wp\/v2\/product_brand?post=765630"},{"taxonomy":"product_cat","embeddable":true,"href":"https:\/\/roveyayinevi.com.tr\/index.php\/wp-json\/wp\/v2\/product_cat?post=765630"},{"taxonomy":"product_tag","embeddable":true,"href":"https:\/\/roveyayinevi.com.tr\/index.php\/wp-json\/wp\/v2\/product_tag?post=765630"}],"curies":[{"name":"wp","href":"https:\/\/api.w.org\/{rel}","templated":true}]}}